{"id":21626,"date":"2024-01-10T10:24:34","date_gmt":"2024-01-10T14:24:34","guid":{"rendered":"https:\/\/shannex.com\/foyers-de-soins-sans-murs\/"},"modified":"2026-02-27T15:37:37","modified_gmt":"2026-02-27T19:37:37","slug":"foyers-de-soins-sans-murs","status":"publish","type":"page","link":"https:\/\/shannex.com\/fr\/la-difference-shannex\/foyers-de-soins-sans-murs\/","title":{"rendered":"Foyers de soins sans murs"},"content":{"rendered":"\n<div class=\"banner__basic\">\n\n    <div class=\"banner__basic__title\">\n        <div>\n        \n\n<h2 class=\"wp-block-heading\" id=\"volunteering-at-shannex\"><strong>Foyers de soins sans murs<\/strong><\/h2>\n\n        <\/div>\n    <\/div>\n    \n    <div class=\"banner__basic__image\">\n    <img decoding=\"async\" width=\"2405\" height=\"534\" src=\"https:\/\/shannex.com\/wp-content\/uploads\/2024\/01\/Shannex-web-banner.png\" class=\"banner-image\" alt=\"\" sizes=\"100vw\" srcset=\"https:\/\/shannex.com\/wp-content\/uploads\/2024\/01\/Shannex-web-banner.png 2405w, https:\/\/shannex.com\/wp-content\/uploads\/2024\/01\/Shannex-web-banner-300x67.png 300w, https:\/\/shannex.com\/wp-content\/uploads\/2024\/01\/Shannex-web-banner-1024x227.png 1024w, https:\/\/shannex.com\/wp-content\/uploads\/2024\/01\/Shannex-web-banner-768x171.png 768w, https:\/\/shannex.com\/wp-content\/uploads\/2024\/01\/Shannex-web-banner-1536x341.png 1536w, https:\/\/shannex.com\/wp-content\/uploads\/2024\/01\/Shannex-web-banner-2048x455.png 2048w\" \/>    <\/div>\n<\/div>\n\n\n<div style=\"height:35px\" aria-hidden=\"true\" class=\"wp-block-spacer\"><\/div>\n\n\n\n<div class=\"wp-block-buttons alignwide is-content-justification-center is-layout-flex wp-container-core-buttons-is-layout-a89b3969 wp-block-buttons-is-layout-flex\">\n<div class=\"wp-block-button is-style-jumplink\"><a class=\"wp-block-button__link wp-element-button\" href=\"#support-services\">SOUTIEN ET SERVICES<\/a><\/div>\n\n\n\n<div class=\"wp-block-button is-style-jumplink\"><a class=\"wp-block-button__link wp-element-button\" href=\"#community-leadership\">LEADERSHIP COMMUNAUTAIRE<\/a><\/div>\n\n\n\n<div class=\"wp-block-button is-style-jumplink\"><a class=\"wp-block-button__link wp-element-button\" href=\"#contact\">PERSONNES RESSOURCES<\/a><\/div>\n\n\n\n<div class=\"wp-block-button is-style-jumplink\"><a class=\"wp-block-button__link wp-element-button\" href=\"#ressources\">ressources<\/a><\/div>\n<\/div>\n\n\n\n<div style=\"height:35px\" aria-hidden=\"true\" class=\"wp-block-spacer\"><\/div>\n\n\n\n<div class=\"wp-block-group has-lighter-grey-background-color has-background is-layout-flow wp-block-group-is-layout-flow\">\n<div class=\"wp-block-columns is-layout-flex wp-container-core-columns-is-layout-28f84493 wp-block-columns-is-layout-flex\">\n<div class=\"wp-block-column is-vertically-aligned-center is-layout-flow wp-block-column-is-layout-flow\">\n<figure class=\"wp-block-image size-full is-resized\"><img decoding=\"async\" width=\"815\" height=\"201\" src=\"https:\/\/shannex.com\/wp-content\/uploads\/2025\/10\/NHWW_shannex_FR.png\" alt=\"\" class=\"wp-image-31848\" style=\"width:362px\" srcset=\"https:\/\/shannex.com\/wp-content\/uploads\/2025\/10\/NHWW_shannex_FR.png 815w, https:\/\/shannex.com\/wp-content\/uploads\/2025\/10\/NHWW_shannex_FR-300x74.png 300w, https:\/\/shannex.com\/wp-content\/uploads\/2025\/10\/NHWW_shannex_FR-768x189.png 768w\" sizes=\"(max-width: 815px) 100vw, 815px\" \/><\/figure>\n\n\n\n<h2 class=\"wp-block-heading\"><strong>Aider les personnes \u00e2g\u00e9es \u00e0 vieillir chez elles<\/strong>&nbsp;<\/h2>\n\n\n\n<p>Shannex est heureuse de faire partie de l\u2019initiative Foyers de soins sans murs. Offrant du soutien et des services aux personnes \u00e2g\u00e9es dans la communaut\u00e9, le programme Foyers de soins sans murs est une collaboration entre le D\u00e9veloppement social, l\u2019Universit\u00e9 de Moncton et Excellence en soins de sant\u00e9 Canada. <\/p>\n\n\n\n<p>Le programme a \u00e9t\u00e9 cr\u00e9\u00e9 en 2019 par Suzanne Dupuis-Blanchard, chercheuse \u00e0 l\u2019Universit\u00e9 de Moncton. L\u2019objectif global du programme est de promouvoir le vieillissement en sant\u00e9 \u00e0 domicile en s\u2019assurant que les personnes \u00e2g\u00e9es et leurs aidants naturels vivant au Nouveau-Brunswick peuvent acc\u00e9der aux connaissances, au soutien et aux services appropri\u00e9s.<\/p>\n<\/div>\n\n\n\n<div class=\"wp-block-column is-layout-flow wp-block-column-is-layout-flow\">\n<figure class=\"wp-block-image size-large\"><img decoding=\"async\" width=\"1024\" height=\"683\" src=\"https:\/\/shannex.com\/wp-content\/uploads\/2024\/01\/M7A8134-1024x683.jpg\" alt=\"\" class=\"wp-image-21584\" srcset=\"https:\/\/shannex.com\/wp-content\/uploads\/2024\/01\/M7A8134-1024x683.jpg 1024w, https:\/\/shannex.com\/wp-content\/uploads\/2024\/01\/M7A8134-300x200.jpg 300w, https:\/\/shannex.com\/wp-content\/uploads\/2024\/01\/M7A8134-768x512.jpg 768w, https:\/\/shannex.com\/wp-content\/uploads\/2024\/01\/M7A8134-1536x1025.jpg 1536w, https:\/\/shannex.com\/wp-content\/uploads\/2024\/01\/M7A8134.jpg 1709w\" sizes=\"(max-width: 1024px) 100vw, 1024px\" \/><\/figure>\n<\/div>\n<\/div>\n<\/div>\n\n\n\n<div style=\"height:50px\" aria-hidden=\"true\" class=\"wp-block-spacer\"><\/div>\n\n\n\n<div id=\"support-services\" class=\"wp-block-group has-white-background-color has-background is-layout-flow wp-block-group-is-layout-flow\">\n<div class=\"wp-block-group is-layout-flow wp-block-group-is-layout-flow\">\n<div class=\"wp-block-columns is-layout-flex wp-container-core-columns-is-layout-28f84493 wp-block-columns-is-layout-flex\">\n<div class=\"wp-block-column is-vertically-aligned-center is-layout-flow wp-block-column-is-layout-flow\">\n<figure class=\"wp-block-image size-large\"><img decoding=\"async\" width=\"1024\" height=\"683\" src=\"https:\/\/shannex.com\/wp-content\/uploads\/2024\/01\/M7A8202-1024x683.jpg\" alt=\"\" class=\"wp-image-21592\" srcset=\"https:\/\/shannex.com\/wp-content\/uploads\/2024\/01\/M7A8202-1024x683.jpg 1024w, https:\/\/shannex.com\/wp-content\/uploads\/2024\/01\/M7A8202-300x200.jpg 300w, https:\/\/shannex.com\/wp-content\/uploads\/2024\/01\/M7A8202-768x512.jpg 768w, https:\/\/shannex.com\/wp-content\/uploads\/2024\/01\/M7A8202-1536x1025.jpg 1536w, https:\/\/shannex.com\/wp-content\/uploads\/2024\/01\/M7A8202.jpg 1709w\" sizes=\"(max-width: 1024px) 100vw, 1024px\" \/><\/figure>\n<\/div>\n\n\n\n<div class=\"wp-block-column is-vertically-aligned-center is-layout-flow wp-block-column-is-layout-flow\">\n<h2 class=\"wp-block-heading\" id=\"committed-to-compassionate-care\">Soutien et services<\/h2>\n\n\n\n<p>L\u2019initiative Foyers de soins sans murs offre un soutien et des services aux personnes \u00e2g\u00e9es dans la communaut\u00e9 afin d\u2019am\u00e9liorer la qualit\u00e9 de vie des personnes \u00e2g\u00e9es vivant \u00e0 domicile.<\/p>\n\n\n\n<ul class=\"wp-block-list\">\n<li>Veiller \u00e0 ce que les personnes \u00e2g\u00e9es et leurs familles aient acc\u00e8s \u00e0 des services et \u00e0 des informations appropri\u00e9es concernant le vieillissement sur place. <\/li>\n\n\n\n<li>Proposer des initiatives de sant\u00e9 sociale pour lutter contre l\u2019isolement social et la solitude des personnes \u00e2g\u00e9es et de leurs aidants. <\/li>\n\n\n\n<li>Am\u00e9liorer les connaissances des personnes \u00e2g\u00e9es et de leurs aidants sur les questions de sant\u00e9 importantes pour le vieillissement sur place et en bonne sant\u00e9. <\/li>\n\n\n\n<li>Donner \u00e0 la communaut\u00e9 locale les moyens de r\u00e9pondre aux besoins d\u2019une population vieillissante.<\/li>\n<\/ul>\n<\/div>\n<\/div>\n<\/div>\n<\/div>\n\n\n\n<div style=\"height:50px\" aria-hidden=\"true\" class=\"wp-block-spacer\"><\/div>\n\n\n\n<div id=\"community-leadership\" class=\"wp-block-group has-lighter-grey-background-color has-background is-layout-flow wp-block-group-is-layout-flow\">\n<div id=\"community-leadership\" class=\"wp-block-group has-lighter-grey-background-color has-background is-layout-flow wp-block-group-is-layout-flow\">\n<div class=\"wp-block-columns is-layout-flex wp-container-core-columns-is-layout-28f84493 wp-block-columns-is-layout-flex\">\n<div class=\"wp-block-column is-vertically-aligned-center is-layout-flow wp-block-column-is-layout-flow\">\n<h2 class=\"wp-block-heading\">Leadership communautaire<\/h2>\n\n\n\n<p>Nous nous engageons \u00e0 cr\u00e9er des liens significatifs avec les personnes \u00e2g\u00e9es de la communaut\u00e9 et nous sommes fiers de nous associer \u00e0 des personnes partageant les m\u00eames id\u00e9es et dont le travail contribue au bien-\u00eatre des personnes \u00e2g\u00e9es.<\/p>\n\n\n\n<p>Nous appr\u00e9cions \u00e9galement l\u2019opportunit\u00e9 d\u2019accueillir des personnes \u00e2g\u00e9es de la communaut\u00e9 dans nos foyers de soins o\u00f9 elles auront l\u2019occasion de rencontrer d\u2019autres personnes \u00e2g\u00e9es et de participer \u00e0 des activit\u00e9s. <\/p>\n<\/div>\n\n\n\n<div class=\"wp-block-column is-vertically-aligned-center is-layout-flow wp-block-column-is-layout-flow\">\n<figure class=\"wp-block-image size-large\"><img decoding=\"async\" width=\"1024\" height=\"684\" src=\"https:\/\/shannex.com\/wp-content\/uploads\/2022\/07\/ResidentVoices-1024x684.jpg\" alt=\"\" class=\"wp-image-8963\" srcset=\"https:\/\/shannex.com\/wp-content\/uploads\/2022\/07\/ResidentVoices-1024x684.jpg 1024w, https:\/\/shannex.com\/wp-content\/uploads\/2022\/07\/ResidentVoices-300x200.jpg 300w, https:\/\/shannex.com\/wp-content\/uploads\/2022\/07\/ResidentVoices-768x513.jpg 768w, https:\/\/shannex.com\/wp-content\/uploads\/2022\/07\/ResidentVoices.jpg 1126w\" sizes=\"(max-width: 1024px) 100vw, 1024px\" \/><\/figure>\n<\/div>\n<\/div>\n<\/div>\n<\/div>\n\n\n\n<div style=\"height:50px\" aria-hidden=\"true\" class=\"wp-block-spacer\"><\/div>\n\n\n\n<div class=\"wp-block-columns is-layout-flex wp-container-core-columns-is-layout-28f84493 wp-block-columns-is-layout-flex\">\n<div class=\"wp-block-column is-layout-flow wp-block-column-is-layout-flow\">\n<div class=\"wp-block-columns is-layout-flex wp-container-core-columns-is-layout-28f84493 wp-block-columns-is-layout-flex\">\n<div class=\"wp-block-column is-vertically-aligned-center is-layout-flow wp-block-column-is-layout-flow\">\n<div class=\"wp-block-group is-content-justification-center is-nowrap is-layout-flex wp-container-core-group-is-layout-23441af8 wp-block-group-is-layout-flex\"><div class=\"container\">\n    <div class=\"row\">    \n                    <div class=\"col-xs-6 col-md-3\">\n                <div class=\"team-member\">\n                                        <div class=\"team-member__image\">\n                        <img decoding=\"async\" srcset=\"https:\/\/shannex.com\/wp-content\/uploads\/2024\/01\/Tammy-Malley.jpeg 1024w, https:\/\/shannex.com\/wp-content\/uploads\/2024\/01\/Tammy-Malley-300x225.jpeg 300w, https:\/\/shannex.com\/wp-content\/uploads\/2024\/01\/Tammy-Malley-768x576.jpeg 768w\"\n                            src=\"\"\n                            sizes=\"100vw\"\n                            alt=\"\"\n                            class=\"\" \n                        >\n                    <\/div>\n                    <div class=\"team-member__info\">\n                        <p><strong>Tammy Malley, Miramichi<\/strong><br\/>\n                        Navigatrice aupr\u00e8s des a\u00een\u00e9s, R\u00e9gion Miramichi<\/p>\n                                                    <a data-open=\"team-member-bio-1\"><h6>Read bio <span class=\"sr-only\">for Tammy Malley, Miramichi<\/span> <i class=\"fas fa-plus\"><\/i><\/h6><\/a>\n                                            <\/div>\n                                            <div id=\"team-member-bio-1\" class=\"shmodal-wrap\">\n                            <div class=\"shmodal\">\n                                <button class=\"close-modal\" aria-label=\"close modal\" data-close><i class=\"fas fa-times\"><\/i><\/button>\n                                <div class=\"shmodal__content\">\n                                    <h2>Tammy Malley, Miramichi<\/h2>\n                                    <p>Faites la connaissance de Tammy Malley, une navigatrice d\u00e9vou\u00e9e qui s\u2019engage \u00e0 faire en sorte que les personnes \u00e2g\u00e9es puissent vieillir chez elles dans la s\u00e9curit\u00e9 et le bonheur gr\u00e2ce \u00e0 l\u2019initiative Foyer de soins sans murs. Titulaire d\u2019un baccalaur\u00e9at en sant\u00e9 communautaire de l\u2019Universit\u00e9 Brock, Tammy apporte \u00e0 son r\u00f4le une grande richesse de connaissances et d\u2019expertise.<\/p>\n<p>En sa qualit\u00e9 de navigatrice pour a\u00een\u00e9s, Tammy met les personnes \u00e2g\u00e9es en contact avec les services essentiels et les guide \u00e0 travers les complexit\u00e9s du syst\u00e8me de soins de sant\u00e9 et de services sociaux. Son approche compatissante et sa compr\u00e9hension font d\u2019elle une ressource inestimable pour les personnes \u00e2g\u00e9es qui ont besoin d\u2019aide pour relever leurs d\u00e9fis particuliers.<\/p>\n<p>Tammy dirige l\u2019\u00e9quipe de Foyer de soins sans murs \u00e0 Miramichi (N.-B.), assurant un effort coordonn\u00e9 pour fournir des soins et un soutien holistiques aux personnes \u00e2g\u00e9es \u00e0 domicile.<\/p>\n<p>Pour Tammy, l\u2019initiative Foyer de soins sans murs n\u2019est pas seulement un travail; c\u2019est un engagement passionn\u00e9 visant \u00e0 am\u00e9liorer la qualit\u00e9 de vie des personnes \u00e2g\u00e9es et \u00e0 promouvoir un sentiment de connexion au sein de la communaut\u00e9.<\/p>\n\n                                <\/div>\n                            <\/div>\n                        <\/div>\n                                    <\/div>\n            <\/div>\n                    <div class=\"col-xs-6 col-md-3\">\n                <div class=\"team-member\">\n                                        <div class=\"team-member__image\">\n                        <img decoding=\"async\" srcset=\"https:\/\/shannex.com\/wp-content\/uploads\/2024\/01\/Brena-Foster-scaled.jpg 2560w, https:\/\/shannex.com\/wp-content\/uploads\/2024\/01\/Brena-Foster-300x178.jpg 300w, https:\/\/shannex.com\/wp-content\/uploads\/2024\/01\/Brena-Foster-1024x608.jpg 1024w, https:\/\/shannex.com\/wp-content\/uploads\/2024\/01\/Brena-Foster-768x456.jpg 768w, https:\/\/shannex.com\/wp-content\/uploads\/2024\/01\/Brena-Foster-1536x913.jpg 1536w, https:\/\/shannex.com\/wp-content\/uploads\/2024\/01\/Brena-Foster-2048x1217.jpg 2048w\"\n                            src=\"\"\n                            sizes=\"100vw\"\n                            alt=\"\"\n                            class=\"\" \n                        >\n                    <\/div>\n                    <div class=\"team-member__info\">\n                        <p><strong>Brenda Foster<\/strong><br\/>\n                        Navigatrice aupr\u00e8s des a\u00een\u00e9s, R\u00e9gion Saint John<\/p>\n                                                    <a data-open=\"team-member-bio-2\"><h6>Read bio <span class=\"sr-only\">for Brenda Foster<\/span> <i class=\"fas fa-plus\"><\/i><\/h6><\/a>\n                                            <\/div>\n                                            <div id=\"team-member-bio-2\" class=\"shmodal-wrap\">\n                            <div class=\"shmodal\">\n                                <button class=\"close-modal\" aria-label=\"close modal\" data-close><i class=\"fas fa-times\"><\/i><\/button>\n                                <div class=\"shmodal__content\">\n                                    <h2>Brenda Foster<\/h2>\n                                    <p>Voici Brenda Foster, une navigatrice pour a\u00een\u00e9s qui se consacre \u00e0 servir les a\u00een\u00e9s de la r\u00e9gion du Grand Saint John, au Nouveau-Brunswick, y compris Grand Bay &#8211; Westfield, Quispamsis et Rothesay. Passionn\u00e9e par le soutien aux personnes \u00e2g\u00e9es et \u00e0 leurs familles, Brenda a pour principal objectif de mettre les personnes \u00e2g\u00e9es en contact avec les services essentiels qui leur permettent de vieillir confortablement \u00e0 la maison. Elle est convaincue que l\u2019\u00e9tablissement de liens avec les communaut\u00e9s et les ressources est essentiel pour la sant\u00e9 mentale et le bien-\u00eatre des personnes \u00e2g\u00e9es.<\/p>\n<p>Brenda a suivi une formation dans le domaine des services \u00e0 la personne et de la sant\u00e9 holistique, ce qui lui permet d\u2019adopter une approche holistique pour r\u00e9pondre aux besoins particuliers des personnes \u00e2g\u00e9es. Elle poss\u00e8de \u00e9galement une exp\u00e9rience pr\u00e9cieuse en mati\u00e8re de sant\u00e9 mentale, de toxicomanie, de logement et de violence domestique. Elle est ravie de mettre ses connaissances et son expertise au service du programme Foyer de soins sans murs.<\/p>\n<p>En tant que navigatrice principale, Brenda collabore avec Embassy Hall, Tucker Hall, Cohen Hall et la communaut\u00e9 du Grand Saint John, s\u2019effor\u00e7ant d\u2019avoir un impact positif et de faire une vraie diff\u00e9rence dans la vie des personnes \u00e2g\u00e9es.<\/p>\n\n                                <\/div>\n                            <\/div>\n                        <\/div>\n                                    <\/div>\n            <\/div>\n                    <div class=\"col-xs-6 col-md-3\">\n                <div class=\"team-member\">\n                                        <div class=\"team-member__image\">\n                        <img decoding=\"async\" srcset=\"\"\n                            src=\"\"\n                            sizes=\"100vw\"\n                            alt=\"Rebecca\"\n                            class=\"\" \n                        >\n                    <\/div>\n                    <div class=\"team-member__info\">\n                        <p><strong>Rebecca LaForest<\/strong><br\/>\n                        Navigatrice aupr\u00e8s des a\u00een\u00e9s, R\u00e9gion Moncton<\/p>\n                                                    <a data-open=\"team-member-bio-3\"><h6>Read bio <span class=\"sr-only\">for Rebecca LaForest<\/span> <i class=\"fas fa-plus\"><\/i><\/h6><\/a>\n                                            <\/div>\n                                            <div id=\"team-member-bio-3\" class=\"shmodal-wrap\">\n                            <div class=\"shmodal\">\n                                <button class=\"close-modal\" aria-label=\"close modal\" data-close><i class=\"fas fa-times\"><\/i><\/button>\n                                <div class=\"shmodal__content\">\n                                    <h2>Rebecca LaForest<\/h2>\n                                    <p>Rebecca Laforest, navigatrice d\u00e9vou\u00e9e aupr\u00e8s des a\u00een\u00e9s de la r\u00e9gion du Grand Moncton, s&#8217;est engag\u00e9e \u00e0 am\u00e9liorer la vie des a\u00een\u00e9s en leur permettant de vivre de fa\u00e7on autonome \u00e0 la maison le plus longtemps possible. Forte d&#8217;une vaste exp\u00e9rience dans le domaine des soins aux a\u00een\u00e9s, Rebecca dirige le programme \u00ab Foyers de soins sans mur \u00bb \u00e0 Moncton. Celui-ci offre un soutien personnalis\u00e9 et de la compagnie pour lutter contre l&#8217;isolement social. Depuis ses d\u00e9buts en tant que pr\u00e9pos\u00e9e aux services de soutien \u00e0 la personne jusqu&#8217;\u00e0 son r\u00f4le de coordonnatrice des loisirs, qui favorise l&#8217;\u00e9tablissement d&#8217;une communaut\u00e9 parmi les personnes \u00e2g\u00e9es, le leadership de Rebecca brille par son empathie et son approche novatrice envers les soins aux personnes \u00e2g\u00e9es, offrant une lueur d&#8217;espoir tant aux personnes \u00e2g\u00e9es qu&#8217;\u00e0 leurs aidants.<\/p>\n\n                                <\/div>\n                            <\/div>\n                        <\/div>\n                                    <\/div>\n            <\/div>\n                    <div class=\"col-xs-6 col-md-3\">\n                <div class=\"team-member\">\n                                        <div class=\"team-member__image\">\n                        <img decoding=\"async\" srcset=\"\"\n                            src=\"\"\n                            sizes=\"100vw\"\n                            alt=\"Ashley Erb\"\n                            class=\"\" \n                        >\n                    <\/div>\n                    <div class=\"team-member__info\">\n                        <p><strong>Ashley Erb<\/strong><br\/>\n                        Navigatrice aupr\u00e8s des a\u00een\u00e9s, R\u00e9gion Fredericton<\/p>\n                                                    <a data-open=\"team-member-bio-4\"><h6>Read bio <span class=\"sr-only\">for Ashley Erb<\/span> <i class=\"fas fa-plus\"><\/i><\/h6><\/a>\n                                            <\/div>\n                                            <div id=\"team-member-bio-4\" class=\"shmodal-wrap\">\n                            <div class=\"shmodal\">\n                                <button class=\"close-modal\" aria-label=\"close modal\" data-close><i class=\"fas fa-times\"><\/i><\/button>\n                                <div class=\"shmodal__content\">\n                                    <h2>Ashley Erb<\/h2>\n                                    <p><span lang=\"fr-CA\" data-olk-copy-source=\"MessageBody\">Ashley Erb travaille comme navigatrice aupr\u00e8s des a\u00een\u00e9s \u00e0 Fredericton, o\u00f9 elle aide et d\u00e9fend les int\u00e9r\u00eats des personnes \u00e2g\u00e9es et de leurs familles. Avec une formation interdisciplinaire en psychologie et en g\u00e9rontologie, Ashley comprend l&#8217;importance de liens significatifs pour le bien-\u00eatre d\u2019une personne et apporte \u00e0 son travail une approche r\u00e9fl\u00e9chie et centr\u00e9e sur la personne.<\/span><\/p>\n<p><span lang=\"fr-CA\">Auparavant, Ashley a travaill\u00e9 avec une \u00e9quipe de chercheurs pour cr\u00e9er le guide\u00a0<i>Vieillir au Nouveau-Brunswick<\/i>, un outil de base dans la province pour naviguer dans les syst\u00e8mes sociaux et de soins de sant\u00e9 pour les personnes \u00e2g\u00e9es et les aidants naturels. Ashley apporte une richesse de connaissances dans la navigation dans des syst\u00e8mes complexes et est \u00e9quip\u00e9e d\u2019outils et de ressources pour pouvoir aider.<\/span><\/p>\n<p><span lang=\"fr-CA\">Ashley dirige l\u2019\u00e9quipe de FSSM Shannex \u00e0 Fredericton et cherche \u00e0 tirer parti de la communaut\u00e9 locale autant que possible pour assurer des services et des soins de qualit\u00e9 \u00e0 ceux qu\u2019elle supporte.<\/span><\/p>\n\n                                <\/div>\n                            <\/div>\n                        <\/div>\n                                    <\/div>\n            <\/div>\n                    <div class=\"col-xs-6 col-md-3\">\n                <div class=\"team-member\">\n                                        <div class=\"team-member__image\">\n                        <img decoding=\"async\" srcset=\"https:\/\/shannex.com\/wp-content\/uploads\/2025\/09\/1000000021.jpg 600w, https:\/\/shannex.com\/wp-content\/uploads\/2025\/09\/1000000021-225x300.jpg 225w\"\n                            src=\"\"\n                            sizes=\"100vw\"\n                            alt=\"\"\n                            class=\"\" \n                        >\n                    <\/div>\n                    <div class=\"team-member__info\">\n                        <p><strong>Chelsie Gautreau<\/strong><br\/>\n                        Navigatrice aupr\u00e8s des a\u00een\u00e9s, R\u00e9gion Moncton<\/p>\n                                                    <a data-open=\"team-member-bio-5\"><h6>Read bio <span class=\"sr-only\">for Chelsie Gautreau<\/span> <i class=\"fas fa-plus\"><\/i><\/h6><\/a>\n                                            <\/div>\n                                            <div id=\"team-member-bio-5\" class=\"shmodal-wrap\">\n                            <div class=\"shmodal\">\n                                <button class=\"close-modal\" aria-label=\"close modal\" data-close><i class=\"fas fa-times\"><\/i><\/button>\n                                <div class=\"shmodal__content\">\n                                    <h2>Chelsie Gautreau<\/h2>\n                                    <p>Chelsie Gautreau, navigatrice pour les personnes \u00e2g\u00e9es, est au service de la communaut\u00e9 francophone de la r\u00e9gion du Grand Moncton. Titulaire d&#8217;un baccalaur\u00e9at en sciences m\u00e9dicales et d&#8217;un certificat en sciences humaines m\u00e9dicales de l&#8217;Universit\u00e9 Dalhousie, elle s&#8217;est d\u00e9couvert une passion pour l&#8217;utilisation des ressources communautaires et l&#8217;engagement afin de favoriser l&#8217;innovation, l&#8217;\u00e9quit\u00e9 et l&#8217;accessibilit\u00e9 dans le domaine des soins de sant\u00e9.<\/p>\n<p>Dans son r\u00f4le de navigatrice pour les a\u00een\u00e9s, elle veille \u00e0 ce que tout le travail soit centr\u00e9 sur les clients et leurs familles. Les clients connaissent mieux que quiconque leurs besoins, et elle est l\u00e0 pour les \u00e9couter, les d\u00e9fendre et les soutenir tout au long de leur parcours unique. Elle s&#8217;engage \u00e0 fournir un soutien centr\u00e9 sur la personne afin de garantir que les personnes \u00e2g\u00e9es puissent vieillir confortablement et en toute s\u00e9curit\u00e9 chez elles, tout en s&#8217;effor\u00e7ant de valoriser et d&#8217;honorer les contributions significatives qu&#8217;elles ont apport\u00e9es \u00e0 la communaut\u00e9 tout au long de leur vie.<\/p>\n\n                                <\/div>\n                            <\/div>\n                        <\/div>\n                                    <\/div>\n            <\/div>\n                    <div class=\"col-xs-6 col-md-3\">\n                <div class=\"team-member\">\n                                        <div class=\"team-member__image\">\n                        <img decoding=\"async\" srcset=\"https:\/\/shannex.com\/wp-content\/uploads\/2024\/01\/Kalecia-Young.jpeg 1024w, https:\/\/shannex.com\/wp-content\/uploads\/2024\/01\/Kalecia-Young-300x225.jpeg 300w, https:\/\/shannex.com\/wp-content\/uploads\/2024\/01\/Kalecia-Young-768x576.jpeg 768w\"\n                            src=\"\"\n                            sizes=\"100vw\"\n                            alt=\"\"\n                            class=\"\" \n                        >\n                    <\/div>\n                    <div class=\"team-member__info\">\n                        <p><strong>Kalecia Young, Miramichi<\/strong><br\/>\n                        Coordonnatrice du mieux-\u00eatre des a\u00een\u00e9s, R\u00e9gion Miramichi<\/p>\n                                                    <a data-open=\"team-member-bio-6\"><h6>Read bio <span class=\"sr-only\">for Kalecia Young, Miramichi<\/span> <i class=\"fas fa-plus\"><\/i><\/h6><\/a>\n                                            <\/div>\n                                            <div id=\"team-member-bio-6\" class=\"shmodal-wrap\">\n                            <div class=\"shmodal\">\n                                <button class=\"close-modal\" aria-label=\"close modal\" data-close><i class=\"fas fa-times\"><\/i><\/button>\n                                <div class=\"shmodal__content\">\n                                    <h2>Kalecia Young, Miramichi<\/h2>\n                                    <p>Voici Kalecia Young, une coordonnatrice du mieux-\u00eatre des a\u00een\u00e9s qui se consacre \u00e0 fournir un soutien crucial au programme de l\u2019initiative Foyer de soins sans murs \u00e0 Miramichi (N.-B.). Dans son r\u00f4le, Kalecia rend visite aux personnes \u00e2g\u00e9es isol\u00e9es, supervise les \u00e9v\u00e9nements, sert de point de contact fiable pour les personnes \u00e2g\u00e9es participant \u00e0 des activit\u00e9s et offre une interaction sociale essentielle aux personnes \u00e2g\u00e9es de Foyer de soins sans murs.<\/p>\n<p>La capacit\u00e9 de Kalecia \u00e0 \u00e9tablir des liens avec les gens et \u00e0 garantir une exp\u00e9rience positive est un atout pour les personnes \u00e2g\u00e9es qu\u2019elle aide. Kalecia est titulaire d\u2019un dipl\u00f4me en soins \u00e0 l\u2019enfance et \u00e0 la jeunesse du New Brunswick Community College, ce qui t\u00e9moigne de son engagement \u00e0 comprendre les besoins uniques de divers groupes d\u2019\u00e2ge. En outre, elle poss\u00e8de un certificat en charpenterie, ce qui t\u00e9moigne de la polyvalence de ses comp\u00e9tences.<\/p>\n<p>Les multiples facettes de l\u2019exp\u00e9rience de Kalecia et sa v\u00e9ritable passion pour le bien-\u00eatre des personnes \u00e2g\u00e9es font d\u2019elle un membre inestimable de l\u2019\u00e9quipe de Foyer de soins sans murs.<\/p>\n\n                                <\/div>\n                            <\/div>\n                        <\/div>\n                                    <\/div>\n            <\/div>\n                    <div class=\"col-xs-6 col-md-3\">\n                <div class=\"team-member\">\n                                        <div class=\"team-member__image\">\n                        <img decoding=\"async\" srcset=\"https:\/\/shannex.com\/wp-content\/uploads\/2024\/09\/Picture.jpg 1542w, https:\/\/shannex.com\/wp-content\/uploads\/2024\/09\/Picture-200x300.jpg 200w, https:\/\/shannex.com\/wp-content\/uploads\/2024\/09\/Picture-683x1024.jpg 683w, https:\/\/shannex.com\/wp-content\/uploads\/2024\/09\/Picture-768x1152.jpg 768w, https:\/\/shannex.com\/wp-content\/uploads\/2024\/09\/Picture-1024x1536.jpg 1024w, https:\/\/shannex.com\/wp-content\/uploads\/2024\/09\/Picture-1365x2048.jpg 1365w\"\n                            src=\"\"\n                            sizes=\"100vw\"\n                            alt=\"Jocelyn Vasseur, Administrative Support - Nursing Home Without Walls\"\n                            class=\"\" \n                        >\n                    <\/div>\n                    <div class=\"team-member__info\">\n                        <p><strong>Jocelyn Vasseur<\/strong><br\/>\n                        Adjointe administrative, R\u00e9gion Moncton<\/p>\n                                                    <a data-open=\"team-member-bio-7\"><h6>Read bio <span class=\"sr-only\">for Jocelyn Vasseur<\/span> <i class=\"fas fa-plus\"><\/i><\/h6><\/a>\n                                            <\/div>\n                                            <div id=\"team-member-bio-7\" class=\"shmodal-wrap\">\n                            <div class=\"shmodal\">\n                                <button class=\"close-modal\" aria-label=\"close modal\" data-close><i class=\"fas fa-times\"><\/i><\/button>\n                                <div class=\"shmodal__content\">\n                                    <h2>Jocelyn Vasseur<\/h2>\n                                    <p><span data-contrast=\"auto\">Voici Jocelyn Vasseur qui offre un soutien administratif pour la r\u00e9gion du Grand Moncton. L&#8217;empathie et l&#8217;approche douce de Jocelyn lui permettent d&#8217;\u00e9tablir des liens afin d&#8217;offrir le meilleur soutien possible aux a\u00een\u00e9s. Elle est au service de la communaut\u00e9 en tant qu&#8217;adjointe administrative dans des cliniques m\u00e9dicales depuis plusieurs ann\u00e9es.<\/span><\/p>\n<p><span data-contrast=\"auto\">Outre sa passion pour les soins de sant\u00e9, Jocelyn poss\u00e8de plus de 20 ans d&#8217;exp\u00e9rience en mati\u00e8re de service \u00e0 la client\u00e8le et de gestion de bureau. Elle est titulaire d&#8217;un dipl\u00f4me en administration de bureau m\u00e9dical et en administration de la paie et de la comptabilit\u00e9.<\/span><\/p>\n\n                                <\/div>\n                            <\/div>\n                        <\/div>\n                                    <\/div>\n            <\/div>\n                    <div class=\"col-xs-6 col-md-3\">\n                <div class=\"team-member\">\n                                        <div class=\"team-member__image\">\n                        <img decoding=\"async\" srcset=\"https:\/\/shannex.com\/wp-content\/uploads\/2024\/09\/JL-photo-scaled.jpg 1722w, https:\/\/shannex.com\/wp-content\/uploads\/2024\/09\/JL-photo-202x300.jpg 202w, https:\/\/shannex.com\/wp-content\/uploads\/2024\/09\/JL-photo-689x1024.jpg 689w, https:\/\/shannex.com\/wp-content\/uploads\/2024\/09\/JL-photo-768x1142.jpg 768w, https:\/\/shannex.com\/wp-content\/uploads\/2024\/09\/JL-photo-1033x1536.jpg 1033w, https:\/\/shannex.com\/wp-content\/uploads\/2024\/09\/JL-photo-1378x2048.jpg 1378w\"\n                            src=\"\"\n                            sizes=\"100vw\"\n                            alt=\"Jena-Leigh Buchanan\"\n                            class=\"\" \n                        >\n                    <\/div>\n                    <div class=\"team-member__info\">\n                        <p><strong>Jena-Leigh Buchanan<\/strong><br\/>\n                        Coordinatrice du bien-\u00eatre des personnes \u00e2g\u00e9es, R\u00e9gion Moncton<\/p>\n                                                    <a data-open=\"team-member-bio-8\"><h6>Read bio <span class=\"sr-only\">for Jena-Leigh Buchanan<\/span> <i class=\"fas fa-plus\"><\/i><\/h6><\/a>\n                                            <\/div>\n                                            <div id=\"team-member-bio-8\" class=\"shmodal-wrap\">\n                            <div class=\"shmodal\">\n                                <button class=\"close-modal\" aria-label=\"close modal\" data-close><i class=\"fas fa-times\"><\/i><\/button>\n                                <div class=\"shmodal__content\">\n                                    <h2>Jena-Leigh Buchanan<\/h2>\n                                    <p>Jena-Leigh Buchanan se consacre \u00e0 l&#8217;am\u00e9lioration de la vie des a\u00een\u00e9s du Grand Moncton par l&#8217;entremise de l&#8217;initiative de Foyers de soins sans mur. En tant que coordonnatrice du mieux-\u00eatre des a\u00een\u00e9s, elle offre des programmes stimulants et enrichissants directement aux a\u00een\u00e9s \u00e0 leur domicile, ainsi qu&#8217;aux communaut\u00e9s Ocean Hall et Gordon Hall.<\/p>\n<p>Titulaire d&#8217;un Baccalaur\u00e9at en loisirs th\u00e9rapeutiques, Jena-Leigh utilise sa formation et ses comp\u00e9tences pour \u00e9tablir des liens significatifs et avoir un impact positif sur la vie des personnes \u00e2g\u00e9es et de leurs familles. Son exp\u00e9rience en tant que r\u00e9cr\u00e9oth\u00e9rapeute dans le domaine des soins de longue dur\u00e9e et des r\u00e9sidences pour personnes \u00e2g\u00e9es lui permet d&#8217;apporter une expertise pr\u00e9cieuse \u00e0 l&#8217;\u00e9quipe de Foyers de soins sans mur du Grand-Moncton. Jena-Leigh est enthousiaste \u00e0 l&#8217;id\u00e9e d&#8217;utiliser ses connaissances pour cr\u00e9er un impact significatif dans son r\u00f4le.<\/p>\n\n                                <\/div>\n                            <\/div>\n                        <\/div>\n                                    <\/div>\n            <\/div>\n                    <div class=\"col-xs-6 col-md-3\">\n                <div class=\"team-member\">\n                                        <div class=\"team-member__image\">\n                        <img decoding=\"async\" srcset=\"https:\/\/shannex.com\/wp-content\/uploads\/2024\/09\/Teija-scaled.jpg 1920w, https:\/\/shannex.com\/wp-content\/uploads\/2024\/09\/Teija-225x300.jpg 225w, https:\/\/shannex.com\/wp-content\/uploads\/2024\/09\/Teija-768x1024.jpg 768w, https:\/\/shannex.com\/wp-content\/uploads\/2024\/09\/Teija-1152x1536.jpg 1152w, https:\/\/shannex.com\/wp-content\/uploads\/2024\/09\/Teija-1536x2048.jpg 1536w\"\n                            src=\"\"\n                            sizes=\"100vw\"\n                            alt=\"Teija Noel\"\n                            class=\"\" \n                        >\n                    <\/div>\n                    <div class=\"team-member__info\">\n                        <p><strong>Teija Noel<\/strong><br\/>\n                        Assistante sociale, R\u00e9gion Moncton<\/p>\n                                                    <a data-open=\"team-member-bio-9\"><h6>Read bio <span class=\"sr-only\">for Teija Noel<\/span> <i class=\"fas fa-plus\"><\/i><\/h6><\/a>\n                                            <\/div>\n                                            <div id=\"team-member-bio-9\" class=\"shmodal-wrap\">\n                            <div class=\"shmodal\">\n                                <button class=\"close-modal\" aria-label=\"close modal\" data-close><i class=\"fas fa-times\"><\/i><\/button>\n                                <div class=\"shmodal__content\">\n                                    <h2>Teija Noel<\/h2>\n                                    <p>Voici Teija Noel (prononcer TAYA). Taya travaille dans le domaine des soins de longue dur\u00e9e aux personnes \u00e2g\u00e9es depuis plus de dix ans, date \u00e0 laquelle elle a obtenu son certificat de pr\u00e9pos\u00e9e aux services de soutien \u00e0 la personne. Elle poss\u00e8de de l&#8217;exp\u00e9rience dans les foyers de soins sp\u00e9ciaux de grande taille et dans les services d&#8217;aide \u00e0 domicile.<\/p>\n<p>Elle adore passer du temps avec les personnes \u00e2g\u00e9es et se me sens honor\u00e9e d&#8217;avoir tant appris d&#8217;elles au fil des ans. Elles ont tant de sagesse \u00e0 nous offrir, si nous prenons le temps de les \u00e9couter. Il ne se passe pas un jour sans qu\u2019elle ne se surprenne \u00e0 sourire ou \u00e0 rire \u00e0 voix haute ; et si elle peut am\u00e9liorer ne serait-ce qu&#8217;un peu la journ\u00e9e d&#8217;une personne \u00e2g\u00e9e ou d&#8217;un membre de sa famille, c&#8217;est le moins qu\u2019elle puisse faire.<\/p>\n<p>Jusqu&#8217;\u00e0 pr\u00e9sent, sa carri\u00e8re chez Shannex s&#8217;est av\u00e9r\u00e9e \u00e0 la fois amusante et gratifiante, et elle a rencontr\u00e9 beaucoup de gens formidables.d Taya est fi\u00e8re de se joindre \u00e0 l\u2019\u00e9quipe FSSM du Grand Moncton dans le but d&#8217;aider les personnes \u00e2g\u00e9es \u00e0 rester chez elles le plus longtemps possible.<\/p>\n\n                                <\/div>\n                            <\/div>\n                        <\/div>\n                                    <\/div>\n            <\/div>\n                    <div class=\"col-xs-6 col-md-3\">\n                <div class=\"team-member\">\n                                        <div class=\"team-member__image\">\n                        <img decoding=\"async\" srcset=\"https:\/\/shannex.com\/wp-content\/uploads\/2024\/11\/NHWW-Headshot.png 1108w, https:\/\/shannex.com\/wp-content\/uploads\/2024\/11\/NHWW-Headshot-300x260.png 300w, https:\/\/shannex.com\/wp-content\/uploads\/2024\/11\/NHWW-Headshot-1024x887.png 1024w, https:\/\/shannex.com\/wp-content\/uploads\/2024\/11\/NHWW-Headshot-768x665.png 768w\"\n                            src=\"\"\n                            sizes=\"100vw\"\n                            alt=\"NHWW Victoria\"\n                            class=\"\" \n                        >\n                    <\/div>\n                    <div class=\"team-member__info\">\n                        <p><strong>Victoria Kavanaugh<\/strong><br\/>\n                        Coordonnatrice du mieux-\u00eatre des a\u00een\u00e9s, R\u00e9gion Fredericton<\/p>\n                                                    <a data-open=\"team-member-bio-10\"><h6>Read bio <span class=\"sr-only\">for Victoria Kavanaugh<\/span> <i class=\"fas fa-plus\"><\/i><\/h6><\/a>\n                                            <\/div>\n                                            <div id=\"team-member-bio-10\" class=\"shmodal-wrap\">\n                            <div class=\"shmodal\">\n                                <button class=\"close-modal\" aria-label=\"close modal\" data-close><i class=\"fas fa-times\"><\/i><\/button>\n                                <div class=\"shmodal__content\">\n                                    <h2>Victoria Kavanaugh<\/h2>\n                                    <p><span lang=\"fr-CA\" data-olk-copy-source=\"MessageBody\">Victoria est coordonnatrice du bien-\u00eatre des a\u00een\u00e9s \u00e0 Fredericton, o\u00f9 elle offre un soutien social essentiel aux personnes \u00e2g\u00e9es de la collectivit\u00e9. Gr\u00e2ce \u00e0 des visites \u00e0 domicile, \u00e0 des activit\u00e9s de groupe et \u00e0 des suivis r\u00e9guliers, elle s\u2019assure que les personnes \u00e2g\u00e9es qui vivent de fa\u00e7on autonome restent en contact avec leurs r\u00e9seaux locaux et qu\u2019elles b\u00e9n\u00e9ficient de leur soutien.<\/span><\/p>\n<p><span lang=\"fr-CA\">Titulaire d\u2019un baccalaur\u00e9at en psychologie et d\u2019une ma\u00eetrise en travail social, avec une sp\u00e9cialisation en g\u00e9rontologie et en soins tenant compte des traumatismes, Victoria poss\u00e8de une connaissance approfondie des d\u00e9fis uniques auxquels sont confront\u00e9es les personnes \u00e2g\u00e9es. Sa formation en travail social lui permet d\u2019aborder chaque personne avec compassion, dans une perspective globale, en la rencontrant l\u00e0 o\u00f9 elle se trouve. Passionn\u00e9e par l\u2019\u00e9tablissement de liens significatifs, elle se consacre \u00e0 aider les gens \u00e0 explorer et \u00e0 atteindre leurs objectifs. La vaste exp\u00e9rience de Victoria dans le domaine des soins de longue dur\u00e9e lui a permis d\u2019acqu\u00e9rir des connaissances pr\u00e9cieuses, et elle est enthousiaste \u00e0 l\u2019id\u00e9e de mettre ses comp\u00e9tences au service de la communaut\u00e9.<\/span><\/p>\n\n                                <\/div>\n                            <\/div>\n                        <\/div>\n                                    <\/div>\n            <\/div>\n                    <div class=\"col-xs-6 col-md-3\">\n                <div class=\"team-member\">\n                                        <div class=\"team-member__image\">\n                        <img decoding=\"async\" srcset=\"https:\/\/shannex.com\/wp-content\/uploads\/2025\/04\/Jen-Headshot-scaled.jpg 1920w, https:\/\/shannex.com\/wp-content\/uploads\/2025\/04\/Jen-Headshot-225x300.jpg 225w, https:\/\/shannex.com\/wp-content\/uploads\/2025\/04\/Jen-Headshot-768x1024.jpg 768w, https:\/\/shannex.com\/wp-content\/uploads\/2025\/04\/Jen-Headshot-1152x1536.jpg 1152w, https:\/\/shannex.com\/wp-content\/uploads\/2025\/04\/Jen-Headshot-1536x2048.jpg 1536w\"\n                            src=\"\"\n                            sizes=\"100vw\"\n                            alt=\"\"\n                            class=\"\" \n                        >\n                    <\/div>\n                    <div class=\"team-member__info\">\n                        <p><strong>Jennifer Paull<\/strong><br\/>\n                        Support administratif, R\u00e9gion Fredericton<\/p>\n                                                    <a data-open=\"team-member-bio-11\"><h6>Read bio <span class=\"sr-only\">for Jennifer Paull<\/span> <i class=\"fas fa-plus\"><\/i><\/h6><\/a>\n                                            <\/div>\n                                            <div id=\"team-member-bio-11\" class=\"shmodal-wrap\">\n                            <div class=\"shmodal\">\n                                <button class=\"close-modal\" aria-label=\"close modal\" data-close><i class=\"fas fa-times\"><\/i><\/button>\n                                <div class=\"shmodal__content\">\n                                    <h2>Jennifer Paull<\/h2>\n                                    <p><span data-olk-copy-source=\"MessageBody\">Avec plus de 15 ans d\u2019exp\u00e9rience dans le soutien administratif et le service \u00e0 la client\u00e8le, Jennifer apporte une pr\u00e9sence accueillante et professionnelle \u00e0 son r\u00f4le au sein de l&#8217;\u00e9quipe des foyers de soins san mur. Abordant chaque situation avec chaleur et compassion, elle se consacre \u00e0 l&#8217;am\u00e9lioration de la vie des personnes \u00e2g\u00e9es en cr\u00e9ant des liens significatifs. Elle poss\u00e8de une solide exp\u00e9rience de travail avec la population vieillissante, en particulier dans le domaine des soins de longue dur\u00e9e et dans le secteur \u00e0 but non lucratif, o\u00f9 sa nature accessible, sa gentillesse et son soutien attentionn\u00e9 am\u00e9liorent la vie des personnes qui l&#8217;entourent. Jennifer s&#8217;\u00e9panouit dans des environnements ax\u00e9s sur la communaut\u00e9 et est connue pour son attitude amicale et son d\u00e9vouement \u00e0 aider les autres. En dehors du travail, Jennifer aime recevoir et cuisiner pour sa famille et ses amis, faire des randonn\u00e9es avec ses compagnons \u00e0 fourrure Scooby et Lola, et se d\u00e9tendre avec un bon livre.<\/span><\/p>\n\n                                <\/div>\n                            <\/div>\n                        <\/div>\n                                    <\/div>\n            <\/div>\n                    <div class=\"col-xs-6 col-md-3\">\n                <div class=\"team-member\">\n                                        <div class=\"team-member__image\">\n                        <img decoding=\"async\" srcset=\"https:\/\/shannex.com\/wp-content\/uploads\/2025\/05\/Screenshot-2025-05-29-083500.png 453w, https:\/\/shannex.com\/wp-content\/uploads\/2025\/05\/Screenshot-2025-05-29-083500-263x300.png 263w\"\n                            src=\"\"\n                            sizes=\"100vw\"\n                            alt=\"\"\n                            class=\"\" \n                        >\n                    <\/div>\n                    <div class=\"team-member__info\">\n                        <p><strong>Lorna Stauffer<\/strong><br\/>\n                        Assistante sociale, R\u00e9gion Fredericton<\/p>\n                                                    <a data-open=\"team-member-bio-12\"><h6>Read bio <span class=\"sr-only\">for Lorna Stauffer<\/span> <i class=\"fas fa-plus\"><\/i><\/h6><\/a>\n                                            <\/div>\n                                            <div id=\"team-member-bio-12\" class=\"shmodal-wrap\">\n                            <div class=\"shmodal\">\n                                <button class=\"close-modal\" aria-label=\"close modal\" data-close><i class=\"fas fa-times\"><\/i><\/button>\n                                <div class=\"shmodal__content\">\n                                    <h2>Lorna Stauffer<\/h2>\n                                    <p><span lang=\"fr-CA\" data-olk-copy-source=\"MessageBody\">Lorna est une pr\u00e9pos\u00e9e aux soins d\u00e9vou\u00e9e qui fait partie de l\u2019\u00e9quipe du Foyer de soins sans mur de Fredericton. Elle compte plus de 20 ans d\u2019exp\u00e9rience dans le soutien aux personnes \u00e2g\u00e9es dans les r\u00e9sidences-services, les foyers de soins de longue dur\u00e9e et les soins \u00e0 domicile. Elle se passionne pour aider ses clients \u00e0 rester chez eux et croit fermement en une approche centr\u00e9e sur la personne pour fournir des soins conviviaux et personnalis\u00e9s. Lorna appr\u00e9cie \u00e9couter les histoires de ses clients, en utilisant leurs exp\u00e9riences pour \u00e9tablir une relation de confiance et leur apporter un soutien significatif. En dehors du travail, elle aime la p\u00e2tisserie, l&#8217;artisanat, le jardinage, la randonn\u00e9e, le v\u00e9lo, le camping, le sport et la musique en tout genre.<\/span><\/p>\n\n                                <\/div>\n                            <\/div>\n                        <\/div>\n                                    <\/div>\n            <\/div>\n                    <div class=\"col-xs-6 col-md-3\">\n                <div class=\"team-member\">\n                                        <div class=\"team-member__image\">\n                        <img decoding=\"async\" srcset=\"https:\/\/shannex.com\/wp-content\/uploads\/2025\/12\/image-2025-12-22T141702.990.jpg 600w, https:\/\/shannex.com\/wp-content\/uploads\/2025\/12\/image-2025-12-22T141702.990-225x300.jpg 225w\"\n                            src=\"\"\n                            sizes=\"100vw\"\n                            alt=\"\"\n                            class=\"\" \n                        >\n                    <\/div>\n                    <div class=\"team-member__info\">\n                        <p><strong>Claire Leroux<\/strong><br\/>\n                        Coordinatrice du bien-\u00eatre des personnes \u00e2g\u00e9es, R\u00e9gion Moncton<\/p>\n                                                    <a data-open=\"team-member-bio-13\"><h6>Read bio <span class=\"sr-only\">for Claire Leroux<\/span> <i class=\"fas fa-plus\"><\/i><\/h6><\/a>\n                                            <\/div>\n                                            <div id=\"team-member-bio-13\" class=\"shmodal-wrap\">\n                            <div class=\"shmodal\">\n                                <button class=\"close-modal\" aria-label=\"close modal\" data-close><i class=\"fas fa-times\"><\/i><\/button>\n                                <div class=\"shmodal__content\">\n                                    <h2>Claire Leroux<\/h2>\n                                    <div data-olk-copy-source=\"MessageBody\">Claire Leroux est coordonnatrice du bien-\u00eatre des a\u00een\u00e9s \u00e0 Moncton et se passionne pour le mieux-\u00eatre des personnes \u00e2g\u00e9es. Pendant ses \u00e9tudes en psychologie \u00e0 l&#8217;Universit\u00e9 de Moncton, elle a commenc\u00e9 \u00e0 travailler au projet de recherche \u00ab Renforcer l&#8217;approche palliative dans les soins de longue dur\u00e9e \u00bb (SPA-LTC), ce qui a \u00e9veill\u00e9 son int\u00e9r\u00eat pour le soutien aupr\u00e8s des a\u00een\u00e9s. Elle a \u00e9galement occup\u00e9 des postes d&#8217;assistante de recherche en relations humaines et d&#8217;assistante en loisirs dans un \u00e9tablissement de soins de longue dur\u00e9e, ce qui lui a permis d&#8217;acqu\u00e9rir de pr\u00e9cieuses comp\u00e9tences en mati\u00e8re de planification d&#8217;activit\u00e9s pour les a\u00een\u00e9s. Elle \u00e9prouve de la joie \u00e0 voir les personnes \u00e2g\u00e9es s&#8217;\u00e9panouir et s&#8217;efforce chaque jour d&#8217;avoir un impact positif sur leur vie.<\/div>\n\n                                <\/div>\n                            <\/div>\n                        <\/div>\n                                    <\/div>\n            <\/div>\n                    <div class=\"col-xs-6 col-md-3\">\n                <div class=\"team-member\">\n                                        <div class=\"team-member__image\">\n                        <img decoding=\"async\" srcset=\"https:\/\/shannex.com\/wp-content\/uploads\/2026\/02\/Maryann-Clark.jpg 1870w, https:\/\/shannex.com\/wp-content\/uploads\/2026\/02\/Maryann-Clark-249x300.jpg 249w, https:\/\/shannex.com\/wp-content\/uploads\/2026\/02\/Maryann-Clark-849x1024.jpg 849w, https:\/\/shannex.com\/wp-content\/uploads\/2026\/02\/Maryann-Clark-768x927.jpg 768w, https:\/\/shannex.com\/wp-content\/uploads\/2026\/02\/Maryann-Clark-1273x1536.jpg 1273w, https:\/\/shannex.com\/wp-content\/uploads\/2026\/02\/Maryann-Clark-1698x2048.jpg 1698w\"\n                            src=\"\"\n                            sizes=\"100vw\"\n                            alt=\"\"\n                            class=\"\" \n                        >\n                    <\/div>\n                    <div class=\"team-member__info\">\n                        <p><strong>Maryann Clark<\/strong><br\/>\n                        Coordonnatrice du mieux-\u00eatre des a\u00een\u00e9s, R\u00e9gion Saint John<\/p>\n                                                    <a data-open=\"team-member-bio-14\"><h6>Read bio <span class=\"sr-only\">for Maryann Clark<\/span> <i class=\"fas fa-plus\"><\/i><\/h6><\/a>\n                                            <\/div>\n                                            <div id=\"team-member-bio-14\" class=\"shmodal-wrap\">\n                            <div class=\"shmodal\">\n                                <button class=\"close-modal\" aria-label=\"close modal\" data-close><i class=\"fas fa-times\"><\/i><\/button>\n                                <div class=\"shmodal__content\">\n                                    <h2>Maryann Clark<\/h2>\n                                    <p><span lang=\"fr-CA\" data-olk-copy-source=\"MessageBody\">Maryann Clark, coordonnatrice du bien-\u00eatre \u00e0 Saint John, se consacre \u00e0 aider les personnes \u00e2g\u00e9es de sa communaut\u00e9. Forte de 10 ans d&#8217;exp\u00e9rience en tant que pr\u00e9pos\u00e9e aux soins, elle apporte une expertise pratique pr\u00e9cieuse et une solide compr\u00e9hension des besoins particuliers des personnes \u00e2g\u00e9es.<\/span><\/p>\n<p><span lang=\"fr-CA\">Maryann s&#8217;engage \u00e0 aider les personnes \u00e2g\u00e9es \u00e0 acc\u00e9der aux informations, aux services et aux ressources dont elles ont besoin pour vivre en toute s\u00e9curit\u00e9 et confortablement chez elles. Elle sait que s&#8217;y retrouver dans les soins de sant\u00e9 et les aides communautaires peut sembler compliqu\u00e9, et elle s&#8217;efforce de rendre le processus simple, accessible et valorisant. Convaincue que des personnes \u00e2g\u00e9es inform\u00e9es sont des personnes \u00e2g\u00e9es autonomes, Maryann offre des conseils bienveillants et un soutien personnalis\u00e9 pour que chacun se sente \u00e9cout\u00e9, valoris\u00e9 et confiant dans ses d\u00e9cisions en mati\u00e8re de soins.<\/span><\/p>\n\n                                <\/div>\n                            <\/div>\n                        <\/div>\n                                    <\/div>\n            <\/div>\n            <\/div>    \n<\/div><\/div>\n<\/div>\n<\/div>\n<\/div>\n<\/div>\n\n\n\n<div class=\"wp-block-columns is-layout-flex wp-container-core-columns-is-layout-28f84493 wp-block-columns-is-layout-flex\">\n<div class=\"wp-block-column is-layout-flow wp-block-column-is-layout-flow\" id=\"contact\">\n<div class=\"wp-block-group is-layout-flow wp-block-group-is-layout-flow\">\n<div class=\"wp-block-columns alignwide is-layout-flex wp-container-core-columns-is-layout-28f84493 wp-block-columns-is-layout-flex\" id=\"about-long-term-care\">\n<div class=\"wp-block-column is-layout-flow wp-block-column-is-layout-flow\" style=\"flex-basis:100%\">\n<h2 class=\"wp-block-heading\"><strong>Communiquez avec nous<\/strong><\/h2>\n\n\n\n<p>Vous avez 60 ans ou plus et vous cherchez des services pour vous aider \u00e0 rester chez vous ? <\/p>\n\n\n\n<p>Vous \u00eates d\u00e9j\u00e0 au service des a\u00een\u00e9s de la communaut\u00e9 et voulez faire partie de notre projet de Foyers de soins sans murs?<\/p>\n\n\n\n<p>Communiquez avec notre Navigatrice aupr\u00e8s des a\u00een\u00e9s \u00e0 Losier Hall ou \u00e0 Embassy Hall\/Cohen Hall\/Tucker Hall avec le projet Foyers de soins sans murs pour en savoir plus :<\/p>\n\n\n\n<div style=\"height:25px\" aria-hidden=\"true\" class=\"wp-block-spacer\"><\/div>\n\n\n\n<div class=\"wp-block-columns is-layout-flex wp-container-core-columns-is-layout-28f84493 wp-block-columns-is-layout-flex\">\n<div class=\"wp-block-column is-layout-flow wp-block-column-is-layout-flow\">\n<h4 class=\"wp-block-heading\">Emplacement :<\/h4>\n\n\n\n<div class=\"wp-block-columns is-layout-flex wp-container-core-columns-is-layout-28f84493 wp-block-columns-is-layout-flex\">\n<div class=\"wp-block-column is-layout-flow wp-block-column-is-layout-flow\">\n<h5 class=\"wp-block-heading\">Losier Hall<\/h5>\n<\/div>\n<\/div>\n\n\n<div class='text-with-icon-wrapper '>\n\t<div class=\"text-with-icon\">\n\t\t\t\t\t<span class=\"text-with-icon__icon has-text-color has-light-blue-color order-1\"><i class=\"fas fa-map-marker-alt\" aria-hidden=\"true\"><\/i><\/span>\n\t\t\t\t<div class=\"order-2\">\n\n<p>515, rue Water <br>Miramichi, N.-B. <br>E1V 0K4<\/p>\n\n<\/div>\n\t<\/div>\n<\/div>\n<\/div>\n\n\n\n<div class=\"wp-block-column is-layout-flow wp-block-column-is-layout-flow\">\n<h4 class=\"wp-block-heading\">Personne-ressource :<\/h4>\n\n\n\n<h5 class=\"wp-block-heading\">Tammy Malley, Navigatrice aupr\u00e8s des a\u00een\u00e9s<\/h5>\n\n\n<div class='text-with-icon-wrapper '>\n\t<div class=\"text-with-icon\">\n\t\t\t\t\t<span class=\"text-with-icon__icon has-text-color has-light-blue-color order-1\"><i class=\"fas fa-phone\" aria-hidden=\"true\"><\/i><\/span>\n\t\t\t\t<div class=\"order-2\">\n\n<p><a href=\"tel:5067734214\">506-773-4214<\/a><\/p>\n\n<\/div>\n\t<\/div>\n<\/div>\n\n\n<div class='text-with-icon-wrapper '>\n\t<div class=\"text-with-icon\">\n\t\t\t\t\t<span class=\"text-with-icon__icon has-text-color has-light-blue-color order-1\"><i class=\"fas fa-envelope\" aria-hidden=\"true\"><\/i><\/span>\n\t\t\t\t<div class=\"order-2\">\n\n<p><a href=\"mailto:nhwwmiramichi@shannex.com\"> <\/a><a href=\"mailto:nhwwmiramichi@shannex.com\">nhwwmiramichi@shannex.com<\/a><\/p>\n\n<\/div>\n\t<\/div>\n<\/div>\n\n\n\n<div class=\"wp-block-columns is-layout-flex wp-container-core-columns-is-layout-28f84493 wp-block-columns-is-layout-flex\">\n<div class=\"wp-block-column is-layout-flow wp-block-column-is-layout-flow\"><div class='text-with-icon-wrapper '>\n\t<div class=\"text-with-icon\">\n\t\t\t\t\t<span class=\"text-with-icon__icon has-text-color has-dark-blue-color order-3\"><i class=\"fas fa-download\" aria-hidden=\"true\"><\/i><\/span>\n\t\t\t\t<div class=\"order-2\">\n\n<p><a href=\"https:\/\/shannex.com\/wp-content\/uploads\/2024\/01\/NHWW_Postcard_JAN2024_PRINT-2.pdf\">T\u00c9L\u00c9CHARGER LE D\u00c9PLIANT POUR LOSIER HALL<\/a><\/p>\n\n<\/div>\n\t<\/div>\n<\/div>\n<\/div>\n<\/div>\n<\/div>\n<\/div>\n\n\n\n<div class=\"wp-block-columns is-layout-flex wp-container-core-columns-is-layout-28f84493 wp-block-columns-is-layout-flex\">\n<div class=\"wp-block-column is-layout-flow wp-block-column-is-layout-flow\">\n<div class=\"wp-block-columns is-layout-flex wp-container-core-columns-is-layout-28f84493 wp-block-columns-is-layout-flex\">\n<div class=\"wp-block-column is-layout-flow wp-block-column-is-layout-flow\">\n<h4 class=\"wp-block-heading\">Emplacement :<\/h4>\n\n\n\n<h5 class=\"wp-block-heading\">Embassy Hall, Cohen Hall, Tucker Hall<\/h5>\n\n\n<div class='text-with-icon-wrapper '>\n\t<div class=\"text-with-icon\">\n\t\t\t\t\t<span class=\"text-with-icon__icon has-text-color has-light-blue-color order-1\"><i class=\"fas fa-map-marker-alt\" aria-hidden=\"true\"><\/i><\/span>\n\t\t\t\t<div class=\"order-2\">\n\n<p>75, all\u00e9e Bloom <br>Saint John, N.-B. <br>E2K 0K7<\/p>\n\n<\/div>\n\t<\/div>\n<\/div>\n<\/div>\n\n\n\n<div class=\"wp-block-column is-layout-flow wp-block-column-is-layout-flow\">\n<h4 class=\"wp-block-heading\">Personne-ressource :<\/h4>\n\n\n\n<h5 class=\"wp-block-heading\">Brenda Foster, Navigatrice aupr\u00e8s des a\u00een\u00e9s<\/h5>\n\n\n<div class='text-with-icon-wrapper '>\n\t<div class=\"text-with-icon\">\n\t\t\t\t\t<span class=\"text-with-icon__icon has-text-color has-light-blue-color order-1\"><i class=\"fas fa-phone\" aria-hidden=\"true\"><\/i><\/span>\n\t\t\t\t<div class=\"order-2\">\n\n<p><a href=\"tel:5062711792\">506-271-1792<\/a><\/p>\n\n<\/div>\n\t<\/div>\n<\/div>\n\n\n<div class='text-with-icon-wrapper '>\n\t<div class=\"text-with-icon\">\n\t\t\t\t\t<span class=\"text-with-icon__icon has-text-color has-light-blue-color order-1\"><i class=\"fas fa-envelope\" aria-hidden=\"true\"><\/i><\/span>\n\t\t\t\t<div class=\"order-2\">\n\n<p><a href=\"mailto:care@shannex.com\"> <\/a><a href=\"mailto:nhwwmiramichi@shannex.com\"><\/a><a href=\"mailto:nhwwmiramichi@shannex.com\"><\/a><a href=\"mailto:NHWWsaintjohn@shannex.com\">nhwwsaintjohn@shannex.com<\/a><\/p>\n\n<\/div>\n\t<\/div>\n<\/div>\n<\/div>\n<\/div>\n<\/div>\n<\/div>\n\n\n\n<div class=\"wp-block-columns is-layout-flex wp-container-core-columns-is-layout-28f84493 wp-block-columns-is-layout-flex\">\n<div class=\"wp-block-column is-layout-flow wp-block-column-is-layout-flow\">\n<div class=\"wp-block-columns is-layout-flex wp-container-core-columns-is-layout-28f84493 wp-block-columns-is-layout-flex\">\n<div class=\"wp-block-column is-layout-flow wp-block-column-is-layout-flow\">\n<h4 class=\"wp-block-heading\">Emplacement :<\/h4>\n\n\n\n<h5 class=\"wp-block-heading\">Gordon Hall<\/h5>\n\n\n<div class='text-with-icon-wrapper '>\n\t<div class=\"text-with-icon\">\n\t\t\t\t\t<span class=\"text-with-icon__icon has-text-color has-light-blue-color order-1\"><i class=\"fas fa-map-marker-alt\" aria-hidden=\"true\"><\/i><\/span>\n\t\t\t\t<div class=\"order-2\">\n\n<p>67, rue Souvenirs<br>Moncton, N.-B.<br>E1C 0W8<\/p>\n\n<\/div>\n\t<\/div>\n<\/div>\n<\/div>\n\n\n\n<div class=\"wp-block-column is-layout-flow wp-block-column-is-layout-flow\">\n<h4 class=\"wp-block-heading\">Personne-ressource :<\/h4>\n\n\n\n<h5 class=\"wp-block-heading\">Rebecca LaForest, Navigatrice aupr\u00e8s des a\u00een\u00e9s<\/h5>\n\n\n<div class='text-with-icon-wrapper '>\n\t<div class=\"text-with-icon\">\n\t\t\t\t\t<span class=\"text-with-icon__icon has-text-color has-light-blue-color order-1\"><i class=\"fas fa-phone\" aria-hidden=\"true\"><\/i><\/span>\n\t\t\t\t<div class=\"order-2\">\n\n<p><a href=\"tel:506-431-3353\">506-431-3353<\/a><\/p>\n\n<\/div>\n\t<\/div>\n<\/div>\n\n\n<div class='text-with-icon-wrapper '>\n\t<div class=\"text-with-icon\">\n\t\t\t\t\t<span class=\"text-with-icon__icon has-text-color has-light-blue-color order-1\"><i class=\"fas fa-envelope\" aria-hidden=\"true\"><\/i><\/span>\n\t\t\t\t<div class=\"order-2\">\n\n<p><a href=\"mailto:care@shannex.com\"> <\/a><a href=\"mailto:nhwwmiramichi@shannex.com\"><\/a><a href=\"mailto:nhwwmiramichi@shannex.com\"><\/a><a href=\"mailto:NHWWmoncton@shannex.com\">nhwwmoncton@shannex.com<\/a><\/p>\n\n<\/div>\n\t<\/div>\n<\/div>\n<\/div>\n<\/div>\n<\/div>\n<\/div>\n\n\n\n<div class=\"wp-block-columns is-layout-flex wp-container-core-columns-is-layout-28f84493 wp-block-columns-is-layout-flex\">\n<div class=\"wp-block-column is-layout-flow wp-block-column-is-layout-flow\">\n<h4 class=\"wp-block-heading\">Emplacement :<\/h4>\n\n\n\n<h5 class=\"wp-block-heading\">Neill Hall, Medley Hall<\/h5>\n\n\n<div class='text-with-icon-wrapper '>\n\t<div class=\"text-with-icon\">\n\t\t\t\t\t<span class=\"text-with-icon__icon has-text-color has-light-blue-color order-1\"><i class=\"fas fa-map-marker-alt\" aria-hidden=\"true\"><\/i><\/span>\n\t\t\t\t<div class=\"order-2\">\n\n<p>610, rue Cliffe<br>Fredericton, N.-B.<br>E3A 0C4<\/p>\n\n<\/div>\n\t<\/div>\n<\/div>\n<\/div>\n\n\n\n<div class=\"wp-block-column is-layout-flow wp-block-column-is-layout-flow\">\n<h4 class=\"wp-block-heading\">Personne-ressource :<\/h4>\n\n\n\n<h5 class=\"wp-block-heading\">Ashley Erb, Navigatrice aupr\u00e8s des a\u00een\u00e9s<\/h5>\n\n\n<div class='text-with-icon-wrapper '>\n\t<div class=\"text-with-icon\">\n\t\t\t\t\t<span class=\"text-with-icon__icon has-text-color has-light-blue-color order-1\"><i class=\"fas fa-phone\" aria-hidden=\"true\"><\/i><\/span>\n\t\t\t\t<div class=\"order-2\">\n\n<p><a href=\"tel:(506)247-4041\">506-247-4041<\/a><\/p>\n\n<\/div>\n\t<\/div>\n<\/div>\n\n\n<div class='text-with-icon-wrapper '>\n\t<div class=\"text-with-icon\">\n\t\t\t\t\t<span class=\"text-with-icon__icon has-text-color has-light-blue-color order-1\"><i class=\"fas fa-envelope\" aria-hidden=\"true\"><\/i><\/span>\n\t\t\t\t<div class=\"order-2\">\n\n<p><a href=\"mailto:care@shannex.com\"> <\/a><a href=\"mailto:nhwwmiramichi@shannex.com\"><\/a><a href=\"mailto:nhwwmiramichi@shannex.com\"><\/a><a href=\"mailto:NHWWfredericton@shannex.com\">nhwwfredericton@shannex.com<\/a><\/p>\n\n<\/div>\n\t<\/div>\n<\/div>\n<\/div>\n<\/div>\n\n\n\n<div style=\"height:25px\" aria-hidden=\"true\" class=\"wp-block-spacer\"><\/div>\n\n\n\n<div class=\"wp-block-columns is-layout-flex wp-container-core-columns-is-layout-28f84493 wp-block-columns-is-layout-flex\">\n<div class=\"wp-block-column is-layout-flow wp-block-column-is-layout-flow\">\n<div class=\"wp-block-columns is-layout-flex wp-container-core-columns-is-layout-28f84493 wp-block-columns-is-layout-flex\">\n<div class=\"wp-block-column is-layout-flow wp-block-column-is-layout-flow\">\n<h4 class=\"wp-block-heading\">Emplacement :<\/h4>\n\n\n\n<h5 class=\"wp-block-heading\">Pavillon Landry, Faubourg du Mascaret<\/h5>\n\n\n<div class='text-with-icon-wrapper '>\n\t<div class=\"text-with-icon\">\n\t\t\t\t\t<span class=\"text-with-icon__icon has-text-color has-light-blue-color order-1\"><i class=\"fas fa-map-marker-alt\" aria-hidden=\"true\"><\/i><\/span>\n\t\t\t\t<div class=\"order-2\">\n\n<p>75, rue du Mascaret<br>Moncton, N.-B.<br>E1A 0Y9<\/p>\n\n<\/div>\n\t<\/div>\n<\/div>\n<\/div>\n\n\n\n<div class=\"wp-block-column is-layout-flow wp-block-column-is-layout-flow\">\n<h4 class=\"wp-block-heading\">Personne-ressource :<\/h4>\n\n\n\n<h5 class=\"wp-block-heading\">Chelsie Gautreau, Navigatrice aupr\u00e8s des a\u00een\u00e9s<\/h5>\n\n\n<div class='text-with-icon-wrapper '>\n\t<div class=\"text-with-icon\">\n\t\t\t\t\t<span class=\"text-with-icon__icon has-text-color has-light-blue-color order-1\"><i class=\"fas fa-phone\" aria-hidden=\"true\"><\/i><\/span>\n\t\t\t\t<div class=\"order-2\">\n\n<p><a href=\"tel:506-855-5349\">506-855-5349<\/a><\/p>\n\n<\/div>\n\t<\/div>\n<\/div>\n\n\n<div class='text-with-icon-wrapper '>\n\t<div class=\"text-with-icon\">\n\t\t\t\t\t<span class=\"text-with-icon__icon has-text-color has-light-blue-color order-1\"><i class=\"fas fa-envelope\" aria-hidden=\"true\"><\/i><\/span>\n\t\t\t\t<div class=\"order-2\">\n\n<p><a href=\"mailto:fssmmoncton@shannex.com\"> fssmmoncton@shannex.com<\/a><\/p>\n\n<\/div>\n\t<\/div>\n<\/div>\n<\/div>\n<\/div>\n<\/div>\n<\/div>\n<\/div>\n<\/div>\n<\/div>\n<\/div>\n<\/div>\n\n\n\n<hr class=\"wp-block-separator aligncenter has-alpha-channel-opacity\"\/>\n\n\n\n<div class=\"wp-block-columns is-layout-flex wp-container-core-columns-is-layout-28f84493 wp-block-columns-is-layout-flex\">\n<div class=\"wp-block-column is-layout-flow wp-block-column-is-layout-flow\">\n<h2 class=\"wp-block-heading\" id=\"ressources\">Ressources<\/h2>\n<\/div>\n<\/div>\n\n\n\n<div class=\"wp-block-columns is-layout-flex wp-container-core-columns-is-layout-28f84493 wp-block-columns-is-layout-flex\">\n<div class=\"wp-block-column is-layout-flow wp-block-column-is-layout-flow\">\n<h4 class=\"wp-block-heading\">Vieillir au Nouveau-Brunswick : Guide de l\u2019utilisateur<\/h4>\n\n\n\n<div class=\"wp-block-buttons is-layout-flex wp-block-buttons-is-layout-flex\">\n<div class=\"wp-block-button is-style-text-only-button\"><a class=\"wp-block-button__link wp-element-button\" href=\"https:\/\/www.stu.ca\/media\/stu\/site-content\/research\/aging-in-nb\/aging-in-nb-french\/aging-in-nb-fr---4th-edition\/Plein-document--NBAging_AUsersGuide_FR--June-2024---4th-Edition.pdf\">t\u00e9l\u00e9charger<\/a><\/div>\n<\/div>\n<\/div>\n\n\n\n<div class=\"wp-block-column is-layout-flow wp-block-column-is-layout-flow\">\n<h4 class=\"wp-block-heading\">Directive en mati\u00e8re de soins de sant\u00e9<\/h4>\n\n\n\n<div class=\"wp-block-buttons is-layout-flex wp-block-buttons-is-layout-flex\">\n<div class=\"wp-block-button is-style-text-only-button\"><a class=\"wp-block-button__link wp-element-button\" href=\"https:\/\/www.legal-info-legale.nb.ca\/fr\/uploads\/file\/Files\/PDF\/planning_ahead\/F-2.%20Directive%20en%20matiere%20de%20soins%20de%20sante%20-%20Forms%20-%20French.pdf\">t\u00e9l\u00e9charger<\/a><\/div>\n<\/div>\n<\/div>\n\n\n\n<div class=\"wp-block-column is-layout-flow wp-block-column-is-layout-flow\">\n<h4 class=\"wp-block-heading\">Procurations durables<\/h4>\n\n\n\n<div class=\"wp-block-buttons is-layout-flex wp-block-buttons-is-layout-flex\">\n<div class=\"wp-block-button is-style-text-only-button\"><a class=\"wp-block-button__link wp-element-button\" href=\"https:\/\/www.legal-info-legale.nb.ca\/fr\/uploads\/file\/Files\/PDF\/planning_ahead\/Enduring_Powers_of_Attorney_FR.pdf\">t\u00e9l\u00e9charger<\/a><\/div>\n<\/div>\n<\/div>\n<\/div>\n\n\n\n<div class=\"wp-block-columns is-layout-flex wp-container-core-columns-is-layout-28f84493 wp-block-columns-is-layout-flex\">\n<div class=\"wp-block-column is-layout-flow wp-block-column-is-layout-flow\">\n<h4 class=\"wp-block-heading\">Faire son testament<\/h4>\n\n\n\n<div class=\"wp-block-buttons is-layout-flex wp-block-buttons-is-layout-flex\">\n<div class=\"wp-block-button is-style-text-only-button\"><a class=\"wp-block-button__link wp-element-button\" href=\"https:\/\/www.legal-info-legale.nb.ca\/fr\/uploads\/file\/Files\/PDF\/Making_a_Will_FR.pdf\">t\u00e9l\u00e9charger<\/a><\/div>\n<\/div>\n<\/div>\n\n\n\n<div class=\"wp-block-column is-layout-flow wp-block-column-is-layout-flow\">\n<h4 class=\"wp-block-heading\">Liste de v\u00e9rification pour la pr\u00e9paration du testament<\/h4>\n\n\n\n<div class=\"wp-block-buttons is-layout-flex wp-block-buttons-is-layout-flex\">\n<div class=\"wp-block-button is-style-text-only-button\"><a class=\"wp-block-button__link wp-element-button\" href=\"https:\/\/www.legal-info-legale.nb.ca\/fr\/uploads\/file\/Files\/PDF\/Checklist_for_Making_a_Will_FR.pdf\">t\u00e9l\u00e9charger<\/a><\/div>\n<\/div>\n<\/div>\n\n\n\n<div class=\"wp-block-column is-layout-flow wp-block-column-is-layout-flow\">\n<h4 class=\"wp-block-heading\">Le gestionnaire de documents<\/h4>\n\n\n\n<div class=\"wp-block-buttons is-layout-flex wp-block-buttons-is-layout-flex\">\n<div class=\"wp-block-button is-style-text-only-button\"><a class=\"wp-block-button__link wp-element-button\" href=\"https:\/\/finances50plus.fcnb.ca\/sites\/default\/files\/2022-04\/Le gestionnaire de documents.pdf\">t\u00e9l\u00e9charger<\/a><\/div>\n<\/div>\n<\/div>\n<\/div>\n\n\n\n<div class=\"banner__extended row\">\n    <div class=\"col-md-5 banner__extended__content has-background has-dark-blue-background-color\">\n        <div>\n        \n\n<h2 class=\"wp-block-heading\" id=\"make-a-difference\">Joignez notre communaut\u00e9 d\u00e8s aujourd&#8217;hui !<\/h2>\n\n\n\n<p>Nous accueillons les personnes \u00e2g\u00e9es de la communaut\u00e9 dans nos foyers o\u00f9 elles auront l&#8217;occasion de rencontrer d&#8217;autres personnes \u00e2g\u00e9es et de participer \u00e0 des activit\u00e9s.<\/p>\n\n\n\n<div class=\"wp-block-buttons is-layout-flex wp-block-buttons-is-layout-flex\">\n<div class=\"wp-block-button is-style-text-only-button\"><a class=\"wp-block-button__link wp-element-button\" href=\"mailto:nhwwmiramichi@shannex.com\" target=\"_blank\" rel=\"noreferrer noopener\">PERSONNE-RESSOURCE<\/a><\/div>\n<\/div>\n\n        <\/div>\n    <\/div>\n    <div class=\"col-md-7 banner__extended__image\">\n            <img decoding=\"async\" width=\"826\" height=\"636\" src=\"https:\/\/shannex.com\/wp-content\/uploads\/2024\/01\/NursingHome_954x636-e1704739956732.jpg\" class=\"banner-image\" alt=\"\" sizes=\"100vw\" srcset=\"https:\/\/shannex.com\/wp-content\/uploads\/2024\/01\/NursingHome_954x636-e1704739956732.jpg 826w, https:\/\/shannex.com\/wp-content\/uploads\/2024\/01\/NursingHome_954x636-e1704739956732-300x231.jpg 300w, https:\/\/shannex.com\/wp-content\/uploads\/2024\/01\/NursingHome_954x636-e1704739956732-768x591.jpg 768w\" \/>    <div class=\"banner__extended__overlay\">\n            <\/div>\n    <\/div>\n<\/div>","protected":false},"excerpt":{"rendered":"<p>Aider les personnes \u00e2g\u00e9es \u00e0 vieillir chez elles&nbsp; Shannex est [&hellip;]<\/p>\n","protected":false},"author":24,"featured_media":21583,"parent":24043,"menu_order":0,"comment_status":"closed","ping_status":"closed","template":"","meta":{"_acf_changed":true,"inline_featured_image":false,"footnotes":""},"class_list":["post-21626","page","type-page","status-publish","has-post-thumbnail","hentry"],"acf":[],"yoast_head":"<!-- This site is optimized with the Yoast SEO plugin v27.3 - https:\/\/yoast.com\/product\/yoast-seo-wordpress\/ -->\n<title>Foyers de soins sans murs<\/title>\n<meta name=\"description\" content=\"Apprenez-en davantage sur le programme de Shannex qui est con\u00e7u pour approfondir les liens communautaires alors que nous concr\u00e9tisons notre vision d\u2019ouvrir la voie \u00e0 une vie meilleure.\" \/>\n<meta name=\"robots\" content=\"index, follow, max-snippet:-1, max-image-preview:large, max-video-preview:-1\" \/>\n<link rel=\"canonical\" href=\"https:\/\/shannex.com\/fr\/la-difference-shannex\/foyers-de-soins-sans-murs\/\" \/>\n<meta property=\"og:locale\" content=\"fr_FR\" \/>\n<meta property=\"og:type\" content=\"article\" \/>\n<meta property=\"og:title\" content=\"Foyers de soins sans murs\" \/>\n<meta property=\"og:description\" content=\"Apprenez-en davantage sur le programme de Shannex qui est con\u00e7u pour approfondir les liens communautaires alors que nous concr\u00e9tisons notre vision d\u2019ouvrir la voie \u00e0 une vie meilleure.\" \/>\n<meta property=\"og:url\" content=\"https:\/\/shannex.com\/fr\/la-difference-shannex\/foyers-de-soins-sans-murs\/\" \/>\n<meta property=\"og:site_name\" content=\"Shannex\" \/>\n<meta property=\"article:modified_time\" content=\"2026-02-27T19:37:37+00:00\" \/>\n<meta property=\"og:image\" content=\"https:\/\/shannex.com\/wp-content\/uploads\/2024\/01\/Shannex-web-banner.png\" \/>\n\t<meta property=\"og:image:width\" content=\"2405\" \/>\n\t<meta property=\"og:image:height\" content=\"534\" \/>\n\t<meta property=\"og:image:type\" content=\"image\/png\" \/>\n<meta name=\"twitter:card\" content=\"summary_large_image\" \/>\n<meta name=\"twitter:label1\" content=\"Dur\u00e9e de lecture estim\u00e9e\" \/>\n\t<meta name=\"twitter:data1\" content=\"4 minutes\" \/>\n<script type=\"application\/ld+json\" class=\"yoast-schema-graph\">{\"@context\":\"https:\\\/\\\/schema.org\",\"@graph\":[{\"@type\":\"WebPage\",\"@id\":\"https:\\\/\\\/shannex.com\\\/fr\\\/la-difference-shannex\\\/foyers-de-soins-sans-murs\\\/\",\"url\":\"https:\\\/\\\/shannex.com\\\/fr\\\/la-difference-shannex\\\/foyers-de-soins-sans-murs\\\/\",\"name\":\"Foyers de soins sans murs\",\"isPartOf\":{\"@id\":\"https:\\\/\\\/shannex.com\\\/fr\\\/#website\"},\"primaryImageOfPage\":{\"@id\":\"https:\\\/\\\/shannex.com\\\/fr\\\/la-difference-shannex\\\/foyers-de-soins-sans-murs\\\/#primaryimage\"},\"image\":{\"@id\":\"https:\\\/\\\/shannex.com\\\/fr\\\/la-difference-shannex\\\/foyers-de-soins-sans-murs\\\/#primaryimage\"},\"thumbnailUrl\":\"https:\\\/\\\/shannex.com\\\/wp-content\\\/uploads\\\/2024\\\/01\\\/Shannex-web-banner.png\",\"datePublished\":\"2024-01-10T14:24:34+00:00\",\"dateModified\":\"2026-02-27T19:37:37+00:00\",\"description\":\"Apprenez-en davantage sur le programme de Shannex qui est con\u00e7u pour approfondir les liens communautaires alors que nous concr\u00e9tisons notre vision d\u2019ouvrir la voie \u00e0 une vie meilleure.\",\"breadcrumb\":{\"@id\":\"https:\\\/\\\/shannex.com\\\/fr\\\/la-difference-shannex\\\/foyers-de-soins-sans-murs\\\/#breadcrumb\"},\"inLanguage\":\"fr-FR\",\"potentialAction\":[{\"@type\":\"ReadAction\",\"target\":[\"https:\\\/\\\/shannex.com\\\/fr\\\/la-difference-shannex\\\/foyers-de-soins-sans-murs\\\/\"]}]},{\"@type\":\"ImageObject\",\"inLanguage\":\"fr-FR\",\"@id\":\"https:\\\/\\\/shannex.com\\\/fr\\\/la-difference-shannex\\\/foyers-de-soins-sans-murs\\\/#primaryimage\",\"url\":\"https:\\\/\\\/shannex.com\\\/wp-content\\\/uploads\\\/2024\\\/01\\\/Shannex-web-banner.png\",\"contentUrl\":\"https:\\\/\\\/shannex.com\\\/wp-content\\\/uploads\\\/2024\\\/01\\\/Shannex-web-banner.png\",\"width\":2405,\"height\":534},{\"@type\":\"BreadcrumbList\",\"@id\":\"https:\\\/\\\/shannex.com\\\/fr\\\/la-difference-shannex\\\/foyers-de-soins-sans-murs\\\/#breadcrumb\",\"itemListElement\":[{\"@type\":\"ListItem\",\"position\":1,\"name\":\"La diff\u00e9rence Shannex\",\"item\":\"https:\\\/\\\/shannex.com\\\/fr\\\/la-difference-shannex\\\/\"},{\"@type\":\"ListItem\",\"position\":2,\"name\":\"Foyers de soins sans murs\"}]},{\"@type\":\"WebSite\",\"@id\":\"https:\\\/\\\/shannex.com\\\/fr\\\/#website\",\"url\":\"https:\\\/\\\/shannex.com\\\/fr\\\/\",\"name\":\"Shannex\",\"description\":\"\",\"publisher\":{\"@id\":\"https:\\\/\\\/shannex.com\\\/fr\\\/#organization\"},\"potentialAction\":[{\"@type\":\"SearchAction\",\"target\":{\"@type\":\"EntryPoint\",\"urlTemplate\":\"https:\\\/\\\/shannex.com\\\/fr\\\/?s={search_term_string}\"},\"query-input\":{\"@type\":\"PropertyValueSpecification\",\"valueRequired\":true,\"valueName\":\"search_term_string\"}}],\"inLanguage\":\"fr-FR\"},{\"@type\":\"Organization\",\"@id\":\"https:\\\/\\\/shannex.com\\\/fr\\\/#organization\",\"name\":\"Shannex\",\"url\":\"https:\\\/\\\/shannex.com\\\/fr\\\/\",\"logo\":{\"@type\":\"ImageObject\",\"inLanguage\":\"fr-FR\",\"@id\":\"https:\\\/\\\/shannex.com\\\/fr\\\/#\\\/schema\\\/logo\\\/image\\\/\",\"url\":\"https:\\\/\\\/shannex.com\\\/wp-content\\\/uploads\\\/2022\\\/01\\\/shannex-logo.svg\",\"contentUrl\":\"https:\\\/\\\/shannex.com\\\/wp-content\\\/uploads\\\/2022\\\/01\\\/shannex-logo.svg\",\"width\":486,\"height\":91,\"caption\":\"Shannex\"},\"image\":{\"@id\":\"https:\\\/\\\/shannex.com\\\/fr\\\/#\\\/schema\\\/logo\\\/image\\\/\"}}]}<\/script>\n<!-- \/ Yoast SEO plugin. -->","yoast_head_json":{"title":"Foyers de soins sans murs","description":"Apprenez-en davantage sur le programme de Shannex qui est con\u00e7u pour approfondir les liens communautaires alors que nous concr\u00e9tisons notre vision d\u2019ouvrir la voie \u00e0 une vie meilleure.","robots":{"index":"index","follow":"follow","max-snippet":"max-snippet:-1","max-image-preview":"max-image-preview:large","max-video-preview":"max-video-preview:-1"},"canonical":"https:\/\/shannex.com\/fr\/la-difference-shannex\/foyers-de-soins-sans-murs\/","og_locale":"fr_FR","og_type":"article","og_title":"Foyers de soins sans murs","og_description":"Apprenez-en davantage sur le programme de Shannex qui est con\u00e7u pour approfondir les liens communautaires alors que nous concr\u00e9tisons notre vision d\u2019ouvrir la voie \u00e0 une vie meilleure.","og_url":"https:\/\/shannex.com\/fr\/la-difference-shannex\/foyers-de-soins-sans-murs\/","og_site_name":"Shannex","article_modified_time":"2026-02-27T19:37:37+00:00","og_image":[{"width":2405,"height":534,"url":"https:\/\/shannex.com\/wp-content\/uploads\/2024\/01\/Shannex-web-banner.png","type":"image\/png"}],"twitter_card":"summary_large_image","twitter_misc":{"Dur\u00e9e de lecture estim\u00e9e":"4 minutes"},"schema":{"@context":"https:\/\/schema.org","@graph":[{"@type":"WebPage","@id":"https:\/\/shannex.com\/fr\/la-difference-shannex\/foyers-de-soins-sans-murs\/","url":"https:\/\/shannex.com\/fr\/la-difference-shannex\/foyers-de-soins-sans-murs\/","name":"Foyers de soins sans murs","isPartOf":{"@id":"https:\/\/shannex.com\/fr\/#website"},"primaryImageOfPage":{"@id":"https:\/\/shannex.com\/fr\/la-difference-shannex\/foyers-de-soins-sans-murs\/#primaryimage"},"image":{"@id":"https:\/\/shannex.com\/fr\/la-difference-shannex\/foyers-de-soins-sans-murs\/#primaryimage"},"thumbnailUrl":"https:\/\/shannex.com\/wp-content\/uploads\/2024\/01\/Shannex-web-banner.png","datePublished":"2024-01-10T14:24:34+00:00","dateModified":"2026-02-27T19:37:37+00:00","description":"Apprenez-en davantage sur le programme de Shannex qui est con\u00e7u pour approfondir les liens communautaires alors que nous concr\u00e9tisons notre vision d\u2019ouvrir la voie \u00e0 une vie meilleure.","breadcrumb":{"@id":"https:\/\/shannex.com\/fr\/la-difference-shannex\/foyers-de-soins-sans-murs\/#breadcrumb"},"inLanguage":"fr-FR","potentialAction":[{"@type":"ReadAction","target":["https:\/\/shannex.com\/fr\/la-difference-shannex\/foyers-de-soins-sans-murs\/"]}]},{"@type":"ImageObject","inLanguage":"fr-FR","@id":"https:\/\/shannex.com\/fr\/la-difference-shannex\/foyers-de-soins-sans-murs\/#primaryimage","url":"https:\/\/shannex.com\/wp-content\/uploads\/2024\/01\/Shannex-web-banner.png","contentUrl":"https:\/\/shannex.com\/wp-content\/uploads\/2024\/01\/Shannex-web-banner.png","width":2405,"height":534},{"@type":"BreadcrumbList","@id":"https:\/\/shannex.com\/fr\/la-difference-shannex\/foyers-de-soins-sans-murs\/#breadcrumb","itemListElement":[{"@type":"ListItem","position":1,"name":"La diff\u00e9rence Shannex","item":"https:\/\/shannex.com\/fr\/la-difference-shannex\/"},{"@type":"ListItem","position":2,"name":"Foyers de soins sans murs"}]},{"@type":"WebSite","@id":"https:\/\/shannex.com\/fr\/#website","url":"https:\/\/shannex.com\/fr\/","name":"Shannex","description":"","publisher":{"@id":"https:\/\/shannex.com\/fr\/#organization"},"potentialAction":[{"@type":"SearchAction","target":{"@type":"EntryPoint","urlTemplate":"https:\/\/shannex.com\/fr\/?s={search_term_string}"},"query-input":{"@type":"PropertyValueSpecification","valueRequired":true,"valueName":"search_term_string"}}],"inLanguage":"fr-FR"},{"@type":"Organization","@id":"https:\/\/shannex.com\/fr\/#organization","name":"Shannex","url":"https:\/\/shannex.com\/fr\/","logo":{"@type":"ImageObject","inLanguage":"fr-FR","@id":"https:\/\/shannex.com\/fr\/#\/schema\/logo\/image\/","url":"https:\/\/shannex.com\/wp-content\/uploads\/2022\/01\/shannex-logo.svg","contentUrl":"https:\/\/shannex.com\/wp-content\/uploads\/2022\/01\/shannex-logo.svg","width":486,"height":91,"caption":"Shannex"},"image":{"@id":"https:\/\/shannex.com\/fr\/#\/schema\/logo\/image\/"}}]}},"_links":{"self":[{"href":"https:\/\/shannex.com\/fr\/wp-json\/wp\/v2\/pages\/21626","targetHints":{"allow":["GET"]}}],"collection":[{"href":"https:\/\/shannex.com\/fr\/wp-json\/wp\/v2\/pages"}],"about":[{"href":"https:\/\/shannex.com\/fr\/wp-json\/wp\/v2\/types\/page"}],"author":[{"embeddable":true,"href":"https:\/\/shannex.com\/fr\/wp-json\/wp\/v2\/users\/24"}],"replies":[{"embeddable":true,"href":"https:\/\/shannex.com\/fr\/wp-json\/wp\/v2\/comments?post=21626"}],"version-history":[{"count":0,"href":"https:\/\/shannex.com\/fr\/wp-json\/wp\/v2\/pages\/21626\/revisions"}],"up":[{"embeddable":true,"href":"https:\/\/shannex.com\/fr\/wp-json\/wp\/v2\/pages\/24043"}],"wp:featuredmedia":[{"embeddable":true,"href":"https:\/\/shannex.com\/fr\/wp-json\/wp\/v2\/media\/21583"}],"wp:attachment":[{"href":"https:\/\/shannex.com\/fr\/wp-json\/wp\/v2\/media?parent=21626"}],"curies":[{"name":"wp","href":"https:\/\/api.w.org\/{rel}","templated":true}]}}