{"id":22477,"date":"2024-02-29T09:08:45","date_gmt":"2024-02-29T13:08:45","guid":{"rendered":"https:\/\/shannex.com\/?page_id=22477"},"modified":"2024-02-29T09:27:29","modified_gmt":"2024-02-29T13:27:29","slug":"connections-magazine-2024","status":"publish","type":"page","link":"https:\/\/shannex.com\/fr\/news\/connections-magazine\/connections-magazine\/connections-magazine-2024\/","title":{"rendered":"Connections Magazine"},"content":{"rendered":"\n<div class=\"wp-block-columns is-layout-flex wp-container-core-columns-is-layout-28f84493 wp-block-columns-is-layout-flex\">\n<div class=\"wp-block-column is-layout-flow wp-block-column-is-layout-flow\">\n<div style=\"height:40px\" aria-hidden=\"true\" class=\"wp-block-spacer\"><\/div>\n\n\n<div class=\"yoast-breadcrumbs\"><span><span><a href=\"https:\/\/shannex.com\/fr\/news\/\">News<\/a><\/span> \u00a0\u00a0|\u00a0\u00a0 <span><a href=\"https:\/\/shannex.com\/fr\/news\/connections-magazine\/\">Connections Magazine<\/a><\/span> \u00a0\u00a0|\u00a0\u00a0 <span><a href=\"https:\/\/shannex.com\/fr\/news\/connections-magazine\/connections-magazine\/\">Connections Magazine<\/a><\/span> \u00a0\u00a0|\u00a0\u00a0 <span class=\"breadcrumb_last\" aria-current=\"page\">Connections Magazine<\/span><\/span><\/div>\n\n\n<div style=\"height:25px\" aria-hidden=\"true\" class=\"wp-block-spacer\"><\/div>\n\n\n<div class=\"title-with-icon\">\n    <h1>Connections Magazine<\/h1>\n    <img decoding=\"async\" src=\"https:\/\/shannex.com\/wp-content\/uploads\/2022\/01\/connects-mag-icon.svg\" aria-hidden=\"true\">\n<\/div><\/div>\n<\/div>\n\n\n<div class=\"connections\">\n    <div class=\"container\">\n        <div class=\"row\">\n            <h2>Winter 2024<\/h2>\n        <\/div>\n        <div class=\"connections__legend row\">\n            <div class=\"col-xs-12\">\n               \n                <div class=\"mr-4 pb-3\">\n                    <a href=\"\/news\/connections-magazine\/browse\">\n                        <h6 class=\"add-chevron-right\">Visionner les revues<\/h6>\n                    <\/a>\n                <\/div>\n                                    <a target=\"_blank\" class=\"mr-4 pb-3\" href=\"https:\/\/shannex.com\/wp-content\/uploads\/2024\/02\/Connections_Issue50_FEB2024_WEB.pdf\"><h6> T\u00e9l\u00e9charger la version imprim\u00e9e <i class=\"fal fa-download\"><\/i><\/h6><\/a>\n                                                <div class=\"addtoany_shortcode\"><div class=\"a2a_kit a2a_kit_size_32 addtoany_list\" data-a2a-url=\"https:\/\/shannex.com\/fr\/news\/connections-magazine\/connections-magazine\/connections-magazine-2024\/\" data-a2a-title=\"Connections Magazine\"><a class=\"a2a_dd addtoany_share_save addtoany_share\" href=\"https:\/\/www.addtoany.com\/share\"><img decoding=\"async\" src=\"\/wp-content\/themes\/shannex\/assets\/images\/share-icon.svg\" alt=\"Share\"><\/a><\/div><\/div> \n                <img decoding=\"async\" src=\"https:\/\/shannex.com\/wp-content\/uploads\/2024\/02\/Connections-Cover-232x300-1-1.jpg\" alt=\"\">\n                \n            <\/div>\n        <\/div>\n    <\/div>\n\n    <div class=\"connections--current\">\n        <h6 class=\"text-center\">Dans cette revue :<\/h6>\n        <div class=\"connections__thumb connections-thumbnails\" \n             \n        >\n                            <div class=\"story-card\">\n                    <div class=\"story-card--text has-background has-dark-blue-background-color\">\n                        <h5>Editor\u2019s Note\n                        <\/h5>\n                    <\/div>\n                    <div class=\"story-card__thumbnail\" style=\"background-image:url('https:\/\/shannex.com\/wp-content\/uploads\/2024\/02\/Parkland-at-the-Lakes-ladies-coffee-edited-scaled.jpg');\"><\/div>\n                <\/div>\n                            <div class=\"story-card\">\n                    <div class=\"story-card--text has-background has-dark-blue-background-color\">\n                        <h5>President&#8217;s Message\n                        <\/h5>\n                    <\/div>\n                    <div class=\"story-card__thumbnail\" style=\"background-image:url('https:\/\/shannex.com\/wp-content\/uploads\/2024\/02\/Celebration-of-Wreths.jpg');\"><\/div>\n                <\/div>\n                            <div class=\"story-card\">\n                    <div class=\"story-card--text has-background has-dark-blue-background-color\">\n                        <h5>Culinary Corner\n                        <\/h5>\n                    <\/div>\n                    <div class=\"story-card__thumbnail\" style=\"background-image:url('https:\/\/shannex.com\/wp-content\/uploads\/2024\/02\/chocolate_fudge.jpeg');\"><\/div>\n                <\/div>\n                            <div class=\"story-card\">\n                    <div class=\"story-card--text has-background has-dark-blue-background-color\">\n                        <h5>Christmas Lunch\n                        <\/h5>\n                    <\/div>\n                    <div class=\"story-card__thumbnail\" style=\"background-image:url('https:\/\/shannex.com\/wp-content\/uploads\/2024\/02\/BigHall.jpg');\"><\/div>\n                <\/div>\n                            <div class=\"story-card\">\n                    <div class=\"story-card--text has-background has-dark-blue-background-color\">\n                        <h5>Information Session\n                        <\/h5>\n                    <\/div>\n                    <div class=\"story-card__thumbnail\" style=\"background-image:url('https:\/\/shannex.com\/wp-content\/uploads\/2024\/02\/Parkland-at-Bedford-Square-Information-session-scaled.jpeg');\"><\/div>\n                <\/div>\n                            <div class=\"story-card\">\n                    <div class=\"story-card--text has-background has-dark-blue-background-color\">\n                        <h5>Meaningful Mentors\n                        <\/h5>\n                    <\/div>\n                    <div class=\"story-card__thumbnail\" style=\"background-image:url('https:\/\/shannex.com\/wp-content\/uploads\/2024\/02\/Chellcea-OBrien-Left-Shelley-Turner-Right-1-edited.jpg');\"><\/div>\n                <\/div>\n                            <div class=\"story-card\">\n                    <div class=\"story-card--text has-background has-dark-blue-background-color\">\n                        <h5>Clinical Corner\n                        <\/h5>\n                    <\/div>\n                    <div class=\"story-card__thumbnail\" style=\"background-image:url('https:\/\/shannex.com\/wp-content\/uploads\/2020\/12\/Resident-photo-Miramichi-vaccine-scaled-1.jpg');\"><\/div>\n                <\/div>\n                            <div class=\"story-card\">\n                    <div class=\"story-card--text has-background has-dark-blue-background-color\">\n                        <h5>President\u2019s Town Hall\n                        <\/h5>\n                    <\/div>\n                    <div class=\"story-card__thumbnail\" style=\"background-image:url('https:\/\/shannex.com\/wp-content\/uploads\/2024\/02\/presidents_townhall-scaled.jpeg');\"><\/div>\n                <\/div>\n                            <div class=\"story-card\">\n                    <div class=\"story-card--text has-background has-dark-blue-background-color\">\n                        <h5>Community Spirit Grants\n                        <\/h5>\n                    <\/div>\n                    <div class=\"story-card__thumbnail\" style=\"background-image:url('https:\/\/shannex.com\/wp-content\/uploads\/2024\/02\/SpiritGrants_SantaGroup-edited.jpg');\"><\/div>\n                <\/div>\n                            <div class=\"story-card\">\n                    <div class=\"story-card--text has-background has-dark-blue-background-color\">\n                        <h5>Shannex Crowned 2023 Carbon Hero\n                        <\/h5>\n                    <\/div>\n                    <div class=\"story-card__thumbnail\" style=\"background-image:url('https:\/\/shannex.com\/wp-content\/uploads\/2024\/02\/crowned-carbon-scaled.jpeg');\"><\/div>\n                <\/div>\n                            <div class=\"story-card\">\n                    <div class=\"story-card--text has-background has-dark-blue-background-color\">\n                        <h5>Transitional Care Centre\n                        <\/h5>\n                    <\/div>\n                    <div class=\"story-card__thumbnail\" style=\"background-image:url('https:\/\/shannex.com\/wp-content\/uploads\/2024\/02\/TransitionalCare3.jpg');\"><\/div>\n                <\/div>\n                            <div class=\"story-card\">\n                    <div class=\"story-card--text has-background has-dark-blue-background-color\">\n                        <h5>Whimsical Watercolours\n                        <\/h5>\n                    <\/div>\n                    <div class=\"story-card__thumbnail\" style=\"background-image:url('https:\/\/shannex.com\/wp-content\/uploads\/2024\/02\/Gary-PCP-scaled.jpg');\"><\/div>\n                <\/div>\n                            <div class=\"story-card\">\n                    <div class=\"story-card--text has-background has-dark-blue-background-color\">\n                        <h5>Heroes Tribute\n                        <\/h5>\n                    <\/div>\n                    <div class=\"story-card__thumbnail\" style=\"background-image:url('https:\/\/shannex.com\/wp-content\/uploads\/2024\/02\/MCpl-James-Greenlay-along-with-his-daughter-TH-CCA-Hannah-and-resident-Genevea-Blunston-scaled.jpg');\"><\/div>\n                <\/div>\n                            <div class=\"story-card\">\n                    <div class=\"story-card--text has-background has-dark-blue-background-color\">\n                        <h5>Order of New Brunswick\n                        <\/h5>\n                    <\/div>\n                    <div class=\"story-card__thumbnail\" style=\"background-image:url('https:\/\/shannex.com\/wp-content\/uploads\/2024\/02\/Joanne_E_McLeod_2-scaled.jpg');\"><\/div>\n                <\/div>\n                            <div class=\"story-card\">\n                    <div class=\"story-card--text has-background has-dark-blue-background-color\">\n                        <h5>A Lifetime Achievement Award\n                        <\/h5>\n                    <\/div>\n                    <div class=\"story-card__thumbnail\" style=\"background-image:url('https:\/\/shannex.com\/wp-content\/uploads\/2024\/02\/Dr-Swami.jpg');\"><\/div>\n                <\/div>\n                            <div class=\"story-card\">\n                    <div class=\"story-card--text has-background has-dark-blue-background-color\">\n                        <h5>Marion&#8217;s Creative Crafting\u00a0\u00a0\n                        <\/h5>\n                    <\/div>\n                    <div class=\"story-card__thumbnail\" style=\"background-image:url('https:\/\/shannex.com\/wp-content\/uploads\/2024\/02\/Marium-1-edited-scaled.jpg');\"><\/div>\n                <\/div>\n                            <div class=\"story-card\">\n                    <div class=\"story-card--text has-background has-dark-blue-background-color\">\n                        <h5>The Celebration of Diwali\n                        <\/h5>\n                    <\/div>\n                    <div class=\"story-card__thumbnail\" style=\"background-image:url('https:\/\/shannex.com\/wp-content\/uploads\/2024\/02\/Diwali-celebration-Parkland-Fredericton-edited-scaled.jpg');\"><\/div>\n                <\/div>\n                            <div class=\"story-card\">\n                    <div class=\"story-card--text has-background has-dark-blue-background-color\">\n                        <h5>We Care About Quality of Life\n                        <\/h5>\n                    <\/div>\n                    <div class=\"story-card__thumbnail\" style=\"background-image:url('https:\/\/shannex.com\/wp-content\/uploads\/2024\/01\/Angela-2.0-scaled.jpg');\"><\/div>\n                <\/div>\n                            <div class=\"story-card\">\n                    <div class=\"story-card--text has-background has-dark-blue-background-color\">\n                        <h5>Safer transfers, safer workplaces and safer c&#8230;\n                        <\/h5>\n                    <\/div>\n                    <div class=\"story-card__thumbnail\" style=\"background-image:url('https:\/\/shannex.com\/wp-content\/uploads\/2023\/10\/IMG_0639-scaled.jpeg');\"><\/div>\n                <\/div>\n                            <div class=\"story-card\">\n                    <div class=\"story-card--text has-background has-dark-blue-background-color\">\n                        <h5>Celebration of Wreaths\u00a0\n                        <\/h5>\n                    <\/div>\n                    <div class=\"story-card__thumbnail\" style=\"background-image:url('https:\/\/shannex.com\/wp-content\/uploads\/2023\/12\/Minister-Adams-with-Danielle-Starr-Maureen-and-Jason-scaled.jpg');\"><\/div>\n                <\/div>\n                            <div class=\"story-card\">\n                    <div class=\"story-card--text has-background has-dark-blue-background-color\">\n                        <h5>Powerful Poetry\n                        <\/h5>\n                    <\/div>\n                    <div class=\"story-card__thumbnail\" style=\"background-image:url('https:\/\/shannex.com\/wp-content\/uploads\/2024\/02\/PCP-Poetry-scaled.jpg');\"><\/div>\n                <\/div>\n                            <div class=\"story-card\">\n                    <div class=\"story-card--text has-background has-dark-blue-background-color\">\n                        <h5>We Caught You Being Safe\n                        <\/h5>\n                    <\/div>\n                    <div class=\"story-card__thumbnail\" style=\"background-image:url('https:\/\/shannex.com\/wp-content\/uploads\/2024\/01\/CYBS_Kim-Brown-2.0-scaled.jpg');\"><\/div>\n                <\/div>\n                            <div class=\"story-card\">\n                    <div class=\"story-card--text has-background has-dark-blue-background-color\">\n                        <h5>Culinary Centre Reaches New Safety Goal\n                        <\/h5>\n                    <\/div>\n                    <div class=\"story-card__thumbnail\" style=\"background-image:url('https:\/\/shannex.com\/wp-content\/uploads\/2024\/02\/Culinary-10-scaled.jpg');\"><\/div>\n                <\/div>\n                            <div class=\"story-card\">\n                    <div class=\"story-card--text has-background has-dark-blue-background-color\">\n                        <h5>Great People Portal Launches\n                        <\/h5>\n                    <\/div>\n                    <div class=\"story-card__thumbnail\" style=\"background-image:url('https:\/\/shannex.com\/wp-content\/uploads\/2024\/02\/Employee_Portal_Launch_Slide2_DEC2023-scaled.jpg');\"><\/div>\n                <\/div>\n                            <div class=\"story-card\">\n                    <div class=\"story-card--text has-background has-dark-blue-background-color\">\n                        <h5>Team Member Spotlight: Eric MacRae\u00a0\n                        <\/h5>\n                    <\/div>\n                    <div class=\"story-card__thumbnail\" style=\"background-image:url('https:\/\/shannex.com\/wp-content\/uploads\/2024\/02\/Eric_Team_Member_Spotlight.jpeg');\"><\/div>\n                <\/div>\n                            <div class=\"story-card\">\n                    <div class=\"story-card--text has-background has-dark-blue-background-color\">\n                        <h5>Melodies and Memories\n                        <\/h5>\n                    <\/div>\n                    <div class=\"story-card__thumbnail\" style=\"background-image:url('https:\/\/shannex.com\/wp-content\/uploads\/2024\/02\/KinderMusic2.jpeg');\"><\/div>\n                <\/div>\n                            <div class=\"story-card\">\n                    <div class=\"story-card--text has-background has-dark-blue-background-color\">\n                        <h5>Planning your preventative health care schedu&#8230;\n                        <\/h5>\n                    <\/div>\n                    <div class=\"story-card__thumbnail\" style=\"background-image:url('https:\/\/shannex.com\/wp-content\/uploads\/2024\/02\/HealthWellnessSafety_logo.png');\"><\/div>\n                <\/div>\n                            <div class=\"story-card\">\n                    <div class=\"story-card--text has-background has-dark-blue-background-color\">\n                        <h5>Excelling in Leadership Program\n                        <\/h5>\n                    <\/div>\n                    <div class=\"story-card__thumbnail\" style=\"background-image:url('https:\/\/shannex.com\/wp-content\/uploads\/2023\/12\/Shannex-_-Dal-Exec.-official.jpg');\"><\/div>\n                <\/div>\n                            <div class=\"story-card\">\n                    <div class=\"story-card--text has-background has-dark-blue-background-color\">\n                        <h5>Dorothy&#8217;s Rehabilitation Journey: Trium&#8230;\n                        <\/h5>\n                    <\/div>\n                    <div class=\"story-card__thumbnail\" style=\"background-image:url('https:\/\/shannex.com\/wp-content\/uploads\/2023\/11\/Rehab-success-1-edited-scaled.jpg');\"><\/div>\n                <\/div>\n                            <div class=\"story-card\">\n                    <div class=\"story-card--text has-background has-dark-blue-background-color\">\n                        <h5>Nia&#8217;s Melody at Parkland on the Glen\n                        <\/h5>\n                    <\/div>\n                    <div class=\"story-card__thumbnail\" style=\"background-image:url('https:\/\/shannex.com\/wp-content\/uploads\/2024\/01\/Ninas_Melody-rotated.jpeg');\"><\/div>\n                <\/div>\n                            <div class=\"story-card\">\n                    <div class=\"story-card--text has-background has-dark-blue-background-color\">\n                        <h5>Green Energy\n                        <\/h5>\n                    <\/div>\n                    <div class=\"story-card__thumbnail\" style=\"background-image:url('https:\/\/shannex.com\/wp-content\/uploads\/2024\/02\/ISO50000.jpg');\"><\/div>\n                <\/div>\n                            <div class=\"story-card\">\n                    <div class=\"story-card--text has-background has-dark-blue-background-color\">\n                        <h5>Meeting Community Needs\n                        <\/h5>\n                    <\/div>\n                    <div class=\"story-card__thumbnail\" style=\"background-image:url('https:\/\/shannex.com\/wp-content\/uploads\/2024\/01\/ocean-hall-build.jpeg');\"><\/div>\n                <\/div>\n                            <div class=\"story-card\">\n                    <div class=\"story-card--text has-background has-dark-blue-background-color\">\n                        <h5>New Communities\n                        <\/h5>\n                    <\/div>\n                    <div class=\"story-card__thumbnail\" style=\"background-image:url('https:\/\/shannex.com\/wp-content\/uploads\/2024\/02\/london-hall-edited.jpg');\"><\/div>\n                <\/div>\n                            <div class=\"story-card\">\n                    <div class=\"story-card--text has-background has-dark-blue-background-color\">\n                        <h5>Saving For Retirement\n                        <\/h5>\n                    <\/div>\n                    <div class=\"story-card__thumbnail\" style=\"background-image:url('https:\/\/shannex.com\/wp-content\/uploads\/2024\/02\/GreatRewards_logo.png');\"><\/div>\n                <\/div>\n                            <div class=\"story-card\">\n                    <div class=\"story-card--text has-background has-dark-blue-background-color\">\n                        <h5>Snapshots\n                        <\/h5>\n                    <\/div>\n                    <div class=\"story-card__thumbnail\" style=\"background-image:url('https:\/\/shannex.com\/wp-content\/uploads\/2024\/02\/PCP-Birthday_Ann-Roberts-and-Brenda-Phillips-scaled.jpeg');\"><\/div>\n                <\/div>\n                    <\/div>\n        <div class=\"slider-nav\">\n            <button type=\"button\" class=\"slick-prev\"><span class=\"sr-only\">Pr\u00e9c\u00e9dent<\/span><i class=\"fas fa-chevron-left\"><\/i><\/button>\n            <div class=\"slider-dots\"><\/div>\n            <button type=\"button\" class=\"slick-next\"><span class=\"sr-only\">Suivant<\/span><i class=\"fas fa-chevron-right\"><\/i><\/button>\n        <\/div>\n\n\n        <div class=\"connections__current-posts connections-posts\">\n                            <div>\n                    <article>\n                        <div class=\"row\">\n                            <div class=\"col-xs-12 col-lg-10 offset-lg-1 text-center\">\n                                <h1>Editor\u2019s Note <\/h1>\n                                                                <h5>21 f\u00e9vrier 2024<\/h5> \n                                                            <\/div>\n                        <\/div>\n                        <div class=\"row\">\n                            <div class=\"col-xs-12 col-lg-10 offset-lg-1\">\n                                \n<p class=\"has-text-align-left\"><\/p>\n\n\n\n<p>Happy New Year!<\/p>\n\n\n\n<p>Welcome to the 50<sup>th<\/sup> issue of <em>Connections<\/em>. Over the years, our team has lovingly created each edition and we feel privileged to share and celebrate extraordinary people and stories communities, including milestones, achievements, histories and special glimpses into everyday life at our Shannex, Parkland and Faubourg communities.&nbsp;&nbsp;<\/p>\n\n\n\n<p>This issue is no different. It is filled with beautiful, shared experiences between our <em>Great People<\/em>, residents, loved ones and community. Each one speaks to the special bonds that make our communities special and help those who live and work with us stay active, engaged, and celebrate the joy of life.\u00a0\u00a0<\/p>\n\n\n\n<p>Read about <a href=\"https:\/\/shannex.com\/?page_id=22477&amp;preview=true#article-10\">intergenerational activities for seniors and youth<\/a>, catch a glimpse of how team members are <a href=\"https:\/\/shannex.com\/?page_id=22477&amp;preview=true#article-15\">staying safe while achieving great accomplishments<\/a>, and view how teams work together to support residents, making sure they can reach their personal goals such as the touching <a href=\"https:\/\/shannex.com\/?page_id=22477&amp;preview=true#article-22\">rehabilitation story<\/a>.\u00a0\u00a0<\/p>\n\n\n\n<p>Enjoy these and many more stories in the following pages. As we embark on a new year, I hope it\u2019s filled with opportunities and new beginnings for you and your families.<\/p>\n\n\n\n<p>EDITOR: KATHERINE VANBUSKIRK<\/p>\n\n\n\n<figure class=\"wp-block-image alignleft size-large\"><img decoding=\"async\" width=\"2560\" height=\"1440\" src=\"https:\/\/shannex.com\/wp-content\/uploads\/2024\/02\/Parkland-at-the-Lakes-ladies-coffee-edited-scaled.jpg\" alt=\"\" class=\"wp-image-22480\" srcset=\"https:\/\/shannex.com\/wp-content\/uploads\/2024\/02\/Parkland-at-the-Lakes-ladies-coffee-edited-scaled.jpg 2560w, https:\/\/shannex.com\/wp-content\/uploads\/2024\/02\/Parkland-at-the-Lakes-ladies-coffee-edited-300x169.jpg 300w, https:\/\/shannex.com\/wp-content\/uploads\/2024\/02\/Parkland-at-the-Lakes-ladies-coffee-edited-1024x576.jpg 1024w, https:\/\/shannex.com\/wp-content\/uploads\/2024\/02\/Parkland-at-the-Lakes-ladies-coffee-edited-768x432.jpg 768w, https:\/\/shannex.com\/wp-content\/uploads\/2024\/02\/Parkland-at-the-Lakes-ladies-coffee-edited-1536x864.jpg 1536w, https:\/\/shannex.com\/wp-content\/uploads\/2024\/02\/Parkland-at-the-Lakes-ladies-coffee-edited-2048x1152.jpg 2048w\" sizes=\"(max-width: 2560px) 100vw, 2560px\" \/><figcaption class=\"wp-element-caption\"><em>Residents and team members from Parkland at the Lakes enjoying their PJ Party around the festive tree.<\/em><\/figcaption><\/figure>\n \n                            <\/div>\n                        <\/div>\n                    <\/article>\n                <\/div>\n                            <div>\n                    <article>\n                        <div class=\"row\">\n                            <div class=\"col-xs-12 col-lg-10 offset-lg-1 text-center\">\n                                <h1>President&#8217;s Message <\/h1>\n                                                                <h5>21 f\u00e9vrier 2024<\/h5> \n                                                            <\/div>\n                        <\/div>\n                        <div class=\"row\">\n                            <div class=\"col-xs-12 col-lg-10 offset-lg-1\">\n                                \n<div class=\"wp-block-columns is-layout-flex wp-container-core-columns-is-layout-28f84493 wp-block-columns-is-layout-flex\">\n<div class=\"wp-block-column is-layout-flow wp-block-column-is-layout-flow\">\n<p>Happy New Year and welcome to our Winter edition of <em>Connections<\/em>. As we continue through our 36<sup>th<\/sup> year of operation, we\u2019re also nearing the end of the first year of our 2023-2028 strategic plan which provides clear direction on how we\u2019ll achieve our vision of <em>Leading the Way to Better Living<\/em>.&nbsp;<\/p>\n\n\n\n<p>I am proud of the progress we are making, and this was validated by residents and families through the results of our annual Quality of Life survey. With more responses than ever before, we saw exceptional results and pointed feedback on areas of improvement.&nbsp;&nbsp;&nbsp;<\/p>\n\n\n\n<p>For us, 2024 will also be a season of growth, with a strong focus on creating additional long term care capacity in Nova Scotia and New Brunswick. Our government partners have placed their trust in us to help them achieve their goals and I am confident we will rise to the challenge.&nbsp;<\/p>\n\n\n\n<p>This year, we will also make progress on a new and innovative partnership with Nova Scotia Health to provide services at their province\u2019s first Transitional Care Centre in West Bedford. By supporting patients in their recovery, outside of an acute care setting, we\u2019re not only creating more hospital capacity, but filling the gap between traditional healthcare and community care.&nbsp;&nbsp;<\/p>\n\n\n\n<p>Shannex is at the forefront of healthcare innovation, and this means, we\u2019re increasing efforts to attract and keep healthcare talent \u2013 through mentorship and Work and Learn programs, through international recruitment missions \u2013 we&#8217;re dedicated to meeting the needs of our growing communities in a myriad of ways.&nbsp;<\/p>\n\n\n\n<p>Leading up to the holiday season, I had the opportunity to visit several of our locations. Whether we\u2019re gathered to raise funds for the Mental Health Foundation of Nova Scotia, hosting a holiday carnival on Eglington West, or serving a warm lunchtime meal for children in Saint John, I\u2019m honoured to be on your team and proud of how you live our values every day.&nbsp;<\/p>\n\n\n\n<p>I wish you good health and bright horizons for the new year ahead!&nbsp;&nbsp;<\/p>\n\n\n\n<p>Jason, President<\/p>\n<\/div>\n\n\n\n<div class=\"wp-block-column is-layout-flow wp-block-column-is-layout-flow\">\n<figure class=\"wp-block-image size-large\"><img decoding=\"async\" width=\"1024\" height=\"768\" src=\"https:\/\/shannex.com\/wp-content\/uploads\/2024\/02\/Celebration-of-Wreths-1024x768.jpg\" alt=\"\" class=\"wp-image-22397\" srcset=\"https:\/\/shannex.com\/wp-content\/uploads\/2024\/02\/Celebration-of-Wreths-1024x768.jpg 1024w, https:\/\/shannex.com\/wp-content\/uploads\/2024\/02\/Celebration-of-Wreths-300x225.jpg 300w, https:\/\/shannex.com\/wp-content\/uploads\/2024\/02\/Celebration-of-Wreths-768x576.jpg 768w, https:\/\/shannex.com\/wp-content\/uploads\/2024\/02\/Celebration-of-Wreths.jpg 1177w\" sizes=\"(max-width: 1024px) 100vw, 1024px\" \/><figcaption class=\"wp-element-caption\"><em>Nova Scotia Minister of Seniors and Long-Term Care Barbara Adams with Parkland at the Gardens General Manager Danielle McCormick, President and CEO of the Mental Health Foundation of Nova Scotia Starr Cunningham, Parkland at the Gardens resident and philanthropist Maureen Banyard and Shannex President Jason Shannon<\/em><\/figcaption><\/figure>\n<\/div>\n<\/div>\n \n                            <\/div>\n                        <\/div>\n                    <\/article>\n                <\/div>\n                            <div>\n                    <article>\n                        <div class=\"row\">\n                            <div class=\"col-xs-12 col-lg-10 offset-lg-1 text-center\">\n                                <h1>Culinary Corner <\/h1>\n                                                                <h5>21 f\u00e9vrier 2024<\/h5> \n                                                            <\/div>\n                        <\/div>\n                        <div class=\"row\">\n                            <div class=\"col-xs-12 col-lg-10 offset-lg-1\">\n                                \n<h3 class=\"wp-block-heading\"><strong>Peanut Butter Chocolate Fudge<\/strong><\/h3>\n\n\n\n<p>Created by: Henry Brown, Corporate Chef, NS<br><em>Soothing memories of fall with a sweet, decadent filling<\/em><\/p>\n\n\n\n<div class=\"wp-block-columns is-layout-flex wp-container-core-columns-is-layout-28f84493 wp-block-columns-is-layout-flex\">\n<div class=\"wp-block-column is-layout-flow wp-block-column-is-layout-flow\" style=\"flex-basis:33.33%\">\n<figure class=\"wp-block-image size-large\"><img decoding=\"async\" width=\"1024\" height=\"1024\" src=\"https:\/\/shannex.com\/wp-content\/uploads\/2024\/02\/chocolate_fudge-1024x1024.jpeg\" alt=\"\" class=\"wp-image-22413\" srcset=\"https:\/\/shannex.com\/wp-content\/uploads\/2024\/02\/chocolate_fudge-1024x1024.jpeg 1024w, https:\/\/shannex.com\/wp-content\/uploads\/2024\/02\/chocolate_fudge-300x300.jpeg 300w, https:\/\/shannex.com\/wp-content\/uploads\/2024\/02\/chocolate_fudge-150x150.jpeg 150w, https:\/\/shannex.com\/wp-content\/uploads\/2024\/02\/chocolate_fudge-768x768.jpeg 768w, https:\/\/shannex.com\/wp-content\/uploads\/2024\/02\/chocolate_fudge.jpeg 1200w\" sizes=\"(max-width: 1024px) 100vw, 1024px\" \/><\/figure>\n\n\n\n<div class=\"wp-block-columns is-layout-flex wp-container-core-columns-is-layout-28f84493 wp-block-columns-is-layout-flex\">\n<div class=\"wp-block-column is-layout-flow wp-block-column-is-layout-flow\">\n<hr class=\"wp-block-separator has-alpha-channel-opacity\"\/>\n\n\n\n<h4 class=\"wp-block-heading\">The Parkland Dining Experience<\/h4>\n\n\n\n<p>At Parkland, every detail has been considered to help you live your best life in retirement. Our culinary team takes pride in what they do and get to know each resident personally.&nbsp;<\/p>\n\n\n\n<p><a href=\"https:\/\/experienceparkland.com\/en\/discover-the-flavours-of-parkland\/\" target=\"_blank\" rel=\"noreferrer noopener\">Discover the flavours of Parkland<\/a><\/p>\n\n\n\n<p><\/p>\n<\/div>\n<\/div>\n<\/div>\n\n\n\n<div class=\"wp-block-column is-layout-flow wp-block-column-is-layout-flow\" style=\"flex-basis:66.66%\">\n<p><strong>Ingredients<\/strong><br>5 cups &#8211; Chocolate chips<\/p>\n\n\n\n<p>100 ml &#8211; Margarine<\/p>\n\n\n\n<p>200 ml &#8211; Peanut Butter<\/p>\n\n\n\n<p>450 ml &#8211; Sweetened condensed milk<\/p>\n\n\n\n<p><\/p>\n\n\n\n<p><strong>Method<\/strong><\/p>\n\n\n\n<ol class=\"wp-block-list\">\n<li>Melt margarine (on low heat) in a heavy-bottomed\u00a0pot then add in the remaining ingredients.<\/li>\n<\/ol>\n\n\n\n<p>2. Make sure all ingredients have melted.<\/p>\n\n\n\n<p>3. Spray a loaf pan with a little non-stick spray.\u00a0<\/p>\n\n\n\n<p>4. Pour into the loaf pan, and spread evenly.\u00a0<\/p>\n\n\n\n<p>5. Refrigerate overnight.\u00a0<\/p>\n\n\n\n<p>6. Cut and enjoy<\/p>\n<\/div>\n<\/div>\n\n\n\n<div class=\"wp-block-columns is-layout-flex wp-container-core-columns-is-layout-28f84493 wp-block-columns-is-layout-flex\">\n<div class=\"wp-block-column is-layout-flow wp-block-column-is-layout-flow\"><\/div>\n<\/div>\n \n                            <\/div>\n                        <\/div>\n                    <\/article>\n                <\/div>\n                            <div>\n                    <article>\n                        <div class=\"row\">\n                            <div class=\"col-xs-12 col-lg-10 offset-lg-1 text-center\">\n                                <h1>Christmas Lunch <\/h1>\n                                                                <h5>21 f\u00e9vrier 2024<\/h5> \n                                                            <\/div>\n                        <\/div>\n                        <div class=\"row\">\n                            <div class=\"col-xs-12 col-lg-10 offset-lg-1\">\n                                \n<h3 class=\"wp-block-heading\"><strong>Parkland Saint John<\/strong><\/h3>\n\n\n\n<p><\/p>\n\n\n\n<div class=\"wp-block-columns is-layout-flex wp-container-core-columns-is-layout-28f84493 wp-block-columns-is-layout-flex\">\n<div class=\"wp-block-column is-layout-flow wp-block-column-is-layout-flow\" style=\"flex-basis:33.33%\">\n<figure class=\"wp-block-image size-large\"><img decoding=\"async\" width=\"1024\" height=\"768\" src=\"https:\/\/shannex.com\/wp-content\/uploads\/2024\/02\/BigHall-1024x768.jpg\" alt=\"\" class=\"wp-image-22393\" srcset=\"https:\/\/shannex.com\/wp-content\/uploads\/2024\/02\/BigHall-1024x768.jpg 1024w, https:\/\/shannex.com\/wp-content\/uploads\/2024\/02\/BigHall-300x225.jpg 300w, https:\/\/shannex.com\/wp-content\/uploads\/2024\/02\/BigHall-768x576.jpg 768w, https:\/\/shannex.com\/wp-content\/uploads\/2024\/02\/BigHall-1536x1152.jpg 1536w, https:\/\/shannex.com\/wp-content\/uploads\/2024\/02\/BigHall-2048x1536.jpg 2048w\" sizes=\"(max-width: 1024px) 100vw, 1024px\" \/><figcaption class=\"wp-element-caption\"><em>Centennial School children, school staff, Parkland Saint John staff and residents enjoying Christmas lunch<\/em><\/figcaption><\/figure>\n<\/div>\n\n\n\n<div class=\"wp-block-column is-layout-flow wp-block-column-is-layout-flow\" style=\"flex-basis:66.66%\">\n<p>In the spirit of giving, the <a href=\"https:\/\/experienceparkland.com\/en\/locations\/parkland-saint-john\/\">Parkland Saint John<\/a> team prepared and served a special Christmas lunch to 350 children and staff members at Centennial School in Saint John, New Brunswick. Parkland Saint John elves, including residents and team members, served the delicious turkey buffet with all the fixings.<\/p>\n\n\n\n<p>Thank you to the team who made this festive lunch possible. A special thank you to Chef Terry who prepared the food and to Sous Chef Jeremy for being his right-hand man.<\/p>\n\n\n\n<p><br><\/p>\n<\/div>\n<\/div>\n\n\n\n<hr class=\"wp-block-separator has-alpha-channel-opacity\"\/>\n\n\n\n<div class=\"wp-block-columns is-layout-flex wp-container-core-columns-is-layout-28f84493 wp-block-columns-is-layout-flex\">\n<div class=\"wp-block-column is-layout-flow wp-block-column-is-layout-flow\">\n<h4 class=\"wp-block-heading\">The Parkland Dining Experience<\/h4>\n\n\n\n<p>At Parkland, every detail has been considered to help you live your best life in retirement. Our culinary team takes pride in what they do and strives to know each resident personally.&nbsp;<\/p>\n\n\n\n<p><a href=\"https:\/\/experienceparkland.com\/en\/discover-the-flavours-of-parkland\/\" target=\"_blank\" rel=\"noreferrer noopener\">Discover the flavours of Parkland<\/a><\/p>\n<\/div>\n<\/div>\n\n\n\n<div class=\"wp-block-columns is-layout-flex wp-container-core-columns-is-layout-28f84493 wp-block-columns-is-layout-flex\">\n<div class=\"wp-block-column is-layout-flow wp-block-column-is-layout-flow\"><\/div>\n<\/div>\n \n                            <\/div>\n                        <\/div>\n                    <\/article>\n                <\/div>\n                            <div>\n                    <article>\n                        <div class=\"row\">\n                            <div class=\"col-xs-12 col-lg-10 offset-lg-1 text-center\">\n                                <h1>Information Session <\/h1>\n                                                                <h5>21 f\u00e9vrier 2024<\/h5> \n                                                            <\/div>\n                        <\/div>\n                        <div class=\"row\">\n                            <div class=\"col-xs-12 col-lg-10 offset-lg-1\">\n                                \n<div style=\"height:44px\" aria-hidden=\"true\" class=\"wp-block-spacer\"><\/div>\n\n\n\n<div class=\"wp-block-columns is-layout-flex wp-container-core-columns-is-layout-28f84493 wp-block-columns-is-layout-flex\">\n<div class=\"wp-block-column is-layout-flow wp-block-column-is-layout-flow\">\n<figure class=\"wp-block-image size-large\"><img decoding=\"async\" width=\"1024\" height=\"768\" src=\"https:\/\/shannex.com\/wp-content\/uploads\/2024\/02\/Parkland-at-Bedford-Square-Information-session-1024x768.jpeg\" alt=\"\" class=\"wp-image-22351\" srcset=\"https:\/\/shannex.com\/wp-content\/uploads\/2024\/02\/Parkland-at-Bedford-Square-Information-session-1024x768.jpeg 1024w, https:\/\/shannex.com\/wp-content\/uploads\/2024\/02\/Parkland-at-Bedford-Square-Information-session-300x225.jpeg 300w, https:\/\/shannex.com\/wp-content\/uploads\/2024\/02\/Parkland-at-Bedford-Square-Information-session-768x576.jpeg 768w, https:\/\/shannex.com\/wp-content\/uploads\/2024\/02\/Parkland-at-Bedford-Square-Information-session-1536x1152.jpeg 1536w, https:\/\/shannex.com\/wp-content\/uploads\/2024\/02\/Parkland-at-Bedford-Square-Information-session-2048x1536.jpeg 2048w\" sizes=\"(max-width: 1024px) 100vw, 1024px\" \/><figcaption class=\"wp-element-caption\"><em>Kristina Comuzzi, Director of Sales and Jodi Bartlett, Sales&nbsp;Manager, New Developments, presenting at the Parkland at&nbsp;Bedford Square Information Session.<\/em><\/figcaption><\/figure>\n<\/div>\n\n\n\n<div class=\"wp-block-column is-layout-flow wp-block-column-is-layout-flow\">\n<h4 class=\"wp-block-heading\">Parkland at Bedford Square<\/h4>\n\n\n\n<p class=\"has-medium-font-size\">On November 16th and 30th, over 300 guests were\u00a0introduced to <a href=\"https:\/\/experienceparkland.com\/en\/locations\/parkland-bedford-square\/\">Parkland at Bedford Square<\/a>.\u00a0Information sessions were held at Home Office,\u00a0located across the street from the developing\u00a0community. <\/p>\n\n\n\n<p class=\"has-medium-font-size\">Guests learned about the amenities,&nbsp;continuum of lifestyle options, and the many exciting&nbsp;features that will be coming to the new space. <\/p>\n\n\n\n<p><a href=\"https:\/\/www.facebook.com\/experienceparkland\/events\">View upcoming Parkland events<\/a><\/p>\n<\/div>\n<\/div>\n \n                            <\/div>\n                        <\/div>\n                    <\/article>\n                <\/div>\n                            <div>\n                    <article>\n                        <div class=\"row\">\n                            <div class=\"col-xs-12 col-lg-10 offset-lg-1 text-center\">\n                                <h1>Meaningful Mentors <\/h1>\n                                                                <h5>21 f\u00e9vrier 2024<\/h5> \n                                                            <\/div>\n                        <\/div>\n                        <div class=\"row\">\n                            <div class=\"col-xs-12 col-lg-10 offset-lg-1\">\n                                \n<div style=\"height:32px\" aria-hidden=\"true\" class=\"wp-block-spacer\"><\/div>\n\n\n\n<div class=\"wp-block-group alignwide is-layout-constrained wp-block-group-is-layout-constrained\">\n<div class=\"wp-block-columns alignwide is-layout-flex wp-container-core-columns-is-layout-28f84493 wp-block-columns-is-layout-flex\">\n<div class=\"wp-block-column is-layout-flow wp-block-column-is-layout-flow\" style=\"flex-basis:66.66%\"><\/div>\n<\/div>\n\n\n\n<div class=\"wp-block-columns is-layout-flex wp-container-core-columns-is-layout-28f84493 wp-block-columns-is-layout-flex\">\n<div class=\"wp-block-column is-layout-flow wp-block-column-is-layout-flow\">\n<h3 class=\"wp-block-heading\">Colchester\/Cumberland Region Enhanced Care<\/h3>\n\n\n\n<p class=\"has-medium-font-size\">Sixteen continuing care assistants attended the newly rebooted CCA mentorship session held in the Colchester\/Cumberland, NS region by Education Coordinator Jayne Barnhill.\u00a0\u00a0\u00a0<\/p>\n\n\n\n<p class=\"has-medium-font-size\">&#8220;I&#8217;m grateful for Jayne and all the team members who stepped forward to mentor our new staff and students,&#8221; said Kyle Richardson, the Enhanced Care Regional Manager.<\/p>\n\n\n\n<p class=\"has-medium-font-size\">Mentors at Shannex assist with the orientation of new employees and preceptor CCA students. Each Shannex mentor received a new scrub top with <em>Mentor<\/em> embroidered on the side of the sleeve to recognize the great work they do every day!\u00a0\u00a0\u00a0<\/p>\n<\/div>\n<\/div>\n<\/div>\n\n\n\n<hr class=\"wp-block-separator has-alpha-channel-opacity\"\/>\n\n\n\n<p><a href=\"https:\/\/shannex.com\/careers\/healthcare-clinical-careers\/?GA_network=g&amp;GA_device=c&amp;GA_campaign=18602212696&amp;GA_adgroup=142051028123&amp;GA_target=&amp;GA_placement=&amp;GA_creative=668001467986&amp;GA_extension=&amp;GA_keyword=care%20home%20jobs&amp;GA_loc_physical_ms=9000092&amp;GA_landingpage=https:\/\/shannex.com\/careers\/healthcare-clinical-careers\/&amp;gad_source=1&amp;gclid=CjwKCAiA29auBhBxEiwAnKcSqqOOkGf-xaQtVzdY_3xZ1lKmAFQ00ltH0Ip6wxmsVkuEcCngJ8X7choC3acQAvD_BwE\">Learn about Healthcare and Clinical careers at Shannex<\/a><\/p>\n\n\n\n<div class=\"wp-block-columns is-layout-flex wp-container-core-columns-is-layout-28f84493 wp-block-columns-is-layout-flex\">\n<div class=\"wp-block-column is-layout-flow wp-block-column-is-layout-flow\">\n<figure class=\"wp-block-image size-large\"><img decoding=\"async\" width=\"1652\" height=\"1652\" src=\"https:\/\/shannex.com\/wp-content\/uploads\/2024\/02\/From-left-Frances-Riemersma-Donna-MacDermid-Ashley-Googoo-Sherry-Rath-1-edited.jpg\" alt=\"\" class=\"wp-image-22639\" srcset=\"https:\/\/shannex.com\/wp-content\/uploads\/2024\/02\/From-left-Frances-Riemersma-Donna-MacDermid-Ashley-Googoo-Sherry-Rath-1-edited.jpg 1652w, https:\/\/shannex.com\/wp-content\/uploads\/2024\/02\/From-left-Frances-Riemersma-Donna-MacDermid-Ashley-Googoo-Sherry-Rath-1-edited-300x300.jpg 300w, https:\/\/shannex.com\/wp-content\/uploads\/2024\/02\/From-left-Frances-Riemersma-Donna-MacDermid-Ashley-Googoo-Sherry-Rath-1-edited-1024x1024.jpg 1024w, https:\/\/shannex.com\/wp-content\/uploads\/2024\/02\/From-left-Frances-Riemersma-Donna-MacDermid-Ashley-Googoo-Sherry-Rath-1-edited-150x150.jpg 150w, https:\/\/shannex.com\/wp-content\/uploads\/2024\/02\/From-left-Frances-Riemersma-Donna-MacDermid-Ashley-Googoo-Sherry-Rath-1-edited-768x768.jpg 768w, https:\/\/shannex.com\/wp-content\/uploads\/2024\/02\/From-left-Frances-Riemersma-Donna-MacDermid-Ashley-Googoo-Sherry-Rath-1-edited-1536x1536.jpg 1536w\" sizes=\"(max-width: 1652px) 100vw, 1652px\" \/><figcaption class=\"wp-element-caption\"><em>CCAs Frances Riemersma, Donna MacDermid, Ashley&nbsp;Googoo, Sherry Rath<\/em><\/figcaption><\/figure>\n<\/div>\n\n\n\n<div class=\"wp-block-column is-layout-flow wp-block-column-is-layout-flow\">\n<figure class=\"wp-block-image size-large\"><img decoding=\"async\" width=\"1581\" height=\"1582\" src=\"https:\/\/shannex.com\/wp-content\/uploads\/2024\/02\/Chellcea-OBrien-Left-Shelley-Turner-Right-1-edited.jpg\" alt=\"\" class=\"wp-image-22643\" srcset=\"https:\/\/shannex.com\/wp-content\/uploads\/2024\/02\/Chellcea-OBrien-Left-Shelley-Turner-Right-1-edited.jpg 1581w, https:\/\/shannex.com\/wp-content\/uploads\/2024\/02\/Chellcea-OBrien-Left-Shelley-Turner-Right-1-edited-300x300.jpg 300w, https:\/\/shannex.com\/wp-content\/uploads\/2024\/02\/Chellcea-OBrien-Left-Shelley-Turner-Right-1-edited-1024x1024.jpg 1024w, https:\/\/shannex.com\/wp-content\/uploads\/2024\/02\/Chellcea-OBrien-Left-Shelley-Turner-Right-1-edited-150x150.jpg 150w, https:\/\/shannex.com\/wp-content\/uploads\/2024\/02\/Chellcea-OBrien-Left-Shelley-Turner-Right-1-edited-768x768.jpg 768w, https:\/\/shannex.com\/wp-content\/uploads\/2024\/02\/Chellcea-OBrien-Left-Shelley-Turner-Right-1-edited-1536x1536.jpg 1536w\" sizes=\"(max-width: 1581px) 100vw, 1581px\" \/><figcaption class=\"wp-element-caption\"><em>CCAs Chellcea O\u2019Brien and Shelley Turner&nbsp;<\/em><\/figcaption><\/figure>\n<\/div>\n\n\n\n<div class=\"wp-block-column is-layout-flow wp-block-column-is-layout-flow\">\n<figure class=\"wp-block-image size-large\"><img decoding=\"async\" width=\"1608\" height=\"1608\" src=\"https:\/\/shannex.com\/wp-content\/uploads\/2024\/02\/Tina-Lent-1-edited.jpg\" alt=\"\" class=\"wp-image-22647\" srcset=\"https:\/\/shannex.com\/wp-content\/uploads\/2024\/02\/Tina-Lent-1-edited.jpg 1608w, https:\/\/shannex.com\/wp-content\/uploads\/2024\/02\/Tina-Lent-1-edited-300x300.jpg 300w, https:\/\/shannex.com\/wp-content\/uploads\/2024\/02\/Tina-Lent-1-edited-1024x1024.jpg 1024w, https:\/\/shannex.com\/wp-content\/uploads\/2024\/02\/Tina-Lent-1-edited-150x150.jpg 150w, https:\/\/shannex.com\/wp-content\/uploads\/2024\/02\/Tina-Lent-1-edited-768x768.jpg 768w, https:\/\/shannex.com\/wp-content\/uploads\/2024\/02\/Tina-Lent-1-edited-1536x1536.jpg 1536w\" sizes=\"(max-width: 1608px) 100vw, 1608px\" \/><figcaption class=\"wp-element-caption\"><em>Tina Lent, CCA<\/em><\/figcaption><\/figure>\n<\/div>\n<\/div>\n \n                            <\/div>\n                        <\/div>\n                    <\/article>\n                <\/div>\n                            <div>\n                    <article>\n                        <div class=\"row\">\n                            <div class=\"col-xs-12 col-lg-10 offset-lg-1 text-center\">\n                                <h1>Clinical Corner <\/h1>\n                                                                <h5>21 f\u00e9vrier 2024<\/h5> \n                                                            <\/div>\n                        <\/div>\n                        <div class=\"row\">\n                            <div class=\"col-xs-12 col-lg-10 offset-lg-1\">\n                                \n<div style=\"height:32px\" aria-hidden=\"true\" class=\"wp-block-spacer\"><\/div>\n\n\n\n<div class=\"wp-block-columns is-layout-flex wp-container-core-columns-is-layout-28f84493 wp-block-columns-is-layout-flex\">\n<div class=\"wp-block-column is-layout-flow wp-block-column-is-layout-flow\">\n<figure class=\"wp-block-image size-large\"><img decoding=\"async\" width=\"1024\" height=\"683\" src=\"https:\/\/shannex.com\/wp-content\/uploads\/2020\/12\/Resident-photo-Miramichi-vaccine-scaled-1-1024x683.jpg\" alt=\"\" class=\"wp-image-7439\" srcset=\"https:\/\/shannex.com\/wp-content\/uploads\/2020\/12\/Resident-photo-Miramichi-vaccine-scaled-1-1024x683.jpg 1024w, https:\/\/shannex.com\/wp-content\/uploads\/2020\/12\/Resident-photo-Miramichi-vaccine-scaled-1-300x200.jpg 300w, https:\/\/shannex.com\/wp-content\/uploads\/2020\/12\/Resident-photo-Miramichi-vaccine-scaled-1-768x512.jpg 768w, https:\/\/shannex.com\/wp-content\/uploads\/2020\/12\/Resident-photo-Miramichi-vaccine-scaled-1-1536x1024.jpg 1536w, https:\/\/shannex.com\/wp-content\/uploads\/2020\/12\/Resident-photo-Miramichi-vaccine-scaled-1-2048x1366.jpg 2048w\" sizes=\"(max-width: 1024px) 100vw, 1024px\" \/><figcaption class=\"wp-element-caption\"><em>Mrs. Pauline Gauvin, Losier Hall resident<\/em><\/figcaption><\/figure>\n<\/div>\n\n\n\n<div class=\"wp-block-column is-layout-flow wp-block-column-is-layout-flow\">\n<h3 class=\"wp-block-heading\">Flu Season<\/h3>\n\n\n\n<p>By age 65 you\u2019re at a much higher risk for serious complications from the flu.&nbsp;Flu symptoms appear 1 to 4 days after exposure to the virus. Usually, they include the sudden appearance of:&nbsp;<\/p>\n\n\n\n<ul class=\"wp-block-list\">\n<li>fever&nbsp;<\/li>\n\n\n\n<li>cough&nbsp;<\/li>\n\n\n\n<li>muscle aches and pain&nbsp;<\/li>\n<\/ul>\n\n\n\n<p>If you do get sick, stay home to help prevent the spread of the flu. Avoid close contact with other people until you feel well enough to get back to your usual day-to-day activities.&nbsp; Most people recover from the flu in 7 to 10 days.&nbsp;<\/p>\n<\/div>\n<\/div>\n\n\n\n<div class=\"wp-block-columns is-layout-flex wp-container-core-columns-is-layout-28f84493 wp-block-columns-is-layout-flex\">\n<div class=\"wp-block-column is-layout-flow wp-block-column-is-layout-flow\" style=\"flex-basis:66.66%\"><\/div>\n<\/div>\n \n                            <\/div>\n                        <\/div>\n                    <\/article>\n                <\/div>\n                            <div>\n                    <article>\n                        <div class=\"row\">\n                            <div class=\"col-xs-12 col-lg-10 offset-lg-1 text-center\">\n                                <h1>President\u2019s Town Hall <\/h1>\n                                                                <h5>21 f\u00e9vrier 2024<\/h5> \n                                                            <\/div>\n                        <\/div>\n                        <div class=\"row\">\n                            <div class=\"col-xs-12 col-lg-10 offset-lg-1\">\n                                \n<div style=\"height:32px\" aria-hidden=\"true\" class=\"wp-block-spacer\"><\/div>\n\n\n\n<div class=\"wp-block-columns is-layout-flex wp-container-core-columns-is-layout-28f84493 wp-block-columns-is-layout-flex\">\n<div class=\"wp-block-column is-layout-flow wp-block-column-is-layout-flow\">\n<div class=\"wp-block-columns is-layout-flex wp-container-core-columns-is-layout-28f84493 wp-block-columns-is-layout-flex\">\n<div class=\"wp-block-column is-layout-flow wp-block-column-is-layout-flow\" style=\"flex-basis:66.66%\">\n<h4 class=\"wp-block-heading\">Home Office<\/h4>\n\n\n\n<p>Our second All-Hands President\u2019s Town Hall took place on December 5. The leadership team updated our <em>Great People<\/em> on several organizational initiatives like <a href=\"https:\/\/shannex.com\/qol\/\">Quality of Life <\/a>and <a href=\"https:\/\/shannex.com\/shannexcares\/\">Shannex Cares<\/a> and also discussed how we\u2019re working with governments in Nova Scotia and New Brunswick to meet their communities&#8217; needs for more long-term care.\u00a0\u00a0<\/p>\n\n\n\n<p>Shannex hosts Town Hall meetings quarterly to bring our teams across three provinces together to celebrate successes and share important updates.&nbsp;&nbsp;<\/p>\n<\/div>\n\n\n\n<div class=\"wp-block-column is-layout-flow wp-block-column-is-layout-flow\" style=\"flex-basis:33.33%\">\n<figure class=\"wp-block-image size-large\"><img decoding=\"async\" width=\"2560\" height=\"1440\" src=\"https:\/\/shannex.com\/wp-content\/uploads\/2024\/02\/presidents_townhall-edited-scaled.jpeg\" alt=\"\" class=\"wp-image-22497\" srcset=\"https:\/\/shannex.com\/wp-content\/uploads\/2024\/02\/presidents_townhall-edited-scaled.jpeg 2560w, https:\/\/shannex.com\/wp-content\/uploads\/2024\/02\/presidents_townhall-edited-300x169.jpeg 300w, https:\/\/shannex.com\/wp-content\/uploads\/2024\/02\/presidents_townhall-edited-1024x576.jpeg 1024w, https:\/\/shannex.com\/wp-content\/uploads\/2024\/02\/presidents_townhall-edited-768x432.jpeg 768w, https:\/\/shannex.com\/wp-content\/uploads\/2024\/02\/presidents_townhall-edited-1536x864.jpeg 1536w, https:\/\/shannex.com\/wp-content\/uploads\/2024\/02\/presidents_townhall-edited-2048x1152.jpeg 2048w\" sizes=\"(max-width: 2560px) 100vw, 2560px\" \/><\/figure>\n<\/div>\n<\/div>\n<\/div>\n<\/div>\n \n                            <\/div>\n                        <\/div>\n                    <\/article>\n                <\/div>\n                            <div>\n                    <article>\n                        <div class=\"row\">\n                            <div class=\"col-xs-12 col-lg-10 offset-lg-1 text-center\">\n                                <h1>Community Spirit Grants <\/h1>\n                                                                <h5>21 f\u00e9vrier 2024<\/h5> \n                                                            <\/div>\n                        <\/div>\n                        <div class=\"row\">\n                            <div class=\"col-xs-12 col-lg-10 offset-lg-1\">\n                                \n<div style=\"height:51px\" aria-hidden=\"true\" class=\"wp-block-spacer\"><\/div>\n\n\n\n<h4 class=\"wp-block-heading\">Through Shannex Cares, we are proud to partner with like-minded Elder Allies in our communities to influence positive change in the lives of seniors.<\/h4>\n\n\n\n<div class=\"wp-block-columns is-layout-flex wp-container-core-columns-is-layout-28f84493 wp-block-columns-is-layout-flex\">\n<div class=\"wp-block-column is-layout-flow wp-block-column-is-layout-flow\" style=\"flex-basis:33.33%\">\n<p>Our journey of supporting seniors started 35 years ago but, in the fall of 2022, we launched <a href=\"https:\/\/shannex.com\/shannexcares\/\">Shannex Cares<\/a>, our community giving program. Through Shannex Cares, we associate ourselves with like-minded elder allies in the community. This allows us to build strong connections between the people who live and work with us and the greater community, influence real change and make a difference in the lives of seniors.&nbsp;&nbsp;&nbsp;<\/p>\n\n\n\n<p>On November 28, Giving Tuesday, we announced the latest recipients of our <a href=\"https:\/\/shannex.com\/shannexcares\/community-spirit-grant\/\">Shannex Cares Community Spirit Grants<\/a>. Nine organizations in New Brunswick, Nova Scotia and Ontario that support projects and initiatives within our focus areas of seniors\u2019 wellness, seniors\u2019 active living, and seniors\u2019 social connections were each awarded a $2,500 Community Spirit Grant to support more seniors in their community. Congratulations to everyone!&nbsp;<\/p>\n\n\n\n<ul class=\"wp-block-list\">\n<li>Meals on Wheels Fredericton&nbsp;<\/li>\n\n\n\n<li>Moncton Lions Community Centre&nbsp;<\/li>\n\n\n\n<li>YMCA of Greater Saint John&nbsp;<\/li>\n\n\n\n<li>Stepping Stone Senior Centre in Fredericton &nbsp;<\/li>\n\n\n\n<li>Lucasville Community Association&nbsp;<\/li>\n\n\n\n<li>Portapique Market&nbsp;<\/li>\n\n\n\n<li>Sackville Seniors Advisory Council &nbsp;<\/li>\n\n\n\n<li>Operation Kindness Colchester&nbsp;<\/li>\n\n\n\n<li>Alzheimer Society of Durham Region&nbsp;<\/li>\n<\/ul>\n\n\n\n<p><a href=\"https:\/\/shannex.com\/news-announcements\/joan-craig-bursary-a-legacy-of-inspiration\/\">Learn about Shannex Cares<\/a><\/p>\n<\/div>\n\n\n\n<div class=\"wp-block-column is-layout-flow wp-block-column-is-layout-flow\" style=\"flex-basis:66.66%\">\n<figure class=\"wp-block-image size-full\"><img decoding=\"async\" width=\"625\" height=\"391\" src=\"https:\/\/shannex.com\/wp-content\/uploads\/2024\/02\/SpiritGrants_SantaGroup-edited.jpg\" alt=\"\" class=\"wp-image-22501\" srcset=\"https:\/\/shannex.com\/wp-content\/uploads\/2024\/02\/SpiritGrants_SantaGroup-edited.jpg 625w, https:\/\/shannex.com\/wp-content\/uploads\/2024\/02\/SpiritGrants_SantaGroup-edited-300x188.jpg 300w\" sizes=\"(max-width: 625px) 100vw, 625px\" \/><figcaption class=\"wp-element-caption\"><em>Operation Kindness Volunteers<\/em><\/figcaption><\/figure>\n<\/div>\n<\/div>\n \n                            <\/div>\n                        <\/div>\n                    <\/article>\n                <\/div>\n                            <div>\n                    <article>\n                        <div class=\"row\">\n                            <div class=\"col-xs-12 col-lg-10 offset-lg-1 text-center\">\n                                <h1>Shannex Crowned 2023 Carbon Hero <\/h1>\n                                                                <h5>21 f\u00e9vrier 2024<\/h5> \n                                                            <\/div>\n                        <\/div>\n                        <div class=\"row\">\n                            <div class=\"col-xs-12 col-lg-10 offset-lg-1\">\n                                \n<div style=\"height:44px\" aria-hidden=\"true\" class=\"wp-block-spacer\"><\/div>\n\n\n\n<div class=\"wp-block-columns is-layout-flex wp-container-core-columns-is-layout-28f84493 wp-block-columns-is-layout-flex\">\n<div class=\"wp-block-column is-layout-flow wp-block-column-is-layout-flow\">\n<figure class=\"wp-block-image size-large\"><img decoding=\"async\" width=\"1024\" height=\"768\" src=\"https:\/\/shannex.com\/wp-content\/uploads\/2024\/02\/crowned-carbon-1024x768.jpeg\" alt=\"\" class=\"wp-image-22419\" srcset=\"https:\/\/shannex.com\/wp-content\/uploads\/2024\/02\/crowned-carbon-1024x768.jpeg 1024w, https:\/\/shannex.com\/wp-content\/uploads\/2024\/02\/crowned-carbon-300x225.jpeg 300w, https:\/\/shannex.com\/wp-content\/uploads\/2024\/02\/crowned-carbon-768x576.jpeg 768w, https:\/\/shannex.com\/wp-content\/uploads\/2024\/02\/crowned-carbon-1536x1152.jpeg 1536w, https:\/\/shannex.com\/wp-content\/uploads\/2024\/02\/crowned-carbon-2048x1536.jpeg 2048w\" sizes=\"(max-width: 1024px) 100vw, 1024px\" \/><figcaption class=\"wp-element-caption\"><em>Kim MacDonald, Shannex VP of Property and Support Services accepts the 2023 Carbon Hero Award<\/em><\/figcaption><\/figure>\n<\/div>\n\n\n\n<div class=\"wp-block-column is-layout-flow wp-block-column-is-layout-flow\">\n<p><br>In December, Shannex received the prestigious Carbon Hero Award at <a href=\"https:\/\/bomanovascotia.com\/program\">BOMA Nova Scotia&#8217;s Annual Holiday Luncheon<\/a>. The award was presented in recognition of our outstanding commitment to environmental stewardship and the reduction of greenhouse gas emissions. We are proud of this accolade which not only commends our efforts, but also recognizes our leadership work in the fight against climate change.\u00a0\u00a0<\/p>\n\n\n\n<p>We believe that everyone has a role to play in protecting the environment and that sustainable actions are more impactful when done together. We are the first Canadian Seniors\u2019 Living Organization to receive ISO 50001 Certification and, in 2020, the organization implemented the <a href=\"https:\/\/shannex.com\/news-announcements\/shannex-leverages-ecopilot-ai-to-reduce-ghg-across-31-communities-in-atlantic-canada-and-ontario\/\">Ecopilot\u00ae AI for HVAC software in seven communities<\/a>. <\/p>\n\n\n\n<p>Based on the success of this work, Shannex will install the AI solution across 24 more buildings, an ambitious project that is projected to save 3,830,000 KWh \u2013 or the equivalent of powering nearly 350 homes for an entire year!\u00a0<\/p>\n\n\n\n<hr class=\"wp-block-separator has-alpha-channel-opacity\"\/>\n\n\n\n<p><strong>Learn how Shannex is committed to protecting the environment with an action plan that transforms the way we prioritize sustainability.\u00a0<\/strong><\/p>\n\n\n\n<p>Strategic Direction:&nbsp;<a href=\"https:\/\/shannex.com\/strategicplan\/#Environmental-Stewardship\">Environmental Stewardship<\/a><\/p>\n<\/div>\n<\/div>\n\n\n\n<div class=\"wp-block-columns is-layout-flex wp-container-core-columns-is-layout-28f84493 wp-block-columns-is-layout-flex\">\n<div class=\"wp-block-column is-layout-flow wp-block-column-is-layout-flow\"><\/div>\n<\/div>\n \n                            <\/div>\n                        <\/div>\n                    <\/article>\n                <\/div>\n                            <div>\n                    <article>\n                        <div class=\"row\">\n                            <div class=\"col-xs-12 col-lg-10 offset-lg-1 text-center\">\n                                <h1>Transitional Care Centre <\/h1>\n                                                                <h5>21 f\u00e9vrier 2024<\/h5> \n                                                            <\/div>\n                        <\/div>\n                        <div class=\"row\">\n                            <div class=\"col-xs-12 col-lg-10 offset-lg-1\">\n                                \n<h1 class=\"wp-block-heading\">West Bedford<\/h1>\n\n\n\n<div class=\"wp-block-columns is-layout-flex wp-container-core-columns-is-layout-28f84493 wp-block-columns-is-layout-flex\">\n<div class=\"wp-block-column is-layout-flow wp-block-column-is-layout-flow\" style=\"flex-basis:33.33%\">\n<figure class=\"wp-block-image size-full\"><img decoding=\"async\" width=\"930\" height=\"417\" src=\"https:\/\/shannex.com\/wp-content\/uploads\/2024\/02\/TransitionalCare3.jpg\" alt=\"\" class=\"wp-image-22153\" srcset=\"https:\/\/shannex.com\/wp-content\/uploads\/2024\/02\/TransitionalCare3.jpg 930w, https:\/\/shannex.com\/wp-content\/uploads\/2024\/02\/TransitionalCare3-300x135.jpg 300w, https:\/\/shannex.com\/wp-content\/uploads\/2024\/02\/TransitionalCare3-768x344.jpg 768w\" sizes=\"(max-width: 930px) 100vw, 930px\" \/><figcaption class=\"wp-element-caption\"><em>Transitional Care Centre, Hogan Court, West Bedford, NS<\/em><\/figcaption><\/figure>\n<\/div>\n\n\n\n<div class=\"wp-block-column is-layout-flow wp-block-column-is-layout-flow\" style=\"flex-basis:66.66%\">\n<p>Shannex will provide health care services at Nova Scotia Health\u2019s new Transitional Care Centre in West Bedford, Nova Scotia.<\/p>\n\n\n\n<p>The model of care offered at this centre is designed to provide enhanced short-term services for patients who have completed their acute hospital stay but need more support before returning to the community. This innovative program fills a gap in the continuum of health services available to Nova Scotians between hospital care and community. <\/p>\n\n\n\n<p>At the Transitional Care Centre, patients will partner in their care planning and work with clinicians, like occupational therapists and physiotherapists to prepare for their return home. Care and support will vary depending on individual care plans.The Transitional Care Centre will provide services to clients in the Halifax Regional Municipality and West Hants region of Nova Scotia.<\/p>\n\n\n\n<p><a href=\"https:\/\/shannex.com\/living-options\/transitional-care\/\">Learn more about our Transitional Care Centre<\/a><\/p>\n<\/div>\n<\/div>\n\n\n\n<div style=\"height:100px\" aria-hidden=\"true\" class=\"wp-block-spacer\"><\/div>\n \n                            <\/div>\n                        <\/div>\n                    <\/article>\n                <\/div>\n                            <div>\n                    <article>\n                        <div class=\"row\">\n                            <div class=\"col-xs-12 col-lg-10 offset-lg-1 text-center\">\n                                <h1>Whimsical Watercolours <\/h1>\n                                                                <h5>21 f\u00e9vrier 2024<\/h5> \n                                                            <\/div>\n                        <\/div>\n                        <div class=\"row\">\n                            <div class=\"col-xs-12 col-lg-10 offset-lg-1\">\n                                \n<h4 class=\"wp-block-heading\">Parkland Clayton Park<\/h4>\n\n\n\n<div class=\"wp-block-columns is-layout-flex wp-container-core-columns-is-layout-28f84493 wp-block-columns-is-layout-flex\">\n<div class=\"wp-block-column is-layout-flow wp-block-column-is-layout-flow\" style=\"flex-basis:33.33%\">\n<figure class=\"wp-block-image size-full\"><img decoding=\"async\" width=\"1920\" height=\"2560\" src=\"https:\/\/shannex.com\/wp-content\/uploads\/2024\/02\/Gary-PCP-scaled.jpg\" alt=\"\" class=\"wp-image-22441\" srcset=\"https:\/\/shannex.com\/wp-content\/uploads\/2024\/02\/Gary-PCP-scaled.jpg 1920w, https:\/\/shannex.com\/wp-content\/uploads\/2024\/02\/Gary-PCP-225x300.jpg 225w, https:\/\/shannex.com\/wp-content\/uploads\/2024\/02\/Gary-PCP-768x1024.jpg 768w, https:\/\/shannex.com\/wp-content\/uploads\/2024\/02\/Gary-PCP-1152x1536.jpg 1152w, https:\/\/shannex.com\/wp-content\/uploads\/2024\/02\/Gary-PCP-1536x2048.jpg 1536w\" sizes=\"(max-width: 1920px) 100vw, 1920px\" \/><figcaption class=\"wp-element-caption\"><em>Gary Chamberlain, resident at Parkland&nbsp;Clayton Park, Halifax, N<\/em>S<\/figcaption><\/figure>\n<\/div>\n\n\n\n<div class=\"wp-block-column is-layout-flow wp-block-column-is-layout-flow\" style=\"flex-basis:66.66%\">\n<p class=\"has-medium-font-size\">As you enter Gary Chamberlain&#8217;s room at <a href=\"https:\/\/experienceparkland.com\/en\/locations\/parkland-clayton-park\/\">Parkland Clayton Park<\/a>,&nbsp;you quickly see how his passion for art has created a space filled&nbsp;with bright colours and lifelong memories. <\/p>\n\n\n\n<p class=\"has-medium-font-size\">Gary is an artist at&nbsp;heart. Over the years, he has collected many beautiful paintings,&nbsp;from watercolour to oil, and has an extensive collection of his&nbsp;work ranging from Christmas cards to framed florals.<\/p>\n\n\n\n<p class=\"has-medium-font-size\">Gary has been an artist for many years. He loves working with&nbsp;watercolours and has learned a variety of techniques that add&nbsp;precise details to his art. The wondrous watercolour paintings&nbsp;are created from his imagination and are hand-created, so no&nbsp;two paintings are alike.&nbsp;With each stroke of the paintbrush, he has created a captivating&nbsp;work of art with a unique story. His talent and a keen eye for&nbsp;detail make his paintings breathtakingly beautiful.<\/p>\n<\/div>\n<\/div>\n\n\n\n<div style=\"height:100px\" aria-hidden=\"true\" class=\"wp-block-spacer\"><\/div>\n \n                            <\/div>\n                        <\/div>\n                    <\/article>\n                <\/div>\n                            <div>\n                    <article>\n                        <div class=\"row\">\n                            <div class=\"col-xs-12 col-lg-10 offset-lg-1 text-center\">\n                                <h1>Heroes Tribute <\/h1>\n                                                                <h5>21 f\u00e9vrier 2024<\/h5> \n                                                            <\/div>\n                        <\/div>\n                        <div class=\"row\">\n                            <div class=\"col-xs-12 col-lg-10 offset-lg-1\">\n                                \n<div style=\"height:32px\" aria-hidden=\"true\" class=\"wp-block-spacer\"><\/div>\n\n\n\n<h4 class=\"wp-block-heading\">Shannex and Parkland Communities Honour Veterans<\/h4>\n\n\n\n<div class=\"wp-block-columns is-layout-flex wp-container-core-columns-is-layout-28f84493 wp-block-columns-is-layout-flex\">\n<div class=\"wp-block-column is-layout-flow wp-block-column-is-layout-flow\" style=\"flex-basis:66.66%\">\n<p>Remembrance Day ceremonies unfolded across&nbsp;various Shannex and Parkland locations in November&nbsp;with grateful, solemn reflection.&nbsp;<\/p>\n\n\n\n<p>At <a href=\"https:\/\/shannex.com\/location\/bridgeview-hall\/\">Bridgeview Hall Enhanced Care<\/a> in Miramichi, NB,\u00a0five distinguished veterans, Joseph Arsenault, Leonard\u00a0Pitre, Joseph Yvonne, Jack Murphy, and Joseph\u00a0Richardson, were honoured with a peaceful ceremony.\u00a0<\/p>\n\n\n\n<p>Meanwhile, at <a href=\"https:\/\/experienceparkland.com\/en\/locations\/parkland-at-the-lakes\/\">Parkland at the Lakes<\/a>, a retired\u00a0Canadian Navy veteran, Owen Walton, shared his\u00a0experiences with his neighbours and their guests.\u00a0Master Corporal James Greenlay and his daughter, CCA\u00a0Hannah Greenlay, visited Geneva Blunston, a Royal\u00a0Canadian Air Force veteran living at Thomas Hall, NB.\u00a0<\/p>\n\n\n\n<p><a href=\"https:\/\/experienceparkland.com\/en\/locations\/parkland-saint-john\/\">Parkland Saint John<\/a> hosted a moving ceremony, with\u00a0nine veterans attending, led by Royal Canadian Legion\u00a0Lancaster Branch 69. The Falls Dining Room featured a\u00a0touching photo slideshow featuring each veteran in\u00a0their military uniform.<\/p>\n<\/div>\n<\/div>\n\n\n\n<div class=\"wp-block-columns is-layout-flex wp-container-core-columns-is-layout-28f84493 wp-block-columns-is-layout-flex\">\n<div class=\"wp-block-column is-layout-flow wp-block-column-is-layout-flow\">\n<figure class=\"wp-block-image size-large\"><img decoding=\"async\" width=\"1024\" height=\"768\" src=\"https:\/\/shannex.com\/wp-content\/uploads\/2024\/02\/MCpl-James-Greenlay-along-with-his-daughter-TH-CCA-Hannah-and-resident-Genevea-Blunston-1024x768.jpg\" alt=\"\" class=\"wp-image-22469\" srcset=\"https:\/\/shannex.com\/wp-content\/uploads\/2024\/02\/MCpl-James-Greenlay-along-with-his-daughter-TH-CCA-Hannah-and-resident-Genevea-Blunston-1024x768.jpg 1024w, https:\/\/shannex.com\/wp-content\/uploads\/2024\/02\/MCpl-James-Greenlay-along-with-his-daughter-TH-CCA-Hannah-and-resident-Genevea-Blunston-300x225.jpg 300w, https:\/\/shannex.com\/wp-content\/uploads\/2024\/02\/MCpl-James-Greenlay-along-with-his-daughter-TH-CCA-Hannah-and-resident-Genevea-Blunston-768x576.jpg 768w, https:\/\/shannex.com\/wp-content\/uploads\/2024\/02\/MCpl-James-Greenlay-along-with-his-daughter-TH-CCA-Hannah-and-resident-Genevea-Blunston-1536x1152.jpg 1536w, https:\/\/shannex.com\/wp-content\/uploads\/2024\/02\/MCpl-James-Greenlay-along-with-his-daughter-TH-CCA-Hannah-and-resident-Genevea-Blunston-2048x1536.jpg 2048w\" sizes=\"(max-width: 1024px) 100vw, 1024px\" \/><figcaption class=\"wp-element-caption\"><em>Genevea Blunston with the Greenlay family<\/em><\/figcaption><\/figure>\n<\/div>\n\n\n\n<div class=\"wp-block-column is-layout-flow wp-block-column-is-layout-flow\">\n<figure class=\"wp-block-image size-large\"><img decoding=\"async\" width=\"1024\" height=\"768\" src=\"https:\/\/shannex.com\/wp-content\/uploads\/2024\/02\/Bridgeview-1024x768.jpeg\" alt=\"\" class=\"wp-image-22395\" srcset=\"https:\/\/shannex.com\/wp-content\/uploads\/2024\/02\/Bridgeview-1024x768.jpeg 1024w, https:\/\/shannex.com\/wp-content\/uploads\/2024\/02\/Bridgeview-300x225.jpeg 300w, https:\/\/shannex.com\/wp-content\/uploads\/2024\/02\/Bridgeview-768x576.jpeg 768w, https:\/\/shannex.com\/wp-content\/uploads\/2024\/02\/Bridgeview-1536x1152.jpeg 1536w, https:\/\/shannex.com\/wp-content\/uploads\/2024\/02\/Bridgeview-2048x1536.jpeg 2048w\" sizes=\"(max-width: 1024px) 100vw, 1024px\" \/><figcaption class=\"wp-element-caption\"><em>Bridgeview Hall veterans: Joseph Arsenault, Leonard Pitre,&nbsp;Joseph Yvonne, Jack Murphy, and Joseph Richard<\/em><\/figcaption><\/figure>\n<\/div>\n<\/div>\n\n\n\n<div class=\"wp-block-columns is-layout-flex wp-container-core-columns-is-layout-28f84493 wp-block-columns-is-layout-flex\"><\/div>\n \n                            <\/div>\n                        <\/div>\n                    <\/article>\n                <\/div>\n                            <div>\n                    <article>\n                        <div class=\"row\">\n                            <div class=\"col-xs-12 col-lg-10 offset-lg-1 text-center\">\n                                <h1>Order of New Brunswick <\/h1>\n                                                                <h5>21 f\u00e9vrier 2024<\/h5> \n                                                            <\/div>\n                        <\/div>\n                        <div class=\"row\">\n                            <div class=\"col-xs-12 col-lg-10 offset-lg-1\">\n                                \n<div style=\"height:32px\" aria-hidden=\"true\" class=\"wp-block-spacer\"><\/div>\n\n\n\n<h4 class=\"wp-block-heading\">Frederick Hall<\/h4>\n\n\n\n<div class=\"wp-block-columns is-layout-flex wp-container-core-columns-is-layout-28f84493 wp-block-columns-is-layout-flex\">\n<div class=\"wp-block-column is-layout-flow wp-block-column-is-layout-flow\" style=\"flex-basis:66.66%\">\n<p><a href=\"https:\/\/shannex.com\/location\/frederick-hall\/\">Frederick Hall <\/a>resident Joanne E. McLeod received the\u00a0<a href=\"https:\/\/www2.gnb.ca\/content\/gnb\/en\/corporate\/promo\/order_of_new_brunswick\/2023-recipients.html#:~:text=awards%20of%20excellence.-,Joanne%20E.,other%20people%20with%20mobility%20impairments.\">Order of New Brunswick<\/a> in recognition of her lifelong\u00a0dedication to improving conditions for people with\u00a0paraplegia or other mobility impairments.<\/p>\n\n\n\n<p>Known as the first person with paraplegia to graduate&nbsp;from the University of New Brunswick (UNB). It was&nbsp;there she received her first degree before graduating&nbsp;from the UNB Faculty of Law. After her law degree, she&nbsp;joined the Department of Justice and, after three years,&nbsp;became the first woman appointed as Deputy Registrar&nbsp;of the New Brunswick Court of Appeal.<\/p>\n\n\n\n<p>Thank you, Joanne, for championing the human rights&nbsp;of people with disabilities in New Brunswick and&nbsp;across Canada for over 60 years. Congratulations on this well-deserved award.<\/p>\n<\/div>\n<\/div>\n\n\n\n<div class=\"wp-block-columns is-layout-flex wp-container-core-columns-is-layout-28f84493 wp-block-columns-is-layout-flex\">\n<div class=\"wp-block-column is-layout-flow wp-block-column-is-layout-flow\">\n<figure class=\"wp-block-image size-large\"><img decoding=\"async\" width=\"2048\" height=\"1152\" src=\"https:\/\/shannex.com\/wp-content\/uploads\/2024\/02\/Joanne_E_McLeod_1-edited.jpeg\" alt=\"\" class=\"wp-image-22520\" srcset=\"https:\/\/shannex.com\/wp-content\/uploads\/2024\/02\/Joanne_E_McLeod_1-edited.jpeg 2048w, https:\/\/shannex.com\/wp-content\/uploads\/2024\/02\/Joanne_E_McLeod_1-edited-300x169.jpeg 300w, https:\/\/shannex.com\/wp-content\/uploads\/2024\/02\/Joanne_E_McLeod_1-edited-1024x576.jpeg 1024w, https:\/\/shannex.com\/wp-content\/uploads\/2024\/02\/Joanne_E_McLeod_1-edited-768x432.jpeg 768w, https:\/\/shannex.com\/wp-content\/uploads\/2024\/02\/Joanne_E_McLeod_1-edited-1536x864.jpeg 1536w\" sizes=\"(max-width: 2048px) 100vw, 2048px\" \/><figcaption class=\"wp-element-caption\"><em>Front row, from le: Premier Blaine Higgs; Joanne E. McLeod; and The&nbsp;Honourable Brenda Murphy. Back row, from le: J.W. Bud Bird; Catherine&nbsp;Akagi; Bernard Poirier; and Isabelle McKee-Allain<\/em><\/figcaption><\/figure>\n<\/div>\n\n\n\n<div class=\"wp-block-column is-layout-flow wp-block-column-is-layout-flow\">\n<figure class=\"wp-block-image size-large\"><img decoding=\"async\" width=\"2560\" height=\"1440\" src=\"https:\/\/shannex.com\/wp-content\/uploads\/2024\/02\/Joanne_E_McLeod_2-edited-scaled.jpg\" alt=\"\" class=\"wp-image-22522\" srcset=\"https:\/\/shannex.com\/wp-content\/uploads\/2024\/02\/Joanne_E_McLeod_2-edited-scaled.jpg 2560w, https:\/\/shannex.com\/wp-content\/uploads\/2024\/02\/Joanne_E_McLeod_2-edited-300x169.jpg 300w, https:\/\/shannex.com\/wp-content\/uploads\/2024\/02\/Joanne_E_McLeod_2-edited-1024x576.jpg 1024w, https:\/\/shannex.com\/wp-content\/uploads\/2024\/02\/Joanne_E_McLeod_2-edited-768x432.jpg 768w, https:\/\/shannex.com\/wp-content\/uploads\/2024\/02\/Joanne_E_McLeod_2-edited-1536x864.jpg 1536w, https:\/\/shannex.com\/wp-content\/uploads\/2024\/02\/Joanne_E_McLeod_2-edited-2048x1152.jpg 2048w\" sizes=\"(max-width: 2560px) 100vw, 2560px\" \/><figcaption class=\"wp-element-caption\"><em>Joanne E. McLeod, recipient of the Order of New Brunswick and&nbsp;Gordon McLean<\/em><\/figcaption><\/figure>\n<\/div>\n<\/div>\n\n\n\n<div class=\"wp-block-columns is-layout-flex wp-container-core-columns-is-layout-28f84493 wp-block-columns-is-layout-flex\"><\/div>\n \n                            <\/div>\n                        <\/div>\n                    <\/article>\n                <\/div>\n                            <div>\n                    <article>\n                        <div class=\"row\">\n                            <div class=\"col-xs-12 col-lg-10 offset-lg-1 text-center\">\n                                <h1>A Lifetime Achievement Award <\/h1>\n                                                                <h5>21 f\u00e9vrier 2024<\/h5> \n                                                            <\/div>\n                        <\/div>\n                        <div class=\"row\">\n                            <div class=\"col-xs-12 col-lg-10 offset-lg-1\">\n                                \n<div class=\"wp-block-columns is-layout-flex wp-container-core-columns-is-layout-28f84493 wp-block-columns-is-layout-flex\">\n<div class=\"wp-block-column is-layout-flow wp-block-column-is-layout-flow\"><\/div>\n<\/div>\n\n\n\n<div class=\"wp-block-columns is-layout-flex wp-container-core-columns-is-layout-28f84493 wp-block-columns-is-layout-flex\">\n<div class=\"wp-block-column is-layout-flow wp-block-column-is-layout-flow\">\n<figure class=\"wp-block-image size-full\"><img decoding=\"async\" width=\"480\" height=\"640\" src=\"https:\/\/shannex.com\/wp-content\/uploads\/2024\/02\/Dr-Swami.jpg\" alt=\"\" class=\"wp-image-22433\" srcset=\"https:\/\/shannex.com\/wp-content\/uploads\/2024\/02\/Dr-Swami.jpg 480w, https:\/\/shannex.com\/wp-content\/uploads\/2024\/02\/Dr-Swami-225x300.jpg 225w\" sizes=\"(max-width: 480px) 100vw, 480px\" \/><\/figure>\n<\/div>\n\n\n\n<div class=\"wp-block-column is-vertically-aligned-center is-layout-flow wp-block-column-is-layout-flow\">\n<h2 class=\"wp-block-heading\"><strong>Parkland at the Gardens<\/strong><\/h2>\n\n\n\n<p>Dr. Swaminathan, 97, a <a href=\"https:\/\/experienceparkland.com\/en\/locations\/parkland-at-the-gardens\/\">Parkland at the Gardens<\/a>, Nova Scotia&nbsp;resident, received a lifetime achievement award this past fall for&nbsp;being the longest-known living person of Tamil origin in Halifax.&nbsp;<\/p>\n\n\n\n<p>Congratulations on a long life well lived, Dr. Swaminathan!<\/p>\n\n\n\n<hr class=\"wp-block-separator has-alpha-channel-opacity\"\/>\n\n\n\n<p>Watch Dr. Swaminathan receive his achievement award on the <a href=\"https:\/\/tnvm.ca\/ta\/honorary-dr-srinivasa-swaminathan\/\">Maritime Tamil Welfare Association<\/a> website.<\/p>\n\n\n\n<div class=\"wp-block-columns is-layout-flex wp-container-core-columns-is-layout-28f84493 wp-block-columns-is-layout-flex\">\n<div class=\"wp-block-column is-layout-flow wp-block-column-is-layout-flow\"><\/div>\n<\/div>\n<\/div>\n<\/div>\n\n\n\n<div class=\"wp-block-columns is-layout-flex wp-container-core-columns-is-layout-28f84493 wp-block-columns-is-layout-flex\">\n<div class=\"wp-block-column is-layout-flow wp-block-column-is-layout-flow\"><\/div>\n<\/div>\n\n\n\n<div class=\"wp-block-columns is-layout-flex wp-container-core-columns-is-layout-28f84493 wp-block-columns-is-layout-flex\">\n<div class=\"wp-block-column is-layout-flow wp-block-column-is-layout-flow\"><\/div>\n\n\n\n<div class=\"wp-block-column is-layout-flow wp-block-column-is-layout-flow\"><\/div>\n<\/div>\n\n\n\n<p>.<\/p>\n \n                            <\/div>\n                        <\/div>\n                    <\/article>\n                <\/div>\n                            <div>\n                    <article>\n                        <div class=\"row\">\n                            <div class=\"col-xs-12 col-lg-10 offset-lg-1 text-center\">\n                                <h1>Marion&#8217;s Creative Crafting\u00a0\u00a0 <\/h1>\n                                                                <h5>21 f\u00e9vrier 2024<\/h5> \n                                                            <\/div>\n                        <\/div>\n                        <div class=\"row\">\n                            <div class=\"col-xs-12 col-lg-10 offset-lg-1\">\n                                \n<div class=\"wp-block-columns is-layout-flex wp-container-core-columns-is-layout-28f84493 wp-block-columns-is-layout-flex\">\n<div class=\"wp-block-column is-layout-flow wp-block-column-is-layout-flow\"><\/div>\n<\/div>\n\n\n\n<div class=\"wp-block-columns is-layout-flex wp-container-core-columns-is-layout-28f84493 wp-block-columns-is-layout-flex\">\n<div class=\"wp-block-column is-layout-flow wp-block-column-is-layout-flow\">\n<h4 class=\"wp-block-heading\"><strong>Arborstone Enhanced Care<\/strong><\/h4>\n\n\n\n<p>Marion Wright started crafting in 1970 and hasn&#8217;t stopped. She&nbsp;loves creating art for her many grandchildren and&nbsp;great-grandchildren.<\/p>\n\n\n\n<p>Marion worked as a hospital ward clerk and learned from one of&nbsp;the patients how to create plastic canvas creations.&nbsp;&#8220;I learned from other people how to make my crafts, but I am now&nbsp;always trying to make them even better each time,&#8221; said Marion.&nbsp;<\/p>\n\n\n\n<p>Her room, where she spends endless hours crafting, is filled with&nbsp;many different pieces, from hats, mittens, ornaments and even&nbsp;baby toys. She often changes her cras to match the season&#8217;s&nbsp;special occasions, with her colourful crafts changing as each&nbsp;season arrives.<\/p>\n\n\n\n<p>Her handiwork is in high demand at <a href=\"https:\/\/shannex.com\/location\/arborstone-enhanced-care\/\">Arborstone Enhanced Care<\/a>,&nbsp;NS, where residents and team members often request her&nbsp;beautiful work.<\/p>\n<\/div>\n<\/div>\n\n\n\n<div class=\"wp-block-columns is-layout-flex wp-container-core-columns-is-layout-28f84493 wp-block-columns-is-layout-flex\">\n<div class=\"wp-block-column is-layout-flow wp-block-column-is-layout-flow\">\n<figure class=\"wp-block-image size-full\"><img decoding=\"async\" width=\"2560\" height=\"1920\" src=\"https:\/\/shannex.com\/wp-content\/uploads\/2024\/02\/Marium-1-edited-1-scaled.jpg\" alt=\"\" class=\"wp-image-22821\" srcset=\"https:\/\/shannex.com\/wp-content\/uploads\/2024\/02\/Marium-1-edited-1-scaled.jpg 2560w, https:\/\/shannex.com\/wp-content\/uploads\/2024\/02\/Marium-1-edited-1-300x225.jpg 300w, https:\/\/shannex.com\/wp-content\/uploads\/2024\/02\/Marium-1-edited-1-1024x768.jpg 1024w, https:\/\/shannex.com\/wp-content\/uploads\/2024\/02\/Marium-1-edited-1-768x576.jpg 768w, https:\/\/shannex.com\/wp-content\/uploads\/2024\/02\/Marium-1-edited-1-1536x1152.jpg 1536w, https:\/\/shannex.com\/wp-content\/uploads\/2024\/02\/Marium-1-edited-1-2048x1536.jpg 2048w\" sizes=\"(max-width: 2560px) 100vw, 2560px\" \/><\/figure>\n<\/div>\n\n\n\n<div class=\"wp-block-column is-layout-flow wp-block-column-is-layout-flow\">\n<figure class=\"wp-block-image size-large\"><img decoding=\"async\" width=\"1024\" height=\"768\" src=\"https:\/\/shannex.com\/wp-content\/uploads\/2024\/02\/Marium-3-scaled-e1708124906646-1024x768.jpg\" alt=\"\" class=\"wp-image-22467\" srcset=\"https:\/\/shannex.com\/wp-content\/uploads\/2024\/02\/Marium-3-scaled-e1708124906646-1024x768.jpg 1024w, https:\/\/shannex.com\/wp-content\/uploads\/2024\/02\/Marium-3-scaled-e1708124906646-300x225.jpg 300w, https:\/\/shannex.com\/wp-content\/uploads\/2024\/02\/Marium-3-scaled-e1708124906646-768x576.jpg 768w, https:\/\/shannex.com\/wp-content\/uploads\/2024\/02\/Marium-3-scaled-e1708124906646-1536x1152.jpg 1536w, https:\/\/shannex.com\/wp-content\/uploads\/2024\/02\/Marium-3-scaled-e1708124906646-2048x1536.jpg 2048w\" sizes=\"(max-width: 1024px) 100vw, 1024px\" \/><\/figure>\n<\/div>\n<\/div>\n\n\n\n<div class=\"wp-block-columns is-layout-flex wp-container-core-columns-is-layout-28f84493 wp-block-columns-is-layout-flex\">\n<div class=\"wp-block-column is-layout-flow wp-block-column-is-layout-flow\"><\/div>\n\n\n\n<div class=\"wp-block-column is-vertically-aligned-center is-layout-flow wp-block-column-is-layout-flow\">\n<div class=\"wp-block-columns is-layout-flex wp-container-core-columns-is-layout-28f84493 wp-block-columns-is-layout-flex\">\n<div class=\"wp-block-column is-vertically-aligned-top is-layout-flow wp-block-column-is-layout-flow\"><\/div>\n<\/div>\n<\/div>\n<\/div>\n\n\n\n<div class=\"wp-block-columns is-layout-flex wp-container-core-columns-is-layout-28f84493 wp-block-columns-is-layout-flex\">\n<div class=\"wp-block-column is-layout-flow wp-block-column-is-layout-flow\"><\/div>\n<\/div>\n\n\n\n<div class=\"wp-block-columns is-layout-flex wp-container-core-columns-is-layout-28f84493 wp-block-columns-is-layout-flex\">\n<div class=\"wp-block-column is-layout-flow wp-block-column-is-layout-flow\"><\/div>\n\n\n\n<div class=\"wp-block-column is-layout-flow wp-block-column-is-layout-flow\"><\/div>\n<\/div>\n\n\n\n<p>.<\/p>\n \n                            <\/div>\n                        <\/div>\n                    <\/article>\n                <\/div>\n                            <div>\n                    <article>\n                        <div class=\"row\">\n                            <div class=\"col-xs-12 col-lg-10 offset-lg-1 text-center\">\n                                <h1>The Celebration of Diwali <\/h1>\n                                                                <h5>21 f\u00e9vrier 2024<\/h5> \n                                                            <\/div>\n                        <\/div>\n                        <div class=\"row\">\n                            <div class=\"col-xs-12 col-lg-10 offset-lg-1\">\n                                \n<div class=\"wp-block-columns is-layout-flex wp-container-core-columns-is-layout-28f84493 wp-block-columns-is-layout-flex\">\n<div class=\"wp-block-column is-layout-flow wp-block-column-is-layout-flow\"><\/div>\n<\/div>\n\n\n\n<div class=\"wp-block-columns is-layout-flex wp-container-core-columns-is-layout-28f84493 wp-block-columns-is-layout-flex\">\n<div class=\"wp-block-column is-layout-flow wp-block-column-is-layout-flow\">\n<figure class=\"wp-block-image size-full\"><img decoding=\"async\" width=\"2560\" height=\"1440\" src=\"https:\/\/shannex.com\/wp-content\/uploads\/2024\/02\/Diwali-Home-Office-edited-scaled.jpg\" alt=\"\" class=\"wp-image-22529\" srcset=\"https:\/\/shannex.com\/wp-content\/uploads\/2024\/02\/Diwali-Home-Office-edited-scaled.jpg 2560w, https:\/\/shannex.com\/wp-content\/uploads\/2024\/02\/Diwali-Home-Office-edited-300x169.jpg 300w, https:\/\/shannex.com\/wp-content\/uploads\/2024\/02\/Diwali-Home-Office-edited-1024x576.jpg 1024w, https:\/\/shannex.com\/wp-content\/uploads\/2024\/02\/Diwali-Home-Office-edited-768x432.jpg 768w, https:\/\/shannex.com\/wp-content\/uploads\/2024\/02\/Diwali-Home-Office-edited-1536x864.jpg 1536w, https:\/\/shannex.com\/wp-content\/uploads\/2024\/02\/Diwali-Home-Office-edited-2048x1152.jpg 2048w\" sizes=\"(max-width: 2560px) 100vw, 2560px\" \/><figcaption class=\"wp-element-caption\"><em>Akhil Sebastian, Anjana Bastian, Birbala Singh, Anjana Rajeswari,&nbsp;Bhavika Pithadiya, Jason Shannon, Dipasha Sahni, Simran Kaur&nbsp;Thind, Sukkhman Kaur, Kaushik Jadhav at Home Office, NS<\/em><\/figcaption><\/figure>\n\n\n\n<figure class=\"wp-block-image size-large\"><img decoding=\"async\" width=\"2560\" height=\"1440\" src=\"https:\/\/shannex.com\/wp-content\/uploads\/2024\/02\/Diwali-celebration-Parkland-Fredericton-edited-scaled.jpg\" alt=\"\" class=\"wp-image-22531\" srcset=\"https:\/\/shannex.com\/wp-content\/uploads\/2024\/02\/Diwali-celebration-Parkland-Fredericton-edited-scaled.jpg 2560w, https:\/\/shannex.com\/wp-content\/uploads\/2024\/02\/Diwali-celebration-Parkland-Fredericton-edited-300x169.jpg 300w, https:\/\/shannex.com\/wp-content\/uploads\/2024\/02\/Diwali-celebration-Parkland-Fredericton-edited-1024x576.jpg 1024w, https:\/\/shannex.com\/wp-content\/uploads\/2024\/02\/Diwali-celebration-Parkland-Fredericton-edited-768x432.jpg 768w, https:\/\/shannex.com\/wp-content\/uploads\/2024\/02\/Diwali-celebration-Parkland-Fredericton-edited-1536x864.jpg 1536w, https:\/\/shannex.com\/wp-content\/uploads\/2024\/02\/Diwali-celebration-Parkland-Fredericton-edited-2048x1152.jpg 2048w\" sizes=\"(max-width: 2560px) 100vw, 2560px\" \/><figcaption class=\"wp-element-caption\"><em>Sita Kuruganti, resident of Regent Hall and her daughter Usha&nbsp;Kuruganti, Parkland Fredericton, NB.<\/em><\/figcaption><\/figure>\n<\/div>\n\n\n\n<div class=\"wp-block-column is-vertically-aligned-center is-layout-flow wp-block-column-is-layout-flow\">\n<h4 class=\"wp-block-heading\"><strong>Parkland Fredericton and Home Office<\/strong><\/h4>\n\n\n\n<p class=\"has-medium-font-size\">In November, team members and residents&nbsp;celebrated Diwali! <\/p>\n\n\n\n<p class=\"has-medium-font-size\">Diwali, the Hindu festival of&nbsp;lights, is recognized in the Hindu, Sikhi and Jain&nbsp;faiths and is observed by cleaning and decorating&nbsp;your home with lights, exchanging gifts and&nbsp;sharing sweets with neighbours.&nbsp;<\/p>\n\n\n\n<p class=\"has-medium-font-size\">&#8220;Diwali is incredibly special to me because it&#8217;s&nbsp;when we adorn our homes with colourful lights&nbsp;and beautiful rangoli designs, eat good food, and&nbsp;eat lots of sweets and chocolates. Most&nbsp;importantly, it brings friends and families&nbsp;together,&#8221; shared Simran Kaur Thind, Report&nbsp;Developer, Business Intelligence &amp; Analytics.&nbsp;<\/p>\n\n\n\n<p class=\"has-medium-font-size\">&#8220;The warmth of family gatherings, the joy of&nbsp;exchanging gis, and the lighting of diyas all&nbsp;around the house make Diwali a celebration that&nbsp;fills my heart with love and gratitude.&#8221;<\/p>\n\n\n\n<div class=\"wp-block-columns is-layout-flex wp-container-core-columns-is-layout-28f84493 wp-block-columns-is-layout-flex\">\n<div class=\"wp-block-column is-layout-flow wp-block-column-is-layout-flow\"><\/div>\n<\/div>\n<\/div>\n<\/div>\n\n\n\n<div class=\"wp-block-columns is-layout-flex wp-container-core-columns-is-layout-28f84493 wp-block-columns-is-layout-flex\">\n<div class=\"wp-block-column is-layout-flow wp-block-column-is-layout-flow\"><\/div>\n<\/div>\n\n\n\n<div class=\"wp-block-columns is-layout-flex wp-container-core-columns-is-layout-28f84493 wp-block-columns-is-layout-flex\">\n<div class=\"wp-block-column is-layout-flow wp-block-column-is-layout-flow\"><\/div>\n\n\n\n<div class=\"wp-block-column is-layout-flow wp-block-column-is-layout-flow\"><\/div>\n<\/div>\n\n\n\n<p>.<\/p>\n \n                            <\/div>\n                        <\/div>\n                    <\/article>\n                <\/div>\n                            <div>\n                    <article>\n                        <div class=\"row\">\n                            <div class=\"col-xs-12 col-lg-10 offset-lg-1 text-center\">\n                                <h1>We Care About Quality of Life <\/h1>\n                                                                <h5>21 f\u00e9vrier 2024<\/h5> \n                                                            <\/div>\n                        <\/div>\n                        <div class=\"row\">\n                            <div class=\"col-xs-12 col-lg-10 offset-lg-1\">\n                                \n<div style=\"height:32px\" aria-hidden=\"true\" class=\"wp-block-spacer\"><\/div>\n\n\n\n<div class=\"wp-block-columns is-layout-flex wp-container-core-columns-is-layout-28f84493 wp-block-columns-is-layout-flex\">\n<div class=\"wp-block-column is-layout-flow wp-block-column-is-layout-flow\" style=\"flex-basis:66.66%\">\n<p class=\"has-medium-font-size\">In October, we completed The <a href=\"https:\/\/shannex.com\/qol\/\">Quality of Life<\/a>&nbsp;(QOL) surveys and reached a new response&nbsp;record in our communities. <\/p>\n\n\n\n<p class=\"has-medium-font-size\">We achieved an&nbsp;overall 70.82% positive response rating, a&nbsp;3.83% increase over 2022.&nbsp;The QOL survey evaluates how residents and&nbsp;families feel about their Parkland or Enhanced&nbsp;Care community and includes topics like social&nbsp;life, dining, and recreational activities.<\/p>\n\n\n\n<p class=\"has-medium-font-size\">It\u2019s&nbsp;through reviewing the survey results that we&nbsp;make important improvements based on what&nbsp;matters most to residents and their loved ones.&nbsp;Ensuring all our residents&#8217; and families&#8217; voices&nbsp;are heard requires much work at the site level,&nbsp;and this year&#8217;s survey&#8217;s success is thanks to&nbsp;Site Champions&#8217; encouragement. <\/p>\n\n\n\n<p class=\"has-medium-font-size\">Thank you,\u00a0Site Champions, for your support!<\/p>\n<\/div>\n<\/div>\n\n\n\n<div class=\"wp-block-columns is-layout-flex wp-container-core-columns-is-layout-28f84493 wp-block-columns-is-layout-flex\">\n<div class=\"wp-block-column is-layout-flow wp-block-column-is-layout-flow\">\n<figure class=\"wp-block-image size-large\"><img decoding=\"async\" width=\"1175\" height=\"1176\" src=\"https:\/\/shannex.com\/wp-content\/uploads\/2024\/02\/Rachel-Dent-edited.png\" alt=\"\" class=\"wp-image-22536\" srcset=\"https:\/\/shannex.com\/wp-content\/uploads\/2024\/02\/Rachel-Dent-edited.png 1175w, https:\/\/shannex.com\/wp-content\/uploads\/2024\/02\/Rachel-Dent-edited-300x300.png 300w, https:\/\/shannex.com\/wp-content\/uploads\/2024\/02\/Rachel-Dent-edited-1024x1024.png 1024w, https:\/\/shannex.com\/wp-content\/uploads\/2024\/02\/Rachel-Dent-edited-150x150.png 150w, https:\/\/shannex.com\/wp-content\/uploads\/2024\/02\/Rachel-Dent-edited-768x769.png 768w\" sizes=\"(max-width: 1175px) 100vw, 1175px\" \/><figcaption class=\"wp-element-caption\"><em>Rachel Dent, Recreation Coordinator&nbsp;at Embassy Hall, Provincial Site&nbsp;Champion Moncton<\/em><\/figcaption><\/figure>\n<\/div>\n\n\n\n<div class=\"wp-block-column is-layout-flow wp-block-column-is-layout-flow\">\n<figure class=\"wp-block-image size-large\"><img decoding=\"async\" width=\"1200\" height=\"1200\" src=\"https:\/\/shannex.com\/wp-content\/uploads\/2024\/02\/Cesar-Barakat-Site-Champion-edited.jpg\" alt=\"\" class=\"wp-image-22534\" srcset=\"https:\/\/shannex.com\/wp-content\/uploads\/2024\/02\/Cesar-Barakat-Site-Champion-edited.jpg 1200w, https:\/\/shannex.com\/wp-content\/uploads\/2024\/02\/Cesar-Barakat-Site-Champion-edited-300x300.jpg 300w, https:\/\/shannex.com\/wp-content\/uploads\/2024\/02\/Cesar-Barakat-Site-Champion-edited-1024x1024.jpg 1024w, https:\/\/shannex.com\/wp-content\/uploads\/2024\/02\/Cesar-Barakat-Site-Champion-edited-150x150.jpg 150w, https:\/\/shannex.com\/wp-content\/uploads\/2024\/02\/Cesar-Barakat-Site-Champion-edited-768x768.jpg 768w\" sizes=\"(max-width: 1200px) 100vw, 1200px\" \/><figcaption class=\"wp-element-caption\"><em>Cesar Barakat, Resident Experience Manager, Parkland Eglinton West, Provincial&nbsp;<br>Site Champion Ontario<\/em><\/figcaption><\/figure>\n<\/div>\n\n\n\n<div class=\"wp-block-column is-layout-flow wp-block-column-is-layout-flow\">\n<figure class=\"wp-block-image size-large\"><img decoding=\"async\" width=\"2560\" height=\"2560\" src=\"https:\/\/shannex.com\/wp-content\/uploads\/2024\/02\/Angela-2.0-edited-scaled.jpg\" alt=\"\" class=\"wp-image-22538\" srcset=\"https:\/\/shannex.com\/wp-content\/uploads\/2024\/02\/Angela-2.0-edited-scaled.jpg 2560w, https:\/\/shannex.com\/wp-content\/uploads\/2024\/02\/Angela-2.0-edited-300x300.jpg 300w, https:\/\/shannex.com\/wp-content\/uploads\/2024\/02\/Angela-2.0-edited-1024x1024.jpg 1024w, https:\/\/shannex.com\/wp-content\/uploads\/2024\/02\/Angela-2.0-edited-150x150.jpg 150w, https:\/\/shannex.com\/wp-content\/uploads\/2024\/02\/Angela-2.0-edited-768x768.jpg 768w, https:\/\/shannex.com\/wp-content\/uploads\/2024\/02\/Angela-2.0-edited-1536x1536.jpg 1536w, https:\/\/shannex.com\/wp-content\/uploads\/2024\/02\/Angela-2.0-edited-2048x2048.jpg 2048w\" sizes=\"(max-width: 2560px) 100vw, 2560px\" \/><figcaption class=\"wp-element-caption\"><em>Angela MacAdam, Business&nbsp;<br>Manager\/Workforce Coordinator, Parkland Seton Campus-Caritas Residence, Provincial&nbsp;<br>Site Champion, NS<\/em><\/figcaption><\/figure>\n<\/div>\n<\/div>\n \n                            <\/div>\n                        <\/div>\n                    <\/article>\n                <\/div>\n                            <div>\n                    <article>\n                        <div class=\"row\">\n                            <div class=\"col-xs-12 col-lg-10 offset-lg-1 text-center\">\n                                <h1>Safer transfers, safer workplaces and safer care <\/h1>\n                                                                <h5>21 f\u00e9vrier 2024<\/h5> \n                                                            <\/div>\n                        <\/div>\n                        <div class=\"row\">\n                            <div class=\"col-xs-12 col-lg-10 offset-lg-1\">\n                                \n<div style=\"height:69px\" aria-hidden=\"true\" class=\"wp-block-spacer\"><\/div>\n\n\n\n<div class=\"wp-block-columns is-layout-flex wp-container-core-columns-is-layout-28f84493 wp-block-columns-is-layout-flex\"><\/div>\n\n\n\n<div class=\"wp-block-columns is-layout-flex wp-container-core-columns-is-layout-28f84493 wp-block-columns-is-layout-flex\">\n<div class=\"wp-block-column is-layout-flow wp-block-column-is-layout-flow\" style=\"flex-basis:66.66%\">\n<p>The Safe Transfer and Repositioning Program is a cornerstone of resident care and a critical element in our health and safety program, which invests in best practice tools, techniques, technology and training to continuously improve our residents&#8217; well\u2013being\u2013and our team members&#8217; safety.<\/p>\n\n\n\n<p>\u201cMuch like a chef with all the right ingredients, we have everything needed to craft a recipe for success in resident transfers and staff well-being. It\u2019s the perfect blend of compassion, expertise, and technology that makes our program truly outstanding,\u201d said Louise, Director of Health, Wellness and Safety.<\/p>\n\n\n\n<p>At our&nbsp;<strong>Flight into the Future<\/strong>&nbsp;event on October 17th in Nova Scotia, our Health, Wellness and Safety team, Clinical Quality Improvement Specialist and vendor partners Arjo, Bellwether, and HandiCare brought together allied health team members and clinical managers for a day of learning.&nbsp;<\/p>\n\n\n\n<p>\u201cWe wanted this learning summit to reinforce that when we combine our best practices, technology, and trained team members, the magic happens and results in a safer environment for residents and staff,\u201d said Louise.<\/p>\n\n\n\n<p>The next session takes place on November 9th in New Brunswick.&nbsp;&nbsp;<\/p>\n<\/div>\n\n\n\n<div class=\"wp-block-column is-layout-flow wp-block-column-is-layout-flow\" style=\"flex-basis:33.33%\">\n<figure class=\"wp-block-image size-large\"><img decoding=\"async\" width=\"768\" height=\"1024\" src=\"https:\/\/shannex.com\/wp-content\/uploads\/2023\/10\/IMG_0631-7-768x1024.jpeg\" alt=\"\" class=\"wp-image-19563\" srcset=\"https:\/\/shannex.com\/wp-content\/uploads\/2023\/10\/IMG_0631-7-768x1024.jpeg 768w, https:\/\/shannex.com\/wp-content\/uploads\/2023\/10\/IMG_0631-7-225x300.jpeg 225w, https:\/\/shannex.com\/wp-content\/uploads\/2023\/10\/IMG_0631-7-1152x1536.jpeg 1152w, https:\/\/shannex.com\/wp-content\/uploads\/2023\/10\/IMG_0631-7-1536x2048.jpeg 1536w, https:\/\/shannex.com\/wp-content\/uploads\/2023\/10\/IMG_0631-7-scaled.jpeg 1920w\" sizes=\"(max-width: 768px) 100vw, 768px\" \/><\/figure>\n<\/div>\n<\/div>\n\n\n\n<div class=\"wp-block-columns is-layout-flex wp-container-core-columns-is-layout-28f84493 wp-block-columns-is-layout-flex\">\n<div class=\"wp-block-column is-layout-flow wp-block-column-is-layout-flow\">\n<div class=\"wp-block-columns is-layout-flex wp-container-core-columns-is-layout-28f84493 wp-block-columns-is-layout-flex\">\n<div class=\"wp-block-column is-layout-flow wp-block-column-is-layout-flow\" style=\"flex-basis:100%\">\n<div class=\"wp-block-columns is-layout-flex wp-container-core-columns-is-layout-28f84493 wp-block-columns-is-layout-flex\">\n<div class=\"wp-block-column is-layout-flow wp-block-column-is-layout-flow\">\n<figure class=\"wp-block-image size-large\"><img decoding=\"async\" src=\"https:\/\/shannex.com\/wp-content\/uploads\/2023\/10\/IMG_0637-2-1024x768.jpeg\" alt=\"\" class=\"wp-image-19495\"\/><\/figure>\n<\/div>\n\n\n\n<div class=\"wp-block-column is-layout-flow wp-block-column-is-layout-flow\">\n<figure class=\"wp-block-image size-large\"><img decoding=\"async\" width=\"1024\" height=\"768\" src=\"https:\/\/shannex.com\/wp-content\/uploads\/2023\/10\/IMG_0638-1-1024x768.jpeg\" alt=\"\" class=\"wp-image-19489\" srcset=\"https:\/\/shannex.com\/wp-content\/uploads\/2023\/10\/IMG_0638-1-1024x768.jpeg 1024w, https:\/\/shannex.com\/wp-content\/uploads\/2023\/10\/IMG_0638-1-300x225.jpeg 300w, https:\/\/shannex.com\/wp-content\/uploads\/2023\/10\/IMG_0638-1-768x576.jpeg 768w, https:\/\/shannex.com\/wp-content\/uploads\/2023\/10\/IMG_0638-1-1536x1152.jpeg 1536w, https:\/\/shannex.com\/wp-content\/uploads\/2023\/10\/IMG_0638-1-2048x1536.jpeg 2048w\" sizes=\"(max-width: 1024px) 100vw, 1024px\" \/><\/figure>\n<\/div>\n\n\n\n<div class=\"wp-block-column is-layout-flow wp-block-column-is-layout-flow\">\n<figure class=\"wp-block-image size-large\"><img decoding=\"async\" width=\"1024\" height=\"768\" src=\"https:\/\/shannex.com\/wp-content\/uploads\/2023\/10\/IMG_0640-1-1024x768.jpeg\" alt=\"\" class=\"wp-image-19540\" srcset=\"https:\/\/shannex.com\/wp-content\/uploads\/2023\/10\/IMG_0640-1-1024x768.jpeg 1024w, https:\/\/shannex.com\/wp-content\/uploads\/2023\/10\/IMG_0640-1-300x225.jpeg 300w, https:\/\/shannex.com\/wp-content\/uploads\/2023\/10\/IMG_0640-1-768x576.jpeg 768w, https:\/\/shannex.com\/wp-content\/uploads\/2023\/10\/IMG_0640-1-1536x1152.jpeg 1536w, https:\/\/shannex.com\/wp-content\/uploads\/2023\/10\/IMG_0640-1-2048x1536.jpeg 2048w\" sizes=\"(max-width: 1024px) 100vw, 1024px\" \/><\/figure>\n<\/div>\n<\/div>\n\n\n\n<div class=\"wp-block-columns is-layout-flex wp-container-core-columns-is-layout-28f84493 wp-block-columns-is-layout-flex\">\n<div class=\"wp-block-column is-layout-flow wp-block-column-is-layout-flow\">\n<figure class=\"wp-block-image size-large\"><img decoding=\"async\" width=\"768\" height=\"1024\" src=\"https:\/\/shannex.com\/wp-content\/uploads\/2023\/10\/image002-2-768x1024.jpg\" alt=\"\" class=\"wp-image-19565\" srcset=\"https:\/\/shannex.com\/wp-content\/uploads\/2023\/10\/image002-2-768x1024.jpg 768w, https:\/\/shannex.com\/wp-content\/uploads\/2023\/10\/image002-2-225x300.jpg 225w, https:\/\/shannex.com\/wp-content\/uploads\/2023\/10\/image002-2-1152x1536.jpg 1152w, https:\/\/shannex.com\/wp-content\/uploads\/2023\/10\/image002-2.jpg 1512w\" sizes=\"(max-width: 768px) 100vw, 768px\" \/><\/figure>\n<\/div>\n\n\n\n<div class=\"wp-block-column is-layout-flow wp-block-column-is-layout-flow\">\n<figure class=\"wp-block-image size-large\"><img decoding=\"async\" width=\"768\" height=\"1024\" src=\"https:\/\/shannex.com\/wp-content\/uploads\/2023\/10\/IMG_0635-1-768x1024.jpeg\" alt=\"\" class=\"wp-image-19561\" srcset=\"https:\/\/shannex.com\/wp-content\/uploads\/2023\/10\/IMG_0635-1-768x1024.jpeg 768w, https:\/\/shannex.com\/wp-content\/uploads\/2023\/10\/IMG_0635-1-225x300.jpeg 225w, https:\/\/shannex.com\/wp-content\/uploads\/2023\/10\/IMG_0635-1-1152x1536.jpeg 1152w, https:\/\/shannex.com\/wp-content\/uploads\/2023\/10\/IMG_0635-1-1536x2048.jpeg 1536w, https:\/\/shannex.com\/wp-content\/uploads\/2023\/10\/IMG_0635-1-scaled.jpeg 1920w\" sizes=\"(max-width: 768px) 100vw, 768px\" \/><\/figure>\n<\/div>\n<\/div>\n<\/div>\n<\/div>\n<\/div>\n<\/div>\n\n\n\n<div style=\"height:47px\" aria-hidden=\"true\" class=\"wp-block-spacer\"><\/div>\n \n                            <\/div>\n                        <\/div>\n                    <\/article>\n                <\/div>\n                            <div>\n                    <article>\n                        <div class=\"row\">\n                            <div class=\"col-xs-12 col-lg-10 offset-lg-1 text-center\">\n                                <h1>Celebration of Wreaths\u00a0 <\/h1>\n                                                                <h5>21 f\u00e9vrier 2024<\/h5> \n                                                            <\/div>\n                        <\/div>\n                        <div class=\"row\">\n                            <div class=\"col-xs-12 col-lg-10 offset-lg-1\">\n                                \n<p>&nbsp;<\/p>\n\n\n\n<div class=\"wp-block-columns is-layout-flex wp-container-core-columns-is-layout-28f84493 wp-block-columns-is-layout-flex\">\n<div class=\"wp-block-column is-layout-flow wp-block-column-is-layout-flow\" style=\"flex-basis:66.66%\">\n<h4 class=\"wp-block-heading\">A Festive Fundraiser<\/h4>\n\n\n\n<p>Elder Ally, Maureen Banyard and Parkland at the Gardens raise community spirit and $25,000 for the Mental Health Foundation of Nova Scotia.\u00a0<\/p>\n\n\n\n<p>Now in its second year, the Celebration of Wreaths, led by <a href=\"https:\/\/experienceparkland.com\/en\/locations\/parkland-at-the-gardens\/\">Parkland at the Gardens<\/a> resident, Maureen Banyard, has become a heartwarming symbol of community engagement and support for seniors. <\/p>\n\n\n\n<p>The event, which took place in December, brought together residents and community members in the spirit of giving and raised over $25,000. Guests had the opportunity to contribute by either donating a wreath or making direct contributions to the <a href=\"https:\/\/www.mentalhealthns.ca\">Mental Health Foundation of Nova Scotia<\/a>.&nbsp;<\/p>\n\n\n\n<p>\u201cAll funds raised go to support mental health. We in turn will take that funding to support community grants, many of which will support seniors in our communities,\u201d said Starr Cunningham, CEO of the Mental Health Foundation of Nova Scotia.&nbsp;<\/p>\n\n\n\n<p>\u201cWhen we can help one person to improve their feelings and their health, I feel that we\u2019ve supported them,\u201d Maureen added&nbsp;<\/p>\n\n\n\n<p>The event, supported through Shannex Cares, strengthens the relationship between seniors and their community, symbolizing how simple acts, when driven by a sense of community, can create lasting positive change. Elder Allies, like Maureen, make a difference by supporting and developing visible, meaningful opportunities for elders to be seen, heard, and valued.&nbsp;<\/p>\n\n\n\n<p>\u201cIt\u2019s so critically important to connect with seniors over the holidays. When you look at an event like this, that\u2019s exactly what it is. It&#8217;s connecting seniors to their community,\u201d said Starr.&nbsp;<\/p>\n\n\n\n<p>Learn more about Shannex Cares at <a href=\"https:\/\/shannex.com\/shannexcares\/\">Shannex.com\/ShannexCares&nbsp;<\/a><\/p>\n<\/div>\n\n\n\n<div class=\"wp-block-column is-layout-flow wp-block-column-is-layout-flow\" style=\"flex-basis:33.33%\">\n<figure class=\"wp-block-image size-full\"><img decoding=\"async\" width=\"1920\" height=\"2560\" src=\"https:\/\/shannex.com\/wp-content\/uploads\/2023\/12\/IMG_3178-scaled.jpeg\" alt=\"\" class=\"wp-image-21223\" srcset=\"https:\/\/shannex.com\/wp-content\/uploads\/2023\/12\/IMG_3178-scaled.jpeg 1920w, https:\/\/shannex.com\/wp-content\/uploads\/2023\/12\/IMG_3178-225x300.jpeg 225w, https:\/\/shannex.com\/wp-content\/uploads\/2023\/12\/IMG_3178-768x1024.jpeg 768w, https:\/\/shannex.com\/wp-content\/uploads\/2023\/12\/IMG_3178-1152x1536.jpeg 1152w, https:\/\/shannex.com\/wp-content\/uploads\/2023\/12\/IMG_3178-1536x2048.jpeg 1536w\" sizes=\"(max-width: 1920px) 100vw, 1920px\" \/><figcaption class=\"wp-element-caption\"><em>Maureen Banyard stands with Jason Shannon<\/em><\/figcaption><\/figure>\n<\/div>\n<\/div>\n\n\n\n<figure class=\"wp-block-gallery has-nested-images columns-default is-cropped wp-block-gallery-1 is-layout-flex wp-block-gallery-is-layout-flex\">\n<figure class=\"wp-block-image size-large\"><img decoding=\"async\" width=\"768\" height=\"1024\" data-id=\"21264\" src=\"https:\/\/shannex.com\/wp-content\/uploads\/2023\/12\/IMG_5488-768x1024.jpeg\" alt=\"\" class=\"wp-image-21264\" srcset=\"https:\/\/shannex.com\/wp-content\/uploads\/2023\/12\/IMG_5488-768x1024.jpeg 768w, https:\/\/shannex.com\/wp-content\/uploads\/2023\/12\/IMG_5488-225x300.jpeg 225w, https:\/\/shannex.com\/wp-content\/uploads\/2023\/12\/IMG_5488-1152x1536.jpeg 1152w, https:\/\/shannex.com\/wp-content\/uploads\/2023\/12\/IMG_5488-1536x2048.jpeg 1536w, https:\/\/shannex.com\/wp-content\/uploads\/2023\/12\/IMG_5488-scaled.jpeg 1920w\" sizes=\"(max-width: 768px) 100vw, 768px\" \/><\/figure>\n\n\n\n<figure class=\"wp-block-image size-large\"><img decoding=\"async\" width=\"768\" height=\"1024\" data-id=\"21254\" src=\"https:\/\/shannex.com\/wp-content\/uploads\/2023\/12\/IMG_5489-768x1024.jpeg\" alt=\"\" class=\"wp-image-21254\" srcset=\"https:\/\/shannex.com\/wp-content\/uploads\/2023\/12\/IMG_5489-768x1024.jpeg 768w, https:\/\/shannex.com\/wp-content\/uploads\/2023\/12\/IMG_5489-225x300.jpeg 225w, https:\/\/shannex.com\/wp-content\/uploads\/2023\/12\/IMG_5489-1152x1536.jpeg 1152w, https:\/\/shannex.com\/wp-content\/uploads\/2023\/12\/IMG_5489-1536x2048.jpeg 1536w, https:\/\/shannex.com\/wp-content\/uploads\/2023\/12\/IMG_5489-scaled.jpeg 1920w\" sizes=\"(max-width: 768px) 100vw, 768px\" \/><\/figure>\n\n\n\n<figure class=\"wp-block-image size-large\"><img decoding=\"async\" width=\"768\" height=\"1024\" data-id=\"21240\" src=\"https:\/\/shannex.com\/wp-content\/uploads\/2023\/12\/IMG_5490-768x1024.jpeg\" alt=\"\" class=\"wp-image-21240\" srcset=\"https:\/\/shannex.com\/wp-content\/uploads\/2023\/12\/IMG_5490-768x1024.jpeg 768w, https:\/\/shannex.com\/wp-content\/uploads\/2023\/12\/IMG_5490-225x300.jpeg 225w, https:\/\/shannex.com\/wp-content\/uploads\/2023\/12\/IMG_5490-1152x1536.jpeg 1152w, https:\/\/shannex.com\/wp-content\/uploads\/2023\/12\/IMG_5490-1536x2048.jpeg 1536w, https:\/\/shannex.com\/wp-content\/uploads\/2023\/12\/IMG_5490-scaled.jpeg 1920w\" sizes=\"(max-width: 768px) 100vw, 768px\" \/><\/figure>\n\n\n\n<figure class=\"wp-block-image size-large\"><img decoding=\"async\" width=\"768\" height=\"1024\" data-id=\"21236\" src=\"https:\/\/shannex.com\/wp-content\/uploads\/2023\/12\/IMG_5491-768x1024.jpeg\" alt=\"\" class=\"wp-image-21236\" srcset=\"https:\/\/shannex.com\/wp-content\/uploads\/2023\/12\/IMG_5491-768x1024.jpeg 768w, https:\/\/shannex.com\/wp-content\/uploads\/2023\/12\/IMG_5491-225x300.jpeg 225w, https:\/\/shannex.com\/wp-content\/uploads\/2023\/12\/IMG_5491-1152x1536.jpeg 1152w, https:\/\/shannex.com\/wp-content\/uploads\/2023\/12\/IMG_5491-1536x2048.jpeg 1536w, https:\/\/shannex.com\/wp-content\/uploads\/2023\/12\/IMG_5491-scaled.jpeg 1920w\" sizes=\"(max-width: 768px) 100vw, 768px\" \/><\/figure>\n\n\n\n<figure class=\"wp-block-image size-large\"><img decoding=\"async\" width=\"768\" height=\"1024\" data-id=\"21244\" src=\"https:\/\/shannex.com\/wp-content\/uploads\/2023\/12\/IMG_5492-768x1024.jpeg\" alt=\"\" class=\"wp-image-21244\" srcset=\"https:\/\/shannex.com\/wp-content\/uploads\/2023\/12\/IMG_5492-768x1024.jpeg 768w, https:\/\/shannex.com\/wp-content\/uploads\/2023\/12\/IMG_5492-225x300.jpeg 225w, https:\/\/shannex.com\/wp-content\/uploads\/2023\/12\/IMG_5492-1152x1536.jpeg 1152w, https:\/\/shannex.com\/wp-content\/uploads\/2023\/12\/IMG_5492-1536x2048.jpeg 1536w, https:\/\/shannex.com\/wp-content\/uploads\/2023\/12\/IMG_5492-scaled.jpeg 1920w\" sizes=\"(max-width: 768px) 100vw, 768px\" \/><\/figure>\n\n\n\n<figure class=\"wp-block-image size-large\"><img decoding=\"async\" width=\"768\" height=\"1024\" data-id=\"21258\" src=\"https:\/\/shannex.com\/wp-content\/uploads\/2023\/12\/IMG_5493-768x1024.jpeg\" alt=\"\" class=\"wp-image-21258\" srcset=\"https:\/\/shannex.com\/wp-content\/uploads\/2023\/12\/IMG_5493-768x1024.jpeg 768w, https:\/\/shannex.com\/wp-content\/uploads\/2023\/12\/IMG_5493-225x300.jpeg 225w, https:\/\/shannex.com\/wp-content\/uploads\/2023\/12\/IMG_5493-1152x1536.jpeg 1152w, https:\/\/shannex.com\/wp-content\/uploads\/2023\/12\/IMG_5493-1536x2048.jpeg 1536w, https:\/\/shannex.com\/wp-content\/uploads\/2023\/12\/IMG_5493-scaled.jpeg 1920w\" sizes=\"(max-width: 768px) 100vw, 768px\" \/><\/figure>\n\n\n\n<figure class=\"wp-block-image size-large\"><img decoding=\"async\" width=\"768\" height=\"1024\" data-id=\"21238\" src=\"https:\/\/shannex.com\/wp-content\/uploads\/2023\/12\/IMG_5494-768x1024.jpeg\" alt=\"\" class=\"wp-image-21238\" srcset=\"https:\/\/shannex.com\/wp-content\/uploads\/2023\/12\/IMG_5494-768x1024.jpeg 768w, https:\/\/shannex.com\/wp-content\/uploads\/2023\/12\/IMG_5494-225x300.jpeg 225w, https:\/\/shannex.com\/wp-content\/uploads\/2023\/12\/IMG_5494-1152x1536.jpeg 1152w, https:\/\/shannex.com\/wp-content\/uploads\/2023\/12\/IMG_5494-1536x2048.jpeg 1536w, https:\/\/shannex.com\/wp-content\/uploads\/2023\/12\/IMG_5494-scaled.jpeg 1920w\" sizes=\"(max-width: 768px) 100vw, 768px\" \/><\/figure>\n\n\n\n<figure class=\"wp-block-image size-large\"><img decoding=\"async\" width=\"768\" height=\"1024\" data-id=\"21248\" src=\"https:\/\/shannex.com\/wp-content\/uploads\/2023\/12\/IMG_5495-768x1024.jpeg\" alt=\"\" class=\"wp-image-21248\" srcset=\"https:\/\/shannex.com\/wp-content\/uploads\/2023\/12\/IMG_5495-768x1024.jpeg 768w, https:\/\/shannex.com\/wp-content\/uploads\/2023\/12\/IMG_5495-225x300.jpeg 225w, https:\/\/shannex.com\/wp-content\/uploads\/2023\/12\/IMG_5495-1152x1536.jpeg 1152w, https:\/\/shannex.com\/wp-content\/uploads\/2023\/12\/IMG_5495-1536x2048.jpeg 1536w, https:\/\/shannex.com\/wp-content\/uploads\/2023\/12\/IMG_5495-scaled.jpeg 1920w\" sizes=\"(max-width: 768px) 100vw, 768px\" \/><\/figure>\n\n\n\n<figure class=\"wp-block-image size-large\"><img decoding=\"async\" width=\"768\" height=\"1024\" data-id=\"21256\" src=\"https:\/\/shannex.com\/wp-content\/uploads\/2023\/12\/IMG_5496-768x1024.jpeg\" alt=\"\" class=\"wp-image-21256\" srcset=\"https:\/\/shannex.com\/wp-content\/uploads\/2023\/12\/IMG_5496-768x1024.jpeg 768w, https:\/\/shannex.com\/wp-content\/uploads\/2023\/12\/IMG_5496-225x300.jpeg 225w, https:\/\/shannex.com\/wp-content\/uploads\/2023\/12\/IMG_5496-1152x1536.jpeg 1152w, https:\/\/shannex.com\/wp-content\/uploads\/2023\/12\/IMG_5496-1536x2048.jpeg 1536w, https:\/\/shannex.com\/wp-content\/uploads\/2023\/12\/IMG_5496-scaled.jpeg 1920w\" sizes=\"(max-width: 768px) 100vw, 768px\" \/><\/figure>\n\n\n\n<figure class=\"wp-block-image size-large\"><img decoding=\"async\" width=\"768\" height=\"1024\" data-id=\"21234\" src=\"https:\/\/shannex.com\/wp-content\/uploads\/2023\/12\/IMG_5497-768x1024.jpeg\" alt=\"\" class=\"wp-image-21234\" srcset=\"https:\/\/shannex.com\/wp-content\/uploads\/2023\/12\/IMG_5497-768x1024.jpeg 768w, https:\/\/shannex.com\/wp-content\/uploads\/2023\/12\/IMG_5497-225x300.jpeg 225w, https:\/\/shannex.com\/wp-content\/uploads\/2023\/12\/IMG_5497-1152x1536.jpeg 1152w, https:\/\/shannex.com\/wp-content\/uploads\/2023\/12\/IMG_5497-1536x2048.jpeg 1536w, https:\/\/shannex.com\/wp-content\/uploads\/2023\/12\/IMG_5497-scaled.jpeg 1920w\" sizes=\"(max-width: 768px) 100vw, 768px\" \/><\/figure>\n\n\n\n<figure class=\"wp-block-image size-large\"><img decoding=\"async\" width=\"768\" height=\"1024\" data-id=\"21260\" src=\"https:\/\/shannex.com\/wp-content\/uploads\/2023\/12\/IMG_5498-768x1024.jpeg\" alt=\"\" class=\"wp-image-21260\" srcset=\"https:\/\/shannex.com\/wp-content\/uploads\/2023\/12\/IMG_5498-768x1024.jpeg 768w, https:\/\/shannex.com\/wp-content\/uploads\/2023\/12\/IMG_5498-225x300.jpeg 225w, https:\/\/shannex.com\/wp-content\/uploads\/2023\/12\/IMG_5498-1152x1536.jpeg 1152w, https:\/\/shannex.com\/wp-content\/uploads\/2023\/12\/IMG_5498-1536x2048.jpeg 1536w, https:\/\/shannex.com\/wp-content\/uploads\/2023\/12\/IMG_5498-scaled.jpeg 1920w\" sizes=\"(max-width: 768px) 100vw, 768px\" \/><\/figure>\n\n\n\n<figure class=\"wp-block-image size-large\"><img decoding=\"async\" width=\"768\" height=\"1024\" data-id=\"21250\" src=\"https:\/\/shannex.com\/wp-content\/uploads\/2023\/12\/IMG_5499-768x1024.jpeg\" alt=\"\" class=\"wp-image-21250\" srcset=\"https:\/\/shannex.com\/wp-content\/uploads\/2023\/12\/IMG_5499-768x1024.jpeg 768w, https:\/\/shannex.com\/wp-content\/uploads\/2023\/12\/IMG_5499-225x300.jpeg 225w, https:\/\/shannex.com\/wp-content\/uploads\/2023\/12\/IMG_5499-1152x1536.jpeg 1152w, https:\/\/shannex.com\/wp-content\/uploads\/2023\/12\/IMG_5499-1536x2048.jpeg 1536w, https:\/\/shannex.com\/wp-content\/uploads\/2023\/12\/IMG_5499-scaled.jpeg 1920w\" sizes=\"(max-width: 768px) 100vw, 768px\" \/><\/figure>\n\n\n\n<figure class=\"wp-block-image size-large\"><img decoding=\"async\" width=\"768\" height=\"1024\" data-id=\"21242\" src=\"https:\/\/shannex.com\/wp-content\/uploads\/2023\/12\/IMG_5500-768x1024.jpeg\" alt=\"\" class=\"wp-image-21242\" srcset=\"https:\/\/shannex.com\/wp-content\/uploads\/2023\/12\/IMG_5500-768x1024.jpeg 768w, https:\/\/shannex.com\/wp-content\/uploads\/2023\/12\/IMG_5500-225x300.jpeg 225w, https:\/\/shannex.com\/wp-content\/uploads\/2023\/12\/IMG_5500-1152x1536.jpeg 1152w, https:\/\/shannex.com\/wp-content\/uploads\/2023\/12\/IMG_5500-1536x2048.jpeg 1536w, https:\/\/shannex.com\/wp-content\/uploads\/2023\/12\/IMG_5500-scaled.jpeg 1920w\" sizes=\"(max-width: 768px) 100vw, 768px\" \/><\/figure>\n\n\n\n<figure class=\"wp-block-image size-large\"><img decoding=\"async\" width=\"768\" height=\"1024\" data-id=\"21262\" src=\"https:\/\/shannex.com\/wp-content\/uploads\/2023\/12\/IMG_5501-768x1024.jpeg\" alt=\"\" class=\"wp-image-21262\" srcset=\"https:\/\/shannex.com\/wp-content\/uploads\/2023\/12\/IMG_5501-768x1024.jpeg 768w, https:\/\/shannex.com\/wp-content\/uploads\/2023\/12\/IMG_5501-225x300.jpeg 225w, https:\/\/shannex.com\/wp-content\/uploads\/2023\/12\/IMG_5501-1152x1536.jpeg 1152w, https:\/\/shannex.com\/wp-content\/uploads\/2023\/12\/IMG_5501-1536x2048.jpeg 1536w, https:\/\/shannex.com\/wp-content\/uploads\/2023\/12\/IMG_5501-scaled.jpeg 1920w\" sizes=\"(max-width: 768px) 100vw, 768px\" \/><\/figure>\n\n\n\n<figure class=\"wp-block-image size-large\"><img decoding=\"async\" width=\"768\" height=\"1024\" data-id=\"21246\" src=\"https:\/\/shannex.com\/wp-content\/uploads\/2023\/12\/IMG_5502-768x1024.jpeg\" alt=\"\" class=\"wp-image-21246\" srcset=\"https:\/\/shannex.com\/wp-content\/uploads\/2023\/12\/IMG_5502-768x1024.jpeg 768w, https:\/\/shannex.com\/wp-content\/uploads\/2023\/12\/IMG_5502-225x300.jpeg 225w, https:\/\/shannex.com\/wp-content\/uploads\/2023\/12\/IMG_5502-1152x1536.jpeg 1152w, https:\/\/shannex.com\/wp-content\/uploads\/2023\/12\/IMG_5502-1536x2048.jpeg 1536w, https:\/\/shannex.com\/wp-content\/uploads\/2023\/12\/IMG_5502-scaled.jpeg 1920w\" sizes=\"(max-width: 768px) 100vw, 768px\" \/><\/figure>\n\n\n\n<figure class=\"wp-block-image size-large\"><img decoding=\"async\" width=\"768\" height=\"1024\" data-id=\"21252\" src=\"https:\/\/shannex.com\/wp-content\/uploads\/2023\/12\/IMG_5503-768x1024.jpeg\" alt=\"\" class=\"wp-image-21252\" srcset=\"https:\/\/shannex.com\/wp-content\/uploads\/2023\/12\/IMG_5503-768x1024.jpeg 768w, https:\/\/shannex.com\/wp-content\/uploads\/2023\/12\/IMG_5503-225x300.jpeg 225w, https:\/\/shannex.com\/wp-content\/uploads\/2023\/12\/IMG_5503-1152x1536.jpeg 1152w, https:\/\/shannex.com\/wp-content\/uploads\/2023\/12\/IMG_5503-1536x2048.jpeg 1536w, https:\/\/shannex.com\/wp-content\/uploads\/2023\/12\/IMG_5503-scaled.jpeg 1920w\" sizes=\"(max-width: 768px) 100vw, 768px\" \/><\/figure>\n<\/figure>\n \n                            <\/div>\n                        <\/div>\n                    <\/article>\n                <\/div>\n                            <div>\n                    <article>\n                        <div class=\"row\">\n                            <div class=\"col-xs-12 col-lg-10 offset-lg-1 text-center\">\n                                <h1>Powerful Poetry <\/h1>\n                                                                <h5>21 f\u00e9vrier 2024<\/h5> \n                                                            <\/div>\n                        <\/div>\n                        <div class=\"row\">\n                            <div class=\"col-xs-12 col-lg-10 offset-lg-1\">\n                                \n<div class=\"wp-block-columns is-layout-flex wp-container-core-columns-is-layout-28f84493 wp-block-columns-is-layout-flex\">\n<div class=\"wp-block-column is-layout-flow wp-block-column-is-layout-flow\"><\/div>\n<\/div>\n\n\n\n<div class=\"wp-block-columns is-layout-flex wp-container-core-columns-is-layout-28f84493 wp-block-columns-is-layout-flex\">\n<div class=\"wp-block-column is-layout-flow wp-block-column-is-layout-flow\">\n<figure class=\"wp-block-image size-full\"><img decoding=\"async\" width=\"2560\" height=\"1920\" src=\"https:\/\/shannex.com\/wp-content\/uploads\/2024\/02\/PCP-Poetry-scaled.jpg\" alt=\"\" class=\"wp-image-22355\" srcset=\"https:\/\/shannex.com\/wp-content\/uploads\/2024\/02\/PCP-Poetry-scaled.jpg 2560w, https:\/\/shannex.com\/wp-content\/uploads\/2024\/02\/PCP-Poetry-300x225.jpg 300w, https:\/\/shannex.com\/wp-content\/uploads\/2024\/02\/PCP-Poetry-1024x768.jpg 1024w, https:\/\/shannex.com\/wp-content\/uploads\/2024\/02\/PCP-Poetry-768x576.jpg 768w, https:\/\/shannex.com\/wp-content\/uploads\/2024\/02\/PCP-Poetry-1536x1152.jpg 1536w, https:\/\/shannex.com\/wp-content\/uploads\/2024\/02\/PCP-Poetry-2048x1536.jpg 2048w\" sizes=\"(max-width: 2560px) 100vw, 2560px\" \/><figcaption class=\"wp-element-caption\"><em>Roger LeFrank, Lillian Appleby, Bev Delorey, John Cowans,\u00a0Rosaleen Hubley.<\/em><\/figcaption><\/figure>\n<\/div>\n\n\n\n<div class=\"wp-block-column is-vertically-aligned-center is-layout-flow wp-block-column-is-layout-flow\">\n<h4 class=\"wp-block-heading\"><strong>Parkland <\/strong>Clayton Park<\/h4>\n\n\n\n<p>Beautiful poetry has bonded residents at <a href=\"https:\/\/experienceparkland.com\/en\/locations\/parkland-clayton-park\/\">Parkland Clayton\u00a0Park<\/a>. <\/p>\n\n\n\n<p>The Pondering Poetry Group gathers once a month to\u00a0share their inspiring words. The group discusses each poem\u00a0in detail and shares their interpretations of the\u00a0meaning. Occasionally; members will share some of their\u00a0written poems, which is a delightful treat for all.\u00a0<\/p>\n\n\n\n<p>\u201cI enjoy poetry and it\u2019s a pleasure to meet with friends once a\u00a0month to share thoughts about our favorite poems and\u00a0poets,\u201d said resident Bev Delorey. \u201cIt&#8217;s a special joy to hear\u00a0the poems written by others in our group.\u201d\u00a0<\/p>\n\n\n\n<p>Through the love of powerful poems, the group has created\u00a0strong connections to their emotions and to each other.<\/p>\n\n\n\n<div class=\"wp-block-columns is-layout-flex wp-container-core-columns-is-layout-28f84493 wp-block-columns-is-layout-flex\">\n<div class=\"wp-block-column is-layout-flow wp-block-column-is-layout-flow\"><\/div>\n<\/div>\n<\/div>\n<\/div>\n\n\n\n<div class=\"wp-block-columns is-layout-flex wp-container-core-columns-is-layout-28f84493 wp-block-columns-is-layout-flex\">\n<div class=\"wp-block-column is-layout-flow wp-block-column-is-layout-flow\"><\/div>\n<\/div>\n\n\n\n<div class=\"wp-block-columns is-layout-flex wp-container-core-columns-is-layout-28f84493 wp-block-columns-is-layout-flex\">\n<div class=\"wp-block-column is-layout-flow wp-block-column-is-layout-flow\"><\/div>\n\n\n\n<div class=\"wp-block-column is-layout-flow wp-block-column-is-layout-flow\"><\/div>\n<\/div>\n\n\n\n<p>.<\/p>\n \n                            <\/div>\n                        <\/div>\n                    <\/article>\n                <\/div>\n                            <div>\n                    <article>\n                        <div class=\"row\">\n                            <div class=\"col-xs-12 col-lg-10 offset-lg-1 text-center\">\n                                <h1>We Caught You Being Safe <\/h1>\n                                                                <h5>21 f\u00e9vrier 2024<\/h5> \n                                                            <\/div>\n                        <\/div>\n                        <div class=\"row\">\n                            <div class=\"col-xs-12 col-lg-10 offset-lg-1\">\n                                \n<div style=\"height:100px\" aria-hidden=\"true\" class=\"wp-block-spacer\"><\/div>\n\n\n\n<p>This Winter, we are recognizing team members nominated for the &#8220;Caught You&nbsp;Being Safe&#8221; awards. These awards are dedicated to team members striving to&nbsp;make our communities and workplaces safer.<\/p>\n\n\n\n<div class=\"wp-block-columns is-layout-flex wp-container-core-columns-is-layout-28f84493 wp-block-columns-is-layout-flex\">\n<div class=\"wp-block-column is-layout-flow wp-block-column-is-layout-flow\">\n<div class=\"wp-block-columns is-layout-flex wp-container-core-columns-is-layout-28f84493 wp-block-columns-is-layout-flex\">\n<div class=\"wp-block-column is-layout-flow wp-block-column-is-layout-flow\">\n<figure class=\"wp-block-image alignright size-large is-resized\"><img decoding=\"async\" width=\"2560\" height=\"2560\" src=\"https:\/\/shannex.com\/wp-content\/uploads\/2024\/02\/CYBS_Kim-Brown-2.0-edited-scaled.jpg\" alt=\"\" class=\"wp-image-22544\" style=\"width:291px;height:auto\" srcset=\"https:\/\/shannex.com\/wp-content\/uploads\/2024\/02\/CYBS_Kim-Brown-2.0-edited-scaled.jpg 2560w, https:\/\/shannex.com\/wp-content\/uploads\/2024\/02\/CYBS_Kim-Brown-2.0-edited-300x300.jpg 300w, https:\/\/shannex.com\/wp-content\/uploads\/2024\/02\/CYBS_Kim-Brown-2.0-edited-1024x1024.jpg 1024w, https:\/\/shannex.com\/wp-content\/uploads\/2024\/02\/CYBS_Kim-Brown-2.0-edited-150x150.jpg 150w, https:\/\/shannex.com\/wp-content\/uploads\/2024\/02\/CYBS_Kim-Brown-2.0-edited-768x768.jpg 768w, https:\/\/shannex.com\/wp-content\/uploads\/2024\/02\/CYBS_Kim-Brown-2.0-edited-1536x1536.jpg 1536w, https:\/\/shannex.com\/wp-content\/uploads\/2024\/02\/CYBS_Kim-Brown-2.0-edited-2048x2048.jpg 2048w\" sizes=\"(max-width: 2560px) 100vw, 2560px\" \/><\/figure>\n<\/div>\n\n\n\n<div class=\"wp-block-column is-vertically-aligned-center is-layout-flow wp-block-column-is-layout-flow\">\n<h4 class=\"wp-block-heading\">Kim Brown, Long Term Care Assistant, Elk Court, NS&nbsp;<\/h4>\n\n\n\n<p>Kim Brown has been with Elk Court since 2014. She started as a Support Service&nbsp;Attendant and moved into a Long Term Care Assistant role in 2023. Kim is a&nbsp;dedicated team member and continuously sanitizes surfaces to keep residents&nbsp;and team members safe. Elk Court appreciates Kim&#8217;s hard work and&nbsp;commitment to safety and well-being<\/p>\n\n\n\n<p><\/p>\n\n\n\n<p><\/p>\n\n\n\n<div class=\"wp-block-columns is-layout-flex wp-container-core-columns-is-layout-28f84493 wp-block-columns-is-layout-flex\">\n<div class=\"wp-block-column is-layout-flow wp-block-column-is-layout-flow\"><\/div>\n<\/div>\n<\/div>\n<\/div>\n<\/div>\n<\/div>\n\n\n\n<div class=\"wp-block-columns is-layout-flex wp-container-core-columns-is-layout-28f84493 wp-block-columns-is-layout-flex\">\n<div class=\"wp-block-column is-layout-flow wp-block-column-is-layout-flow\">\n<figure class=\"wp-block-image alignright size-full is-resized\"><img decoding=\"async\" width=\"2242\" height=\"2242\" src=\"https:\/\/shannex.com\/wp-content\/uploads\/2024\/02\/CYBS_Jessica-Mananghaya-edited.jpeg\" alt=\"\" class=\"wp-image-22546\" style=\"width:272px;height:auto\" srcset=\"https:\/\/shannex.com\/wp-content\/uploads\/2024\/02\/CYBS_Jessica-Mananghaya-edited.jpeg 2242w, https:\/\/shannex.com\/wp-content\/uploads\/2024\/02\/CYBS_Jessica-Mananghaya-edited-300x300.jpeg 300w, https:\/\/shannex.com\/wp-content\/uploads\/2024\/02\/CYBS_Jessica-Mananghaya-edited-1024x1024.jpeg 1024w, https:\/\/shannex.com\/wp-content\/uploads\/2024\/02\/CYBS_Jessica-Mananghaya-edited-150x150.jpeg 150w, https:\/\/shannex.com\/wp-content\/uploads\/2024\/02\/CYBS_Jessica-Mananghaya-edited-768x768.jpeg 768w, https:\/\/shannex.com\/wp-content\/uploads\/2024\/02\/CYBS_Jessica-Mananghaya-edited-1536x1536.jpeg 1536w, https:\/\/shannex.com\/wp-content\/uploads\/2024\/02\/CYBS_Jessica-Mananghaya-edited-2048x2048.jpeg 2048w\" sizes=\"(max-width: 2242px) 100vw, 2242px\" \/><\/figure>\n<\/div>\n\n\n\n<div class=\"wp-block-column is-layout-flow wp-block-column-is-layout-flow\">\n<h4 class=\"wp-block-heading\">Jessica Mananghaya, Registered Practical Nurse, Parkland on the Glen, ON<\/h4>\n\n\n\n<p>Jessica has been a nurse at Parkland on the Glen since 2012. She is a valuable&nbsp;team member and lives our Guiding Principles every day. She demonstrates her&nbsp;belief in our safety culture through her visible leadership. We are proud to have&nbsp;such a caring and dedicated team members.<\/p>\n\n\n\n<p><a href=\"https:\/\/shannex.com\/kiknu\/\"> <\/a><\/p>\n<\/div>\n<\/div>\n\n\n\n<div style=\"height:22px\" aria-hidden=\"true\" class=\"wp-block-spacer\"><\/div>\n\n\n\n<div class=\"wp-block-columns is-layout-flex wp-container-core-columns-is-layout-28f84493 wp-block-columns-is-layout-flex\">\n<div class=\"wp-block-column is-layout-flow wp-block-column-is-layout-flow\">\n<figure class=\"wp-block-image alignright size-large is-resized\"><img decoding=\"async\" width=\"1536\" height=\"1536\" src=\"https:\/\/shannex.com\/wp-content\/uploads\/2024\/02\/CYBS_Marie-Christine-Roussel-edited.jpeg\" alt=\"\" class=\"wp-image-22548\" style=\"width:279px;height:auto\" srcset=\"https:\/\/shannex.com\/wp-content\/uploads\/2024\/02\/CYBS_Marie-Christine-Roussel-edited.jpeg 1536w, https:\/\/shannex.com\/wp-content\/uploads\/2024\/02\/CYBS_Marie-Christine-Roussel-edited-300x300.jpeg 300w, https:\/\/shannex.com\/wp-content\/uploads\/2024\/02\/CYBS_Marie-Christine-Roussel-edited-1024x1024.jpeg 1024w, https:\/\/shannex.com\/wp-content\/uploads\/2024\/02\/CYBS_Marie-Christine-Roussel-edited-150x150.jpeg 150w, https:\/\/shannex.com\/wp-content\/uploads\/2024\/02\/CYBS_Marie-Christine-Roussel-edited-768x768.jpeg 768w\" sizes=\"(max-width: 1536px) 100vw, 1536px\" \/><\/figure>\n<\/div>\n\n\n\n<div class=\"wp-block-column is-layout-flow wp-block-column-is-layout-flow\">\n<h4 class=\"wp-block-heading\">Marie-Christine Roussel, Restorative Rehab Coordinator, Faubourg du&nbsp;Mascaret, NB<\/h4>\n\n\n\n<p>Marie-Christine does exceptional work with residents by bringing a positive&nbsp;attitude and high energy to all daily tasks. She brings a distinct purpose to our&nbsp;residents&#8217; daily mobility activities, and does it safely. Marie-Christine is reliable&nbsp;and always open to helping other team members.<\/p>\n<\/div>\n<\/div>\n\n\n\n<div style=\"height:26px\" aria-hidden=\"true\" class=\"wp-block-spacer\"><\/div>\n\n\n\n<div class=\"wp-block-columns is-layout-flex wp-container-core-columns-is-layout-28f84493 wp-block-columns-is-layout-flex\">\n<div class=\"wp-block-column is-layout-flow wp-block-column-is-layout-flow\">\n<hr class=\"wp-block-separator aligncenter has-alpha-channel-opacity\"\/>\n\n\n\n<p><a href=\"https:\/\/experienceparkland.com\/en\/new-locations\/\">Learn more about our newest Parkland active lifestyle retirement communities<\/a><\/p>\n<\/div>\n\n\n\n<div class=\"wp-block-column is-layout-flow wp-block-column-is-layout-flow\"><\/div>\n<\/div>\n \n                            <\/div>\n                        <\/div>\n                    <\/article>\n                <\/div>\n                            <div>\n                    <article>\n                        <div class=\"row\">\n                            <div class=\"col-xs-12 col-lg-10 offset-lg-1 text-center\">\n                                <h1>Culinary Centre Reaches New Safety Goal <\/h1>\n                                                                <h5>21 f\u00e9vrier 2024<\/h5> \n                                                            <\/div>\n                        <\/div>\n                        <div class=\"row\">\n                            <div class=\"col-xs-12 col-lg-10 offset-lg-1\">\n                                \n<div class=\"wp-block-columns is-layout-flex wp-container-core-columns-is-layout-28f84493 wp-block-columns-is-layout-flex\">\n<div class=\"wp-block-column is-layout-flow wp-block-column-is-layout-flow\"><\/div>\n<\/div>\n\n\n\n<div class=\"wp-block-columns is-layout-flex wp-container-core-columns-is-layout-28f84493 wp-block-columns-is-layout-flex\">\n<div class=\"wp-block-column is-layout-flow wp-block-column-is-layout-flow\">\n<figure class=\"wp-block-image size-full\"><img decoding=\"async\" width=\"884\" height=\"819\" src=\"https:\/\/shannex.com\/wp-content\/uploads\/2024\/02\/Paul-Pothier.png\" alt=\"\" class=\"wp-image-22830\" srcset=\"https:\/\/shannex.com\/wp-content\/uploads\/2024\/02\/Paul-Pothier.png 884w, https:\/\/shannex.com\/wp-content\/uploads\/2024\/02\/Paul-Pothier-300x278.png 300w, https:\/\/shannex.com\/wp-content\/uploads\/2024\/02\/Paul-Pothier-768x712.png 768w\" sizes=\"(max-width: 884px) 100vw, 884px\" \/><figcaption class=\"wp-element-caption\"><em>Paul Pothier, Production Cook<\/em><\/figcaption><\/figure>\n<\/div>\n\n\n\n<div class=\"wp-block-column is-layout-flow wp-block-column-is-layout-flow\">\n<h4 class=\"wp-block-heading\"><strong>Shannex Culinary Centre<\/strong><\/h4>\n\n\n\n<p>In October, the Nova Scotia Culinary Centre achieved&nbsp;12 consecutive months of perfect Safety Profile Scores&nbsp;(SPS). The SPS measures safety performance within&nbsp;every Shannex, Parkland and Faubourg Community,&nbsp;and the Culinary Centre is the first division to achieve&nbsp;this 12-month accomplishment.&nbsp;<\/p>\n\n\n\n<p>&#8220;Achieving this accomplishment wouldn&#8217;t have&nbsp;been possible without the whole team actively&nbsp;involved and working safely. Congratulations&nbsp;to the team and to Katelyn Whittaker, Culinary&nbsp;Production Manager for making this happen.&#8221;&nbsp;Dana Schiefer, Shannex&#8217;s Chief Culinary Officer.<\/p>\n\n\n\n<p>To have a perfect score, the team had to meet the&nbsp;following qualifications successfully:&nbsp;<\/p>\n\n\n\n<ul class=\"wp-block-list\">\n<li>Eighty percent of staff have their mandatory safety&nbsp;training.&nbsp;<\/li>\n\n\n\n<li>Safety inspections must identify seven hazards,&nbsp;actions, or opportunities for improving safety.&nbsp;<\/li>\n\n\n\n<li>The Joint Occupational Health &amp; Safety Committee&nbsp;(JOHSC) needs to have a minimum number of&nbsp;members, do their inspections, make a&nbsp;recommendation, and share a safety message.&nbsp;<\/li>\n\n\n\n<li>At least two monthly team members must be&nbsp;nominated for the Caught You Being Safe&nbsp;recognition.<\/li>\n\n\n\n<li>Safety communication must be posted and visible&nbsp;to the staff as per their right to know under&nbsp;occupational health legislation.&nbsp;<\/li>\n\n\n\n<li>There should be zero or very few team members&nbsp;off on Workers\u2019 Compensation Board claims,&nbsp;indicating less severe incidents and a best practice&nbsp;for return to work. <\/li>\n<\/ul>\n\n\n\n<p><\/p>\n\n\n\n<p>This fast-paced kitchen environment delivers food to\u00a0most of Shannex&#8217;s long-term care communities\u00a0throughout Nova Scotia and New Brunswick. It\u00a0produces roughly 5,000 meals daily and around\u00a0664,950 homemade cookies annually.<\/p>\n<\/div>\n\n\n\n<div class=\"wp-block-column is-layout-flow wp-block-column-is-layout-flow\">\n<figure class=\"wp-block-image size-full\"><img decoding=\"async\" width=\"2560\" height=\"2560\" src=\"https:\/\/shannex.com\/wp-content\/uploads\/2024\/02\/Culinary-10-edited-scaled.jpg\" alt=\"\" class=\"wp-image-22551\" srcset=\"https:\/\/shannex.com\/wp-content\/uploads\/2024\/02\/Culinary-10-edited-scaled.jpg 2560w, https:\/\/shannex.com\/wp-content\/uploads\/2024\/02\/Culinary-10-edited-300x300.jpg 300w, https:\/\/shannex.com\/wp-content\/uploads\/2024\/02\/Culinary-10-edited-1024x1024.jpg 1024w, https:\/\/shannex.com\/wp-content\/uploads\/2024\/02\/Culinary-10-edited-150x150.jpg 150w, https:\/\/shannex.com\/wp-content\/uploads\/2024\/02\/Culinary-10-edited-768x768.jpg 768w, https:\/\/shannex.com\/wp-content\/uploads\/2024\/02\/Culinary-10-edited-1536x1536.jpg 1536w, https:\/\/shannex.com\/wp-content\/uploads\/2024\/02\/Culinary-10-edited-2048x2048.jpg 2048w\" sizes=\"(max-width: 2560px) 100vw, 2560px\" \/><figcaption class=\"wp-element-caption\"><em>Jorde Boutilier and Kate Rankin, Bakers&nbsp;<\/em><\/figcaption><\/figure>\n<\/div>\n<\/div>\n\n\n\n<div class=\"wp-block-columns is-layout-flex wp-container-core-columns-is-layout-28f84493 wp-block-columns-is-layout-flex\">\n<div class=\"wp-block-column is-layout-flow wp-block-column-is-layout-flow\"><\/div>\n<\/div>\n\n\n\n<div class=\"wp-block-columns is-layout-flex wp-container-core-columns-is-layout-28f84493 wp-block-columns-is-layout-flex\">\n<div class=\"wp-block-column is-layout-flow wp-block-column-is-layout-flow\"><\/div>\n\n\n\n<div class=\"wp-block-column is-layout-flow wp-block-column-is-layout-flow\"><\/div>\n<\/div>\n\n\n\n<p>.<\/p>\n \n                            <\/div>\n                        <\/div>\n                    <\/article>\n                <\/div>\n                            <div>\n                    <article>\n                        <div class=\"row\">\n                            <div class=\"col-xs-12 col-lg-10 offset-lg-1 text-center\">\n                                <h1>Great People Portal Launches <\/h1>\n                                                                <h5>21 f\u00e9vrier 2024<\/h5> \n                                                            <\/div>\n                        <\/div>\n                        <div class=\"row\">\n                            <div class=\"col-xs-12 col-lg-10 offset-lg-1\">\n                                \n<div class=\"wp-block-columns is-layout-flex wp-container-core-columns-is-layout-28f84493 wp-block-columns-is-layout-flex\">\n<div class=\"wp-block-column is-layout-flow wp-block-column-is-layout-flow\"><\/div>\n<\/div>\n\n\n\n<div class=\"wp-block-columns is-layout-flex wp-container-core-columns-is-layout-28f84493 wp-block-columns-is-layout-flex\">\n<div class=\"wp-block-column is-vertically-aligned-center is-layout-flow wp-block-column-is-layout-flow\">\n<figure class=\"wp-block-image size-large\"><img decoding=\"async\" width=\"1024\" height=\"576\" src=\"https:\/\/shannex.com\/wp-content\/uploads\/2024\/02\/Employee_Portal_Launch_Slide2_DEC2023-1024x576.jpg\" alt=\"\" class=\"wp-image-22564\" srcset=\"https:\/\/shannex.com\/wp-content\/uploads\/2024\/02\/Employee_Portal_Launch_Slide2_DEC2023-1024x576.jpg 1024w, https:\/\/shannex.com\/wp-content\/uploads\/2024\/02\/Employee_Portal_Launch_Slide2_DEC2023-300x169.jpg 300w, https:\/\/shannex.com\/wp-content\/uploads\/2024\/02\/Employee_Portal_Launch_Slide2_DEC2023-768x432.jpg 768w, https:\/\/shannex.com\/wp-content\/uploads\/2024\/02\/Employee_Portal_Launch_Slide2_DEC2023-1536x864.jpg 1536w, https:\/\/shannex.com\/wp-content\/uploads\/2024\/02\/Employee_Portal_Launch_Slide2_DEC2023-2048x1152.jpg 2048w\" sizes=\"(max-width: 1024px) 100vw, 1024px\" \/><\/figure>\n\n\n\n<p>The Great People Portal is a hub with tools and resources to support our Great People as they grow their career at Shannex.Visit the portal to access the tools and resources you need, such as:<\/p>\n\n\n\n<ul class=\"wp-block-list\">\n<li><strong>Compensation<\/strong>: Gain insights into your compensation details through the Great People Portal, where you will find quick links to payroll tools like QSS and Kronos.<\/li>\n\n\n\n<li><strong>Benefits<\/strong>: Stay informed about the many benefits and perks available to you and your family.<\/li>\n\n\n\n<li><strong>Learning and Development<\/strong>: Explore learning and development opportunities tailored to your professional advancement and fostering a culture of improvement.<\/li>\n\n\n\n<li><strong>Performance and Recognition<\/strong>: Discover and participate in rewards and recognition programs that celebrate your contributions, fostering a culture of appreciation.<\/li>\n\n\n\n<li><strong>Work Life<\/strong>: Achieve a better work-life balance with resources and tools aimed at supporting your overall wellbeing.<\/li>\n<\/ul>\n\n\n\n<p>Contact <a href=\"mailto:GreatIdeas@Shannex.com\" target=\"_blank\" rel=\"noreferrer noopener\">GreatIdeas@Shannex.com<\/a> for more information<\/p>\n\n\n\n<p><\/p>\n\n\n\n<div class=\"wp-block-columns is-layout-flex wp-container-core-columns-is-layout-28f84493 wp-block-columns-is-layout-flex\">\n<div class=\"wp-block-column is-layout-flow wp-block-column-is-layout-flow\"><\/div>\n<\/div>\n<\/div>\n<\/div>\n\n\n\n<div class=\"wp-block-columns is-layout-flex wp-container-core-columns-is-layout-28f84493 wp-block-columns-is-layout-flex\">\n<div class=\"wp-block-column is-layout-flow wp-block-column-is-layout-flow\"><\/div>\n<\/div>\n\n\n\n<div class=\"wp-block-columns is-layout-flex wp-container-core-columns-is-layout-28f84493 wp-block-columns-is-layout-flex\">\n<div class=\"wp-block-column is-layout-flow wp-block-column-is-layout-flow\"><\/div>\n\n\n\n<div class=\"wp-block-column is-layout-flow wp-block-column-is-layout-flow\"><\/div>\n<\/div>\n\n\n\n<p>.<\/p>\n \n                            <\/div>\n                        <\/div>\n                    <\/article>\n                <\/div>\n                            <div>\n                    <article>\n                        <div class=\"row\">\n                            <div class=\"col-xs-12 col-lg-10 offset-lg-1 text-center\">\n                                <h1>Team Member Spotlight: Eric MacRae\u00a0 <\/h1>\n                                                                <h5>21 f\u00e9vrier 2024<\/h5> \n                                                            <\/div>\n                        <\/div>\n                        <div class=\"row\">\n                            <div class=\"col-xs-12 col-lg-10 offset-lg-1\">\n                                \n<div class=\"wp-block-columns is-layout-flex wp-container-core-columns-is-layout-28f84493 wp-block-columns-is-layout-flex\">\n<div class=\"wp-block-column is-layout-flow wp-block-column-is-layout-flow\"><\/div>\n<\/div>\n\n\n\n<div class=\"wp-block-columns is-layout-flex wp-container-core-columns-is-layout-28f84493 wp-block-columns-is-layout-flex\">\n<div class=\"wp-block-column is-layout-flow wp-block-column-is-layout-flow\">\n<figure class=\"wp-block-image size-full\"><img decoding=\"async\" width=\"1815\" height=\"2048\" src=\"https:\/\/shannex.com\/wp-content\/uploads\/2024\/02\/Eric_Team_Member_Spotlight.jpeg\" alt=\"\" class=\"wp-image-22435\" srcset=\"https:\/\/shannex.com\/wp-content\/uploads\/2024\/02\/Eric_Team_Member_Spotlight.jpeg 1815w, https:\/\/shannex.com\/wp-content\/uploads\/2024\/02\/Eric_Team_Member_Spotlight-266x300.jpeg 266w, https:\/\/shannex.com\/wp-content\/uploads\/2024\/02\/Eric_Team_Member_Spotlight-908x1024.jpeg 908w, https:\/\/shannex.com\/wp-content\/uploads\/2024\/02\/Eric_Team_Member_Spotlight-768x867.jpeg 768w, https:\/\/shannex.com\/wp-content\/uploads\/2024\/02\/Eric_Team_Member_Spotlight-1361x1536.jpeg 1361w\" sizes=\"(max-width: 1815px) 100vw, 1815px\" \/><\/figure>\n<\/div>\n\n\n\n<div class=\"wp-block-column is-vertically-aligned-center is-layout-flow wp-block-column-is-layout-flow\">\n<h4 class=\"wp-block-heading\"><strong>Home Office<\/strong><\/h4>\n\n\n\n<p>As General Counsel, Eric provides strategic legal and business advice to Shannex\u2019s management team. Eric is responsible for legal operations and risk management throughout Shannex, including overseeing the health, wellness, and safety teams. <\/p>\n\n\n\n<p>Eric has extensive experience in private practice and as in-house counsel, advising on corporate transactions, financing arrangements, complex commercial agreements, business disputes, and general corporate and commercial matters. He began his legal career with Atlantic Canada\u2019s largest regional law firm, and immediately before joining Shannex, he was Senior Counsel at a publicly traded energy and services company.Eric holds a Bachelor of Commerce and Certificate in Human Resource Management from Saint Mary\u2019s University, a Bachelor of Law from the University of New Brunswick, and a Master\u2019s in Law and Finance from the University of Oxford.<\/p>\n\n\n\n<p>When not at work, Eric can be found playing hockey, skiing or enjoying the great outdoors with his wife and their two children. He also loves the Montreal Canadiens.<\/p>\n\n\n\n<p><a href=\"https:\/\/shannex.com\/about-shannex\/our-leadership-team\/\">Meet our Leadership Team<\/a><\/p>\n\n\n\n<div class=\"wp-block-columns is-layout-flex wp-container-core-columns-is-layout-28f84493 wp-block-columns-is-layout-flex\">\n<div class=\"wp-block-column is-layout-flow wp-block-column-is-layout-flow\"><\/div>\n<\/div>\n<\/div>\n<\/div>\n\n\n\n<div class=\"wp-block-columns is-layout-flex wp-container-core-columns-is-layout-28f84493 wp-block-columns-is-layout-flex\">\n<div class=\"wp-block-column is-layout-flow wp-block-column-is-layout-flow\"><\/div>\n<\/div>\n\n\n\n<div class=\"wp-block-columns is-layout-flex wp-container-core-columns-is-layout-28f84493 wp-block-columns-is-layout-flex\">\n<div class=\"wp-block-column is-layout-flow wp-block-column-is-layout-flow\"><\/div>\n\n\n\n<div class=\"wp-block-column is-layout-flow wp-block-column-is-layout-flow\"><\/div>\n<\/div>\n\n\n\n<p>.<\/p>\n \n                            <\/div>\n                        <\/div>\n                    <\/article>\n                <\/div>\n                            <div>\n                    <article>\n                        <div class=\"row\">\n                            <div class=\"col-xs-12 col-lg-10 offset-lg-1 text-center\">\n                                <h1>Melodies and Memories <\/h1>\n                                                                <h5>21 f\u00e9vrier 2024<\/h5> \n                                                            <\/div>\n                        <\/div>\n                        <div class=\"row\">\n                            <div class=\"col-xs-12 col-lg-10 offset-lg-1\">\n                                \n<div class=\"wp-block-columns is-layout-flex wp-container-core-columns-is-layout-28f84493 wp-block-columns-is-layout-flex\">\n<div class=\"wp-block-column is-layout-flow wp-block-column-is-layout-flow\"><\/div>\n<\/div>\n\n\n\n<div class=\"wp-block-columns is-layout-flex wp-container-core-columns-is-layout-28f84493 wp-block-columns-is-layout-flex\">\n<div class=\"wp-block-column is-layout-flow wp-block-column-is-layout-flow\">\n<figure class=\"wp-block-image size-full\"><img decoding=\"async\" width=\"2480\" height=\"1860\" src=\"https:\/\/shannex.com\/wp-content\/uploads\/2024\/02\/KinderMusic3.jpeg\" alt=\"\" class=\"wp-image-22459\" srcset=\"https:\/\/shannex.com\/wp-content\/uploads\/2024\/02\/KinderMusic3.jpeg 2480w, https:\/\/shannex.com\/wp-content\/uploads\/2024\/02\/KinderMusic3-300x225.jpeg 300w, https:\/\/shannex.com\/wp-content\/uploads\/2024\/02\/KinderMusic3-1024x768.jpeg 1024w, https:\/\/shannex.com\/wp-content\/uploads\/2024\/02\/KinderMusic3-768x576.jpeg 768w, https:\/\/shannex.com\/wp-content\/uploads\/2024\/02\/KinderMusic3-1536x1152.jpeg 1536w, https:\/\/shannex.com\/wp-content\/uploads\/2024\/02\/KinderMusic3-2048x1536.jpeg 2048w\" sizes=\"(max-width: 2480px) 100vw, 2480px\" \/><\/figure>\n\n\n\n<figure class=\"wp-block-image size-full\"><img decoding=\"async\" width=\"2480\" height=\"1860\" src=\"https:\/\/shannex.com\/wp-content\/uploads\/2024\/02\/KinderMusic2.jpeg\" alt=\"\" class=\"wp-image-22457\" srcset=\"https:\/\/shannex.com\/wp-content\/uploads\/2024\/02\/KinderMusic2.jpeg 2480w, https:\/\/shannex.com\/wp-content\/uploads\/2024\/02\/KinderMusic2-300x225.jpeg 300w, https:\/\/shannex.com\/wp-content\/uploads\/2024\/02\/KinderMusic2-1024x768.jpeg 1024w, https:\/\/shannex.com\/wp-content\/uploads\/2024\/02\/KinderMusic2-768x576.jpeg 768w, https:\/\/shannex.com\/wp-content\/uploads\/2024\/02\/KinderMusic2-1536x1152.jpeg 1536w, https:\/\/shannex.com\/wp-content\/uploads\/2024\/02\/KinderMusic2-2048x1536.jpeg 2048w\" sizes=\"(max-width: 2480px) 100vw, 2480px\" \/><figcaption class=\"wp-element-caption\"><em>Residents at Parkland West Bedford enjoy musical company from Kindermusik children.<\/em><\/figcaption><\/figure>\n<\/div>\n\n\n\n<div class=\"wp-block-column is-vertically-aligned-center is-layout-flow wp-block-column-is-layout-flow\">\n<h4 class=\"wp-block-heading has-large-font-size\"><strong>Parkland West Bedford<\/strong><\/h4>\n\n\n\n<p class=\"has-medium-font-size\">The <a href=\"https:\/\/experienceparkland.com\/en\/health-and-wellness\/\">Parkland Harmony Wellness Program<\/a> focuses on the key dimensions of personal well-being: social, intellectual, physical, vocational, spiritual and emotional.<\/p>\n\n\n\n<p class=\"has-medium-font-size\">Through a partnership with Joyful Sounds Music Studio and Kindermusik, <a href=\"https:\/\/shannex.com\/location\/parkland-west-bedford\/\">Parkland West Bedford<\/a> residents sang along to nostalgic melodies with toddlers and their parents as dance partners. Creating intergenerational activities and relationships is one of the ways the Harmony Wellness Program supports Parkland residents in living their best lives<\/p>\n\n\n\n<div class=\"wp-block-columns is-layout-flex wp-container-core-columns-is-layout-28f84493 wp-block-columns-is-layout-flex\">\n<div class=\"wp-block-column is-layout-flow wp-block-column-is-layout-flow\">\n<hr class=\"wp-block-separator has-alpha-channel-opacity\"\/>\n\n\n\n<p>Read <a href=\"https:\/\/experienceparkland.com\/en\/blog\/spiritual-dimension\/\">Bringing the Joy of Music to Everyone<\/a>.<\/p>\n<\/div>\n<\/div>\n<\/div>\n<\/div>\n\n\n\n<div class=\"wp-block-columns is-layout-flex wp-container-core-columns-is-layout-28f84493 wp-block-columns-is-layout-flex\">\n<div class=\"wp-block-column is-layout-flow wp-block-column-is-layout-flow\"><\/div>\n<\/div>\n\n\n\n<div class=\"wp-block-columns is-layout-flex wp-container-core-columns-is-layout-28f84493 wp-block-columns-is-layout-flex\">\n<div class=\"wp-block-column is-layout-flow wp-block-column-is-layout-flow\"><\/div>\n\n\n\n<div class=\"wp-block-column is-layout-flow wp-block-column-is-layout-flow\"><\/div>\n<\/div>\n\n\n\n<p>.<\/p>\n \n                            <\/div>\n                        <\/div>\n                    <\/article>\n                <\/div>\n                            <div>\n                    <article>\n                        <div class=\"row\">\n                            <div class=\"col-xs-12 col-lg-10 offset-lg-1 text-center\">\n                                <h1>Planning your preventative health care schedule in 2024 <\/h1>\n                                                                <h5>21 f\u00e9vrier 2024<\/h5> \n                                                            <\/div>\n                        <\/div>\n                        <div class=\"row\">\n                            <div class=\"col-xs-12 col-lg-10 offset-lg-1\">\n                                \n<div class=\"wp-block-columns is-layout-flex wp-container-core-columns-is-layout-28f84493 wp-block-columns-is-layout-flex\">\n<div class=\"wp-block-column is-layout-flow wp-block-column-is-layout-flow\"><\/div>\n<\/div>\n\n\n\n<div class=\"wp-block-columns is-layout-flex wp-container-core-columns-is-layout-28f84493 wp-block-columns-is-layout-flex\">\n<div class=\"wp-block-column is-layout-flow wp-block-column-is-layout-flow\">\n<figure class=\"wp-block-image size-full\"><img decoding=\"async\" width=\"2100\" height=\"1200\" src=\"https:\/\/shannex.com\/wp-content\/uploads\/2024\/02\/HealthWellnessSafety_logo.png\" alt=\"\" class=\"wp-image-22445\" srcset=\"https:\/\/shannex.com\/wp-content\/uploads\/2024\/02\/HealthWellnessSafety_logo.png 2100w, https:\/\/shannex.com\/wp-content\/uploads\/2024\/02\/HealthWellnessSafety_logo-300x171.png 300w, https:\/\/shannex.com\/wp-content\/uploads\/2024\/02\/HealthWellnessSafety_logo-1024x585.png 1024w, https:\/\/shannex.com\/wp-content\/uploads\/2024\/02\/HealthWellnessSafety_logo-768x439.png 768w, https:\/\/shannex.com\/wp-content\/uploads\/2024\/02\/HealthWellnessSafety_logo-1536x878.png 1536w, https:\/\/shannex.com\/wp-content\/uploads\/2024\/02\/HealthWellnessSafety_logo-2048x1170.png 2048w\" sizes=\"(max-width: 2100px) 100vw, 2100px\" \/><\/figure>\n<\/div>\n\n\n\n<div class=\"wp-block-column is-vertically-aligned-center is-layout-flow wp-block-column-is-layout-flow\">\n<h4 class=\"wp-block-heading\"><strong>Preventative care can help you stay healthier for longer.<\/strong><\/h4>\n\n\n\n<p>Routine preventative care can help you stay well and can catch problems early, helping you live a longer,healthier life. The following are the most common preventative health screenings for adults:<\/p>\n\n\n\n<ul class=\"wp-block-list\">\n<li>Breast, colorectal, cervical and prostate cancers are some of the most common cancers affecting adults,and early detection can stop them from spreading or becoming more serious.<\/li>\n\n\n\n<li>Screenings for blood pressure, cholesterol, and diabetes can help detect common metabolic conditions.<\/li>\n\n\n\n<li>Immunizations: We usually think of vaccines as something kids need, but adults need to stay on top of their vaccines. Adult immunizations include annual respiratory illness shots and boosters for vaccines like tetanus or the mumps you may have received as a child that have worn off.<\/li>\n\n\n\n<li>Counselling: Preventative counselling can help manage a chronic condition or support making healthier lifestyle choices, like quitting smoking.<\/li>\n<\/ul>\n\n\n\n<div class=\"wp-block-columns is-layout-flex wp-container-core-columns-is-layout-28f84493 wp-block-columns-is-layout-flex\">\n<div class=\"wp-block-column is-layout-flow wp-block-column-is-layout-flow\"><\/div>\n<\/div>\n<\/div>\n<\/div>\n\n\n\n<div class=\"wp-block-columns is-layout-flex wp-container-core-columns-is-layout-28f84493 wp-block-columns-is-layout-flex\">\n<div class=\"wp-block-column is-layout-flow wp-block-column-is-layout-flow\"><\/div>\n<\/div>\n\n\n\n<div class=\"wp-block-columns is-layout-flex wp-container-core-columns-is-layout-28f84493 wp-block-columns-is-layout-flex\">\n<div class=\"wp-block-column is-layout-flow wp-block-column-is-layout-flow\"><\/div>\n\n\n\n<div class=\"wp-block-column is-layout-flow wp-block-column-is-layout-flow\"><\/div>\n<\/div>\n\n\n\n<p>.<\/p>\n \n                            <\/div>\n                        <\/div>\n                    <\/article>\n                <\/div>\n                            <div>\n                    <article>\n                        <div class=\"row\">\n                            <div class=\"col-xs-12 col-lg-10 offset-lg-1 text-center\">\n                                <h1>Excelling in Leadership Program <\/h1>\n                                                                <h5>21 f\u00e9vrier 2024<\/h5> \n                                                            <\/div>\n                        <\/div>\n                        <div class=\"row\">\n                            <div class=\"col-xs-12 col-lg-10 offset-lg-1\">\n                                \n<div class=\"wp-block-columns is-layout-flex wp-container-core-columns-is-layout-28f84493 wp-block-columns-is-layout-flex\">\n<div class=\"wp-block-column is-layout-flow wp-block-column-is-layout-flow\"><\/div>\n<\/div>\n\n\n\n<div class=\"wp-block-columns is-layout-flex wp-container-core-columns-is-layout-28f84493 wp-block-columns-is-layout-flex\">\n<div class=\"wp-block-column is-layout-flow wp-block-column-is-layout-flow\">\n<figure class=\"wp-block-image size-full\"><img decoding=\"async\" width=\"2048\" height=\"1363\" src=\"https:\/\/shannex.com\/wp-content\/uploads\/2024\/01\/Shannex-@-Dal-121.jpg\" alt=\"\" class=\"wp-image-22028\" srcset=\"https:\/\/shannex.com\/wp-content\/uploads\/2024\/01\/Shannex-@-Dal-121.jpg 2048w, https:\/\/shannex.com\/wp-content\/uploads\/2024\/01\/Shannex-@-Dal-121-300x200.jpg 300w, https:\/\/shannex.com\/wp-content\/uploads\/2024\/01\/Shannex-@-Dal-121-1024x682.jpg 1024w, https:\/\/shannex.com\/wp-content\/uploads\/2024\/01\/Shannex-@-Dal-121-768x511.jpg 768w, https:\/\/shannex.com\/wp-content\/uploads\/2024\/01\/Shannex-@-Dal-121-1536x1022.jpg 1536w\" sizes=\"(max-width: 2048px) 100vw, 2048px\" \/><figcaption class=\"wp-element-caption\"><em>Vanessa Quigley, Gillian Hoyt Hallett, Ken Dewar, Allana Labban-Aonso, Ashley Umlah, Chole Henderson, Brianne Bampton, Gavin Slade, Elliot<br>Kavanagh, Kyle Richardson<\/em><\/figcaption><\/figure>\n<\/div>\n\n\n\n<div class=\"wp-block-column is-vertically-aligned-center is-layout-flow wp-block-column-is-layout-flow\">\n<h4 class=\"wp-block-heading\"><strong>Learning and Development<\/strong><\/h4>\n\n\n\n<p>In January 2023, 10 leaders from Shannex began the Excelling in Leadership Program, the highest level of the Lead Blue Leadership Development Program. <\/p>\n\n\n\n<p>Completing Excelling in Leadership strengthens each participant\u2019s ability to work effectively in their presentrole and prepares them to take on increasing responsibility. Students work on projects that address real Shannex challenges and come up with innovative solutions that move the organization \u2013 and their careers \u2013 forward.<\/p>\n\n\n\n<p>Specifically, Excelling in Leadership will develop high-potential leaders in four areas:<\/p>\n\n\n\n<ul class=\"wp-block-list\">\n<li>Values-based leadership<\/li>\n\n\n\n<li>Self-management and self-awareness<\/li>\n\n\n\n<li>Strategic, creative and solution-orientated decision making<\/li>\n\n\n\n<li>Team and relationship management<\/li>\n<\/ul>\n\n\n\n<p>In November, the learners completed their course work and received their certificates! Congratulations! A new cohort of students are embarking on this challenge for 2024, and we can\u2019t wait to see the results.<\/p>\n\n\n\n<div class=\"wp-block-columns is-layout-flex wp-container-core-columns-is-layout-28f84493 wp-block-columns-is-layout-flex\">\n<div class=\"wp-block-column is-layout-flow wp-block-column-is-layout-flow\"><\/div>\n<\/div>\n<\/div>\n<\/div>\n\n\n\n<div class=\"wp-block-columns is-layout-flex wp-container-core-columns-is-layout-28f84493 wp-block-columns-is-layout-flex\">\n<div class=\"wp-block-column is-layout-flow wp-block-column-is-layout-flow\"><\/div>\n<\/div>\n\n\n\n<div class=\"wp-block-columns is-layout-flex wp-container-core-columns-is-layout-28f84493 wp-block-columns-is-layout-flex\">\n<div class=\"wp-block-column is-layout-flow wp-block-column-is-layout-flow\"><\/div>\n\n\n\n<div class=\"wp-block-column is-layout-flow wp-block-column-is-layout-flow\"><\/div>\n<\/div>\n\n\n\n<p>.<\/p>\n \n                            <\/div>\n                        <\/div>\n                    <\/article>\n                <\/div>\n                            <div>\n                    <article>\n                        <div class=\"row\">\n                            <div class=\"col-xs-12 col-lg-10 offset-lg-1 text-center\">\n                                <h1>Dorothy&#8217;s Rehabilitation Journey: Triumph at Neill Hall\u00a0 <\/h1>\n                                                                <h5>21 f\u00e9vrier 2024<\/h5> \n                                                            <\/div>\n                        <\/div>\n                        <div class=\"row\">\n                            <div class=\"col-xs-12 col-lg-10 offset-lg-1\">\n                                \n<div style=\"height:100px\" aria-hidden=\"true\" class=\"wp-block-spacer\"><\/div>\n\n\n\n<div class=\"wp-block-columns is-layout-flex wp-container-core-columns-is-layout-28f84493 wp-block-columns-is-layout-flex\">\n<div class=\"wp-block-column is-layout-flow wp-block-column-is-layout-flow\">\n<p>In the community of <a href=\"https:\/\/shannex.com\/location\/neill-hall\/\">Neill Hall,<\/a> resident Dorothy Mackeracher defied the expectations set by her medical prognosis. With the support or restorative care LPN, Morgan Lambert, Dorothy has the wind back in her step after two hip replacements.&nbsp;<\/p>\n\n\n\n<p>A nursing home resident since 2020, it was one year into her arrival that she learned she needed her right hip replaced. Following her surgery, Dorothy and Morgan worked together on bed exercises to strengthen Dorothy\u2019s legs and bring a full range of motion to her hips. But, the following year, Dorothy learned she\u2019d needed a left hip replacement and after the surgery Dorothy was told by doctors that her walking again would be an \u201cunrealistic goal.\u201d&nbsp;<\/p>\n\n\n\n<p>Not one to be limited by other\u2019s expectations of her, Dorothy set her mind to walking again and began a six-month rehabilitation process.&nbsp;&nbsp;<\/p>\n\n\n\n<p>\u201cAfter this prognosis, I was angry, and I felt no one would listen to me,\u201d Dorothy shared. \u201cMorgan went through all the exercises with me. She listened to what I wanted and what I had to say. She played an important role in my recovery and gave me courage and hope I needed.\u201d&nbsp;<\/p>\n\n\n\n<p>Morgan was with Dorothy\u2019s care from the beginning, from occupational therapy visits for Dorothy\u2019s wheelchair seating, to physiotherapy visits for her hips and her shoulders, to and mobility assessments and pre- and post- surgery support.&nbsp;<\/p>\n\n\n\n<p>&nbsp;\u201cI applied my nursing skills and restorative care skills a lot throughout her recovery experience,\u201d said Morgan. \u201cMy knowledge and help from our close-knit care team guided us greatly in knowing Dorothy\u2019s limitations. Knowing when she had met the benchmarks to move on to a harder skill or exercise. Knowing when to push a little harder, but also knowing when to pause.\u201d&nbsp;<\/p>\n\n\n\n<p>Dorothy\u2019s rehab progress started with daily bed exercises to achieve range of motion, such as sitting up in bed, and progressing to standing exercises that started to lead to small steps.&nbsp;&nbsp;<\/p>\n\n\n\n<p>Now, after just six months, Dorothy&#8217;s mobility has greatly improved, and she uses a walking aide.&nbsp;&nbsp;<\/p>\n\n\n\n<p>\u201cNot only is she taking more than a few steps, but she is doing laps of the hallways and showing everyone that if your heart and mind is in it, you can do the unthinkable,\u201d said Morgan.&nbsp;<\/p>\n\n\n\n<p>Dorothy became a symbol of extraordinary resilience and perseverance for the other residents of Neill Hall, who, inspired by Dorothy, now dare to challenge their own perceived limitations.&nbsp;&nbsp;<\/p>\n\n\n\n<p>\u201cI saw another resident being walked at lunch and that made me so happy to see another person getting the help I received,\u201d said Dorothy.&nbsp;<\/p>\n<\/div>\n\n\n\n<div class=\"wp-block-column is-layout-flow wp-block-column-is-layout-flow\">\n<figure class=\"wp-block-image size-large\"><img decoding=\"async\" width=\"1024\" height=\"809\" src=\"https:\/\/shannex.com\/wp-content\/uploads\/2023\/11\/LC_Dorothy_Rehab_NeillHall-1024x809.jpg\" alt=\"\" class=\"wp-image-21121\" srcset=\"https:\/\/shannex.com\/wp-content\/uploads\/2023\/11\/LC_Dorothy_Rehab_NeillHall-1024x809.jpg 1024w, https:\/\/shannex.com\/wp-content\/uploads\/2023\/11\/LC_Dorothy_Rehab_NeillHall-300x237.jpg 300w, https:\/\/shannex.com\/wp-content\/uploads\/2023\/11\/LC_Dorothy_Rehab_NeillHall-768x607.jpg 768w, https:\/\/shannex.com\/wp-content\/uploads\/2023\/11\/LC_Dorothy_Rehab_NeillHall.jpg 1512w\" sizes=\"(max-width: 1024px) 100vw, 1024px\" \/><figcaption class=\"wp-element-caption\"><em>Morgan Lambert and&nbsp;Dorothy&nbsp;MacKeracher&nbsp;<\/em><\/figcaption><\/figure>\n\n\n\n<figure class=\"wp-block-image size-large\"><img decoding=\"async\" width=\"1024\" height=\"710\" src=\"https:\/\/shannex.com\/wp-content\/uploads\/2023\/11\/LS_Dorothy_Rehab_NeillHall_2-1-1024x710.jpg\" alt=\"\" class=\"wp-image-21123\" srcset=\"https:\/\/shannex.com\/wp-content\/uploads\/2023\/11\/LS_Dorothy_Rehab_NeillHall_2-1-1024x710.jpg 1024w, https:\/\/shannex.com\/wp-content\/uploads\/2023\/11\/LS_Dorothy_Rehab_NeillHall_2-1-300x208.jpg 300w, https:\/\/shannex.com\/wp-content\/uploads\/2023\/11\/LS_Dorothy_Rehab_NeillHall_2-1-768x533.jpg 768w, https:\/\/shannex.com\/wp-content\/uploads\/2023\/11\/LS_Dorothy_Rehab_NeillHall_2-1.jpg 1512w\" sizes=\"(max-width: 1024px) 100vw, 1024px\" \/><figcaption class=\"wp-element-caption\"><em>Jerome Cruz, Morgan Lambert,&nbsp;Dorothy&nbsp;MacKeracher, Vickie Fulton(kneeling) Marjorie Taylor<\/em><\/figcaption><\/figure>\n<\/div>\n<\/div>\n \n                            <\/div>\n                        <\/div>\n                    <\/article>\n                <\/div>\n                            <div>\n                    <article>\n                        <div class=\"row\">\n                            <div class=\"col-xs-12 col-lg-10 offset-lg-1 text-center\">\n                                <h1>Nia&#8217;s Melody at Parkland on the Glen <\/h1>\n                                                                <h5>21 f\u00e9vrier 2024<\/h5> \n                                                            <\/div>\n                        <\/div>\n                        <div class=\"row\">\n                            <div class=\"col-xs-12 col-lg-10 offset-lg-1\">\n                                \n<div class=\"wp-block-columns is-layout-flex wp-container-core-columns-is-layout-28f84493 wp-block-columns-is-layout-flex\">\n<div class=\"wp-block-column is-layout-flow wp-block-column-is-layout-flow\"><\/div>\n<\/div>\n\n\n\n<div class=\"wp-block-columns is-layout-flex wp-container-core-columns-is-layout-28f84493 wp-block-columns-is-layout-flex\">\n<div class=\"wp-block-column is-layout-flow wp-block-column-is-layout-flow\">\n<figure class=\"wp-block-image size-full\"><img decoding=\"async\" width=\"1560\" height=\"1733\" src=\"https:\/\/shannex.com\/wp-content\/uploads\/2024\/02\/Ninas_Melody-edited-1-rotated.jpeg\" alt=\"\" class=\"wp-image-22836\" srcset=\"https:\/\/shannex.com\/wp-content\/uploads\/2024\/02\/Ninas_Melody-edited-1-rotated.jpeg 1560w, https:\/\/shannex.com\/wp-content\/uploads\/2024\/02\/Ninas_Melody-edited-1-270x300.jpeg 270w, https:\/\/shannex.com\/wp-content\/uploads\/2024\/02\/Ninas_Melody-edited-1-922x1024.jpeg 922w, https:\/\/shannex.com\/wp-content\/uploads\/2024\/02\/Ninas_Melody-edited-1-768x853.jpeg 768w, https:\/\/shannex.com\/wp-content\/uploads\/2024\/02\/Ninas_Melody-edited-1-1383x1536.jpeg 1383w\" sizes=\"(max-width: 1560px) 100vw, 1560px\" \/><figcaption class=\"wp-element-caption\"><em>Nia, daughter of Workforce Coordinator, Kimone White at Parkland on the Glen<\/em><\/figcaption><\/figure>\n<\/div>\n\n\n\n<div class=\"wp-block-column is-vertically-aligned-center is-layout-flow wp-block-column-is-layout-flow\">\n<h4 class=\"wp-block-heading\"><strong>Bring Your Kid To Work Day<\/strong><\/h4>\n\n\n\n<p class=\"has-medium-font-size\">On &#8220;Take Our Kids to Work&#8221; Day, Nia White, daughter of Parkland on the Glen&#8217;s Workforce Coordinator Kimone White, joined their team of Great People.<\/p>\n\n\n\n<p class=\"has-medium-font-size\">Each month, this Parkland community visits the South Common Community Centre. Nia was the surprise guest for the November visit and serenaded the Credit Valley Seniors Group with a rendition of O&#8217; Canada. Her presence bridged generations and created a lasting memory.<\/p>\n\n\n\n<p>Explore <a href=\"https:\/\/experienceparkland.com\/en\/locations\/parkland-on-the-glen\/\">Parkland on the Glen<\/a><\/p>\n\n\n\n<div class=\"wp-block-columns is-layout-flex wp-container-core-columns-is-layout-28f84493 wp-block-columns-is-layout-flex\">\n<div class=\"wp-block-column is-layout-flow wp-block-column-is-layout-flow\"><\/div>\n<\/div>\n<\/div>\n<\/div>\n\n\n\n<div class=\"wp-block-columns is-layout-flex wp-container-core-columns-is-layout-28f84493 wp-block-columns-is-layout-flex\">\n<div class=\"wp-block-column is-layout-flow wp-block-column-is-layout-flow\"><\/div>\n<\/div>\n\n\n\n<div class=\"wp-block-columns is-layout-flex wp-container-core-columns-is-layout-28f84493 wp-block-columns-is-layout-flex\">\n<div class=\"wp-block-column is-layout-flow wp-block-column-is-layout-flow\"><\/div>\n\n\n\n<div class=\"wp-block-column is-layout-flow wp-block-column-is-layout-flow\"><\/div>\n<\/div>\n\n\n\n<p>.<\/p>\n \n                            <\/div>\n                        <\/div>\n                    <\/article>\n                <\/div>\n                            <div>\n                    <article>\n                        <div class=\"row\">\n                            <div class=\"col-xs-12 col-lg-10 offset-lg-1 text-center\">\n                                <h1>Green Energy <\/h1>\n                                                                <h5>21 f\u00e9vrier 2024<\/h5> \n                                                            <\/div>\n                        <\/div>\n                        <div class=\"row\">\n                            <div class=\"col-xs-12 col-lg-10 offset-lg-1\">\n                                \n<div class=\"wp-block-columns is-layout-flex wp-container-core-columns-is-layout-28f84493 wp-block-columns-is-layout-flex\">\n<div class=\"wp-block-column is-layout-flow wp-block-column-is-layout-flow\"><\/div>\n<\/div>\n\n\n\n<div class=\"wp-block-columns is-layout-flex wp-container-core-columns-is-layout-28f84493 wp-block-columns-is-layout-flex\">\n<div class=\"wp-block-column is-vertically-aligned-center is-layout-flow wp-block-column-is-layout-flow\">\n<p>Shannex is approaching the one-year mark of being Canada&#8217;s first seniors&#8217; living organization to achieve ISO 50001 certification. The management and maintenance teams have been instrumental in our journey to improve energy efficiency.When team members and residents work together, we can take action that makes a difference in our communities.Energy efficiency tips that you can take while staying warm over the winter:<\/p>\n\n\n\n<ul class=\"wp-block-list\">\n<li>Ensure that windows are closed<\/li>\n\n\n\n<li>Turn lights o in empty rooms<\/li>\n\n\n\n<li>Use natural light and warmth from the sun during peak hours of the day<\/li>\n\n\n\n<li>Close blinds to reduce heat loss through windows in the evenings<\/li>\n<\/ul>\n\n\n\n<p>Interested in making your community green? Reach out to your General Manager about joining your site&#8217;s Green Team!<\/p>\n\n\n\n<div style=\"height:40px\" aria-hidden=\"true\" class=\"wp-block-spacer\"><\/div>\n\n\n\n<hr class=\"wp-block-separator has-alpha-channel-opacity\"\/>\n\n\n\n<p>Learn how Shannex is committed to protecting the environment with an action plan that transforms the way we prioritize sustainability. <br><br>Strategic Direction: <a href=\"https:\/\/shannex.com\/strategicplan\/#Environmental-Stewardship\">Environmental Stewardship <\/a><\/p>\n<\/div>\n\n\n\n<div class=\"wp-block-column is-vertically-aligned-center is-layout-flow wp-block-column-is-layout-flow\">\n<p><\/p>\n\n\n\n<figure class=\"wp-block-image alignleft size-full\"><img decoding=\"async\" width=\"181\" height=\"181\" src=\"https:\/\/shannex.com\/wp-content\/uploads\/2022\/01\/green-ideas.png\" alt=\"\" class=\"wp-image-133\" srcset=\"https:\/\/shannex.com\/wp-content\/uploads\/2022\/01\/green-ideas.png 181w, https:\/\/shannex.com\/wp-content\/uploads\/2022\/01\/green-ideas-150x150.png 150w\" sizes=\"(max-width: 181px) 100vw, 181px\" \/><\/figure>\n<\/div>\n<\/div>\n \n                            <\/div>\n                        <\/div>\n                    <\/article>\n                <\/div>\n                            <div>\n                    <article>\n                        <div class=\"row\">\n                            <div class=\"col-xs-12 col-lg-10 offset-lg-1 text-center\">\n                                <h1>Meeting Community Needs <\/h1>\n                                                                <h5>21 f\u00e9vrier 2024<\/h5> \n                                                            <\/div>\n                        <\/div>\n                        <div class=\"row\">\n                            <div class=\"col-xs-12 col-lg-10 offset-lg-1\">\n                                \n<div class=\"wp-block-columns is-layout-flex wp-container-core-columns-is-layout-28f84493 wp-block-columns-is-layout-flex\">\n<div class=\"wp-block-column is-layout-flow wp-block-column-is-layout-flow\">\n<h4 class=\"wp-block-heading\"><\/h4>\n<\/div>\n<\/div>\n\n\n\n<div class=\"wp-block-columns is-layout-flex wp-container-core-columns-is-layout-28f84493 wp-block-columns-is-layout-flex\">\n<div class=\"wp-block-column is-layout-flow wp-block-column-is-layout-flow\">\n<figure class=\"wp-block-image size-full\"><img decoding=\"async\" width=\"1020\" height=\"580\" src=\"https:\/\/shannex.com\/wp-content\/uploads\/2024\/02\/ocean-hall-build.jpeg\" alt=\"\" class=\"wp-image-22349\" srcset=\"https:\/\/shannex.com\/wp-content\/uploads\/2024\/02\/ocean-hall-build.jpeg 1020w, https:\/\/shannex.com\/wp-content\/uploads\/2024\/02\/ocean-hall-build-300x171.jpeg 300w, https:\/\/shannex.com\/wp-content\/uploads\/2024\/02\/ocean-hall-build-768x437.jpeg 768w\" sizes=\"(max-width: 1020px) 100vw, 1020px\" \/><figcaption class=\"wp-element-caption\"><em>Ocean Hall and Gordon Hall<br><\/em><\/figcaption><\/figure>\n<\/div>\n\n\n\n<div class=\"wp-block-column is-vertically-aligned-center is-layout-flow wp-block-column-is-layout-flow\">\n<h4 class=\"wp-block-heading\">New nursing homes announced for New&nbsp;Brunswick and Nova Scotia<\/h4>\n\n\n\n<h5 class=\"wp-block-heading\">Ocean Hall and Gordon Hall<\/h5>\n\n\n\n<p>In November, the New Brunswick and Nova Scotia&nbsp;governments shared that Shannex was the successful&nbsp;proponent of building new nursing homes in both provinces.&nbsp;In New Brunswick, Shannex will build a 60-suite nursing home&nbsp;on the Station Yards development, connecting Ocean and&nbsp;Gordon halls through their innovative Main Street design. This&nbsp;nursing home is currently under construction.&nbsp;<\/p>\n\n\n\n<p>In Nova Scotia, two new communities of 144-suites each were\u00a0announced for Halifax, one adjacent to Caritas Residence and\u00a0the other next to the current nursing home under construction\u00a0in Bloomsbury.\u00a0Building and operating these new communities supports both\u00a0provinces in meeting the need for people who require long\u00a0term care<\/p>\n\n\n\n<div class=\"wp-block-columns is-layout-flex wp-container-core-columns-is-layout-28f84493 wp-block-columns-is-layout-flex\">\n<div class=\"wp-block-column is-layout-flow wp-block-column-is-layout-flow\"><\/div>\n<\/div>\n<\/div>\n<\/div>\n\n\n\n<div class=\"wp-block-columns is-layout-flex wp-container-core-columns-is-layout-28f84493 wp-block-columns-is-layout-flex\">\n<div class=\"wp-block-column is-layout-flow wp-block-column-is-layout-flow\"><\/div>\n<\/div>\n\n\n\n<div class=\"wp-block-columns is-layout-flex wp-container-core-columns-is-layout-28f84493 wp-block-columns-is-layout-flex\">\n<div class=\"wp-block-column is-layout-flow wp-block-column-is-layout-flow\"><\/div>\n\n\n\n<div class=\"wp-block-column is-layout-flow wp-block-column-is-layout-flow\"><\/div>\n<\/div>\n\n\n\n<p>.<\/p>\n \n                            <\/div>\n                        <\/div>\n                    <\/article>\n                <\/div>\n                            <div>\n                    <article>\n                        <div class=\"row\">\n                            <div class=\"col-xs-12 col-lg-10 offset-lg-1 text-center\">\n                                <h1>New Communities <\/h1>\n                                                                <h5>21 f\u00e9vrier 2024<\/h5> \n                                                            <\/div>\n                        <\/div>\n                        <div class=\"row\">\n                            <div class=\"col-xs-12 col-lg-10 offset-lg-1\">\n                                \n<div class=\"wp-block-columns is-layout-flex wp-container-core-columns-is-layout-28f84493 wp-block-columns-is-layout-flex\"><\/div>\n\n\n\n<div class=\"wp-block-columns is-layout-flex wp-container-core-columns-is-layout-28f84493 wp-block-columns-is-layout-flex\">\n<div class=\"wp-block-column is-layout-flow wp-block-column-is-layout-flow\">\n<figure class=\"wp-block-image size-full\"><img decoding=\"async\" width=\"1280\" height=\"720\" src=\"https:\/\/shannex.com\/wp-content\/uploads\/2024\/02\/london-hall-edited.jpg\" alt=\"\" class=\"wp-image-22583\" srcset=\"https:\/\/shannex.com\/wp-content\/uploads\/2024\/02\/london-hall-edited.jpg 1280w, https:\/\/shannex.com\/wp-content\/uploads\/2024\/02\/london-hall-edited-300x169.jpg 300w, https:\/\/shannex.com\/wp-content\/uploads\/2024\/02\/london-hall-edited-1024x576.jpg 1024w, https:\/\/shannex.com\/wp-content\/uploads\/2024\/02\/london-hall-edited-768x432.jpg 768w\" sizes=\"(max-width: 1280px) 100vw, 1280px\" \/><\/figure>\n\n\n\n<figure class=\"wp-block-image size-full\"><img decoding=\"async\" width=\"2560\" height=\"1440\" src=\"https:\/\/shannex.com\/wp-content\/uploads\/2024\/02\/memory-care-residents-edited-scaled.jpg\" alt=\"\" class=\"wp-image-22585\" srcset=\"https:\/\/shannex.com\/wp-content\/uploads\/2024\/02\/memory-care-residents-edited-scaled.jpg 2560w, https:\/\/shannex.com\/wp-content\/uploads\/2024\/02\/memory-care-residents-edited-300x169.jpg 300w, https:\/\/shannex.com\/wp-content\/uploads\/2024\/02\/memory-care-residents-edited-1024x576.jpg 1024w, https:\/\/shannex.com\/wp-content\/uploads\/2024\/02\/memory-care-residents-edited-768x432.jpg 768w, https:\/\/shannex.com\/wp-content\/uploads\/2024\/02\/memory-care-residents-edited-1536x864.jpg 1536w, https:\/\/shannex.com\/wp-content\/uploads\/2024\/02\/memory-care-residents-edited-2048x1152.jpg 2048w\" sizes=\"(max-width: 2560px) 100vw, 2560px\" \/><figcaption class=\"wp-element-caption\"><em>Memory care residents at The Stratford enjoying their new space and Qi Gong\/Tai Chi<\/em><\/figcaption><\/figure>\n<\/div>\n\n\n\n<div class=\"wp-block-column is-vertically-aligned-center is-layout-flow wp-block-column-is-layout-flow\">\n<h4 class=\"wp-block-heading\">Welcome Home!<\/h4>\n\n\n\n<p class=\"has-medium-font-size\">November 15th, 2023, was an exciting day for 28 memory care\u00a0residents and their loved ones from Evan Hall at <a href=\"https:\/\/experienceparkland.com\/en\/locations\/parkland-clayton-park\/\">Parkland Clayton\u00a0Park<\/a>. <\/p>\n\n\n\n<p class=\"has-medium-font-size\">Beginning shortly after breakfast, residents, and Evan Hall&nbsp;team members made the move to their new home in The Stratford&nbsp;at Parkland West Bedford. Thanks to a well-planned and&nbsp;coordinated effort, the move went smoothly, and everyone has&nbsp;settled well into their new home. <\/p>\n\n\n\n<p class=\"has-medium-font-size\">The Stratford building at&nbsp;Parkland West Bedford is also home to London Hall, a new 20-suite&nbsp;licensed long term care community. The first residents began arriving&nbsp;on December 8th, 2023. The Evan Hall move made space to create 28 much-needed new&nbsp;provincially licensed long term care suites to support Nova&nbsp;Scotians who require this level of care. <\/p>\n\n\n\n<p class=\"has-medium-font-size\">The former Evan Hall has\u00a0now been renamed McNabs Court, a new neighbourhood that is\u00a0part of Parkstone Enhanced Care. It welcomed its first residents on\u00a0December 1st, a warm welcome home to all of our new residents.<\/p>\n\n\n\n<div class=\"wp-block-columns is-layout-flex wp-container-core-columns-is-layout-28f84493 wp-block-columns-is-layout-flex\">\n<div class=\"wp-block-column is-layout-flow wp-block-column-is-layout-flow\"><\/div>\n<\/div>\n<\/div>\n<\/div>\n\n\n\n<div class=\"wp-block-columns is-layout-flex wp-container-core-columns-is-layout-28f84493 wp-block-columns-is-layout-flex\">\n<div class=\"wp-block-column is-layout-flow wp-block-column-is-layout-flow\"><\/div>\n<\/div>\n\n\n\n<div class=\"wp-block-columns is-layout-flex wp-container-core-columns-is-layout-28f84493 wp-block-columns-is-layout-flex\">\n<div class=\"wp-block-column is-layout-flow wp-block-column-is-layout-flow\"><\/div>\n\n\n\n<div class=\"wp-block-column is-layout-flow wp-block-column-is-layout-flow\"><\/div>\n<\/div>\n\n\n\n<p>.<\/p>\n \n                            <\/div>\n                        <\/div>\n                    <\/article>\n                <\/div>\n                            <div>\n                    <article>\n                        <div class=\"row\">\n                            <div class=\"col-xs-12 col-lg-10 offset-lg-1 text-center\">\n                                <h1>Saving For Retirement <\/h1>\n                                                                <h5>21 f\u00e9vrier 2024<\/h5> \n                                                            <\/div>\n                        <\/div>\n                        <div class=\"row\">\n                            <div class=\"col-xs-12 col-lg-10 offset-lg-1\">\n                                \n<div style=\"height:45px\" aria-hidden=\"true\" class=\"wp-block-spacer\"><\/div>\n\n\n\n<div class=\"wp-block-columns is-layout-flex wp-container-core-columns-is-layout-28f84493 wp-block-columns-is-layout-flex\">\n<div class=\"wp-block-column is-layout-flow wp-block-column-is-layout-flow\">\n<figure class=\"wp-block-image size-full\"><img decoding=\"async\" width=\"1500\" height=\"975\" src=\"https:\/\/shannex.com\/wp-content\/uploads\/2024\/02\/GreatRewards_logo.png\" alt=\"\" class=\"wp-image-22443\" srcset=\"https:\/\/shannex.com\/wp-content\/uploads\/2024\/02\/GreatRewards_logo.png 1500w, https:\/\/shannex.com\/wp-content\/uploads\/2024\/02\/GreatRewards_logo-300x195.png 300w, https:\/\/shannex.com\/wp-content\/uploads\/2024\/02\/GreatRewards_logo-1024x666.png 1024w, https:\/\/shannex.com\/wp-content\/uploads\/2024\/02\/GreatRewards_logo-768x499.png 768w\" sizes=\"(max-width: 1500px) 100vw, 1500px\" \/><\/figure>\n<\/div>\n\n\n\n<div class=\"wp-block-column is-vertically-aligned-center is-layout-flow wp-block-column-is-layout-flow\">\n<p>It\u2019s never too early to start saving and&nbsp;financially planning for retirement!&nbsp;<\/p>\n\n\n\n<p>Shannex offers retirement savings&nbsp;programs for all team members who meet&nbsp;the minimum part-time eligibility&nbsp;requirement. Depending on your employee&nbsp;group, this may be a pension or group&nbsp;RRSP. When you enrol in the group RRSP or&nbsp;pension plan and contribute, Shannex also&nbsp;contributes to your account.&nbsp;<\/p>\n\n\n\n<p>Contributing to an employer pension or&nbsp;retirement savings plan (RSP) has many&nbsp;advantages:&nbsp;<\/p>\n\n\n\n<ul class=\"wp-block-list\">\n<li>The longer you invest, the more&nbsp;interest it can earn over time.&nbsp;<\/li>\n\n\n\n<li>Contributions are tax-free on your pay&nbsp;cheque; you pay tax when you&nbsp;withdraw the money during&nbsp;retirement.&nbsp;<\/li>\n\n\n\n<li>Group plans typically have lower fees&nbsp;for plan management, meaning more&nbsp;of your money stays in your account.<\/li>\n\n\n\n<li>Contributions to a retirement savings&nbsp;or pension plan reduce your taxable&nbsp;income, which may lower your overall&nbsp;taxation rate.&nbsp;<\/li>\n<\/ul>\n\n\n\n<p>Shannex also provides Tax-Free Savings&nbsp;Accounts (TFSA) and Voluntary Retirement&nbsp;Savings Plans (RSP) in addition to its&nbsp;employer-matched programs. Also,&nbsp;contributions to an RRSP are eligible for&nbsp;the Canada Revenue Agency\u2019s First Time&nbsp;Home-Buyer or Life-long Learning&nbsp;Program. For more information, contact&nbsp;the Great Rewards team at <a href=\"mailto:GreatRewards@shannex.com\" target=\"_blank\" rel=\"noreferrer noopener\">GreatRewards@shannex.com<\/a>.<\/p>\n\n\n\n<div class=\"wp-block-columns is-layout-flex wp-container-core-columns-is-layout-28f84493 wp-block-columns-is-layout-flex\">\n<div class=\"wp-block-column is-layout-flow wp-block-column-is-layout-flow\"><\/div>\n<\/div>\n<\/div>\n<\/div>\n\n\n\n<div class=\"wp-block-columns is-layout-flex wp-container-core-columns-is-layout-28f84493 wp-block-columns-is-layout-flex\">\n<div class=\"wp-block-column is-layout-flow wp-block-column-is-layout-flow\"><\/div>\n<\/div>\n\n\n\n<div class=\"wp-block-columns is-layout-flex wp-container-core-columns-is-layout-28f84493 wp-block-columns-is-layout-flex\">\n<div class=\"wp-block-column is-layout-flow wp-block-column-is-layout-flow\"><\/div>\n\n\n\n<div class=\"wp-block-column is-layout-flow wp-block-column-is-layout-flow\"><\/div>\n<\/div>\n\n\n\n<p>.<\/p>\n \n                            <\/div>\n                        <\/div>\n                    <\/article>\n                <\/div>\n                            <div>\n                    <article>\n                        <div class=\"row\">\n                            <div class=\"col-xs-12 col-lg-10 offset-lg-1 text-center\">\n                                <h1>Snapshots <\/h1>\n                                                                <h5>21 f\u00e9vrier 2024<\/h5> \n                                                            <\/div>\n                        <\/div>\n                        <div class=\"row\">\n                            <div class=\"col-xs-12 col-lg-10 offset-lg-1\">\n                                \n<div class=\"wp-block-columns is-layout-flex wp-container-core-columns-is-layout-28f84493 wp-block-columns-is-layout-flex\">\n<div class=\"wp-block-column is-layout-flow wp-block-column-is-layout-flow\">\n<div style=\"height:54px\" aria-hidden=\"true\" class=\"wp-block-spacer\"><\/div>\n<\/div>\n<\/div>\n\n\n\n<div class=\"wp-block-columns is-layout-flex wp-container-core-columns-is-layout-28f84493 wp-block-columns-is-layout-flex\">\n<div class=\"wp-block-column is-layout-flow wp-block-column-is-layout-flow\">\n<h4 class=\"wp-block-heading\">Sushi and Chopsticks<\/h4>\n\n\n\n<p>Executive Chef Darrell Cooling,\u00a0from <a href=\"https:\/\/experienceparkland.com\/en\/locations\/caritas-residence\/?_gl=1*1nplgre*_ga*MTMzNzIxMDY1Ny4xNzAwMDU3NzY1*_ga_QY6MYS05CC*MTcwOTIxMDk0Ny4xNTkuMS4xNzA5MjExOTc3LjYwLjAuMA..\">Caritas Residence<\/a>, NS,\u00a0held a sushi demonstration.\u00a0Residents tried new foods and\u00a0learned how to properly use\u00a0chopsticks.<br><\/p>\n\n\n\n<figure class=\"wp-block-image size-large\"><img decoding=\"async\" width=\"2560\" height=\"2560\" src=\"https:\/\/shannex.com\/wp-content\/uploads\/2024\/02\/Sushi-Demonstration-2-1-edited-2-scaled.jpg\" alt=\"\" class=\"wp-image-22597\" srcset=\"https:\/\/shannex.com\/wp-content\/uploads\/2024\/02\/Sushi-Demonstration-2-1-edited-2-scaled.jpg 2560w, https:\/\/shannex.com\/wp-content\/uploads\/2024\/02\/Sushi-Demonstration-2-1-edited-2-300x300.jpg 300w, https:\/\/shannex.com\/wp-content\/uploads\/2024\/02\/Sushi-Demonstration-2-1-edited-2-1024x1024.jpg 1024w, https:\/\/shannex.com\/wp-content\/uploads\/2024\/02\/Sushi-Demonstration-2-1-edited-2-150x150.jpg 150w, https:\/\/shannex.com\/wp-content\/uploads\/2024\/02\/Sushi-Demonstration-2-1-edited-2-768x768.jpg 768w, https:\/\/shannex.com\/wp-content\/uploads\/2024\/02\/Sushi-Demonstration-2-1-edited-2-1536x1536.jpg 1536w, https:\/\/shannex.com\/wp-content\/uploads\/2024\/02\/Sushi-Demonstration-2-1-edited-2-2048x2048.jpg 2048w\" sizes=\"(max-width: 2560px) 100vw, 2560px\" \/><\/figure>\n<\/div>\n\n\n\n<div class=\"wp-block-column is-layout-flow wp-block-column-is-layout-flow\">\n<h4 class=\"wp-block-heading\">Birthday Bash!<\/h4>\n\n\n\n<p>Residents Ann Roberts and\u00a0Brenda Phillips from <a href=\"https:\/\/experienceparkland.com\/en\/locations\/parkland-clayton-park\/\">Parkland\u00a0Clayton Park<\/a>, NS, celebrated\u00a0their birthdays together! Ann\u00a0turned 87 on November 11th\u00a0and Brenda turned 95 on\u00a0November 15th.<\/p>\n\n\n\n<figure class=\"wp-block-image size-large\"><img decoding=\"async\" width=\"2560\" height=\"2560\" src=\"https:\/\/shannex.com\/wp-content\/uploads\/2024\/02\/PCP-Birthday_Ann-Roberts-and-Brenda-Phillips-1-edited.jpeg\" alt=\"\" class=\"wp-image-22610\" srcset=\"https:\/\/shannex.com\/wp-content\/uploads\/2024\/02\/PCP-Birthday_Ann-Roberts-and-Brenda-Phillips-1-edited.jpeg 2560w, https:\/\/shannex.com\/wp-content\/uploads\/2024\/02\/PCP-Birthday_Ann-Roberts-and-Brenda-Phillips-1-edited-300x300.jpeg 300w, https:\/\/shannex.com\/wp-content\/uploads\/2024\/02\/PCP-Birthday_Ann-Roberts-and-Brenda-Phillips-1-edited-1024x1024.jpeg 1024w, https:\/\/shannex.com\/wp-content\/uploads\/2024\/02\/PCP-Birthday_Ann-Roberts-and-Brenda-Phillips-1-edited-150x150.jpeg 150w, https:\/\/shannex.com\/wp-content\/uploads\/2024\/02\/PCP-Birthday_Ann-Roberts-and-Brenda-Phillips-1-edited-768x768.jpeg 768w, https:\/\/shannex.com\/wp-content\/uploads\/2024\/02\/PCP-Birthday_Ann-Roberts-and-Brenda-Phillips-1-edited-1536x1536.jpeg 1536w, https:\/\/shannex.com\/wp-content\/uploads\/2024\/02\/PCP-Birthday_Ann-Roberts-and-Brenda-Phillips-1-edited-2048x2048.jpeg 2048w\" sizes=\"(max-width: 2560px) 100vw, 2560px\" \/><\/figure>\n<\/div>\n\n\n\n<div class=\"wp-block-column is-layout-flow wp-block-column-is-layout-flow\">\n<h4 class=\"wp-block-heading\">Work and Learn<\/h4>\n\n\n\n<p>Meet the first cohort of\u00a0students for the <a href=\"https:\/\/shannex.com\/new-career\/\">Work and\u00a0Learn<\/a> Personal Support Worker\u00a0program in Moncton, NB.<br><br><\/p>\n\n\n\n<figure class=\"wp-block-image size-large\"><img decoding=\"async\" width=\"1920\" height=\"1920\" src=\"https:\/\/shannex.com\/wp-content\/uploads\/2024\/02\/PSW-Work-and-Learn-1-edited.jpeg\" alt=\"\" class=\"wp-image-22614\" srcset=\"https:\/\/shannex.com\/wp-content\/uploads\/2024\/02\/PSW-Work-and-Learn-1-edited.jpeg 1920w, https:\/\/shannex.com\/wp-content\/uploads\/2024\/02\/PSW-Work-and-Learn-1-edited-300x300.jpeg 300w, https:\/\/shannex.com\/wp-content\/uploads\/2024\/02\/PSW-Work-and-Learn-1-edited-1024x1024.jpeg 1024w, https:\/\/shannex.com\/wp-content\/uploads\/2024\/02\/PSW-Work-and-Learn-1-edited-150x150.jpeg 150w, https:\/\/shannex.com\/wp-content\/uploads\/2024\/02\/PSW-Work-and-Learn-1-edited-768x768.jpeg 768w, https:\/\/shannex.com\/wp-content\/uploads\/2024\/02\/PSW-Work-and-Learn-1-edited-1536x1536.jpeg 1536w\" sizes=\"(max-width: 1920px) 100vw, 1920px\" \/><\/figure>\n<\/div>\n<\/div>\n\n\n\n<div style=\"height:40px\" aria-hidden=\"true\" class=\"wp-block-spacer\"><\/div>\n\n\n\n<div class=\"wp-block-columns is-layout-flex wp-container-core-columns-is-layout-28f84493 wp-block-columns-is-layout-flex\">\n<div class=\"wp-block-column is-layout-flow wp-block-column-is-layout-flow\">\n<h4 class=\"wp-block-heading\">Hometown Hockey<\/h4>\n\n\n\n<p><a href=\"https:\/\/shannex.com\/location\/arborstone-enhanced-care\/\">Arborstone Enhanced Care<\/a>, NS,\u00a0residents and team members\u00a0attended a Halifax Mooseheads\u00a0Hockey game in late\u00a0November. The excitement of\u00a0the game kept them warm,\u00a0along with their new Shannex\u00a0tuques and mittens.<\/p>\n\n\n\n<figure class=\"wp-block-image size-large\"><img decoding=\"async\" width=\"2560\" height=\"2560\" src=\"https:\/\/shannex.com\/wp-content\/uploads\/2024\/02\/Arborstone-at-Halifax-Mooseheads-1-edited-scaled.jpeg\" alt=\"\" class=\"wp-image-22618\" srcset=\"https:\/\/shannex.com\/wp-content\/uploads\/2024\/02\/Arborstone-at-Halifax-Mooseheads-1-edited-scaled.jpeg 2560w, https:\/\/shannex.com\/wp-content\/uploads\/2024\/02\/Arborstone-at-Halifax-Mooseheads-1-edited-300x300.jpeg 300w, https:\/\/shannex.com\/wp-content\/uploads\/2024\/02\/Arborstone-at-Halifax-Mooseheads-1-edited-1024x1024.jpeg 1024w, https:\/\/shannex.com\/wp-content\/uploads\/2024\/02\/Arborstone-at-Halifax-Mooseheads-1-edited-150x150.jpeg 150w, https:\/\/shannex.com\/wp-content\/uploads\/2024\/02\/Arborstone-at-Halifax-Mooseheads-1-edited-768x768.jpeg 768w, https:\/\/shannex.com\/wp-content\/uploads\/2024\/02\/Arborstone-at-Halifax-Mooseheads-1-edited-1536x1536.jpeg 1536w, https:\/\/shannex.com\/wp-content\/uploads\/2024\/02\/Arborstone-at-Halifax-Mooseheads-1-edited-2048x2048.jpeg 2048w\" sizes=\"(max-width: 2560px) 100vw, 2560px\" \/><\/figure>\n<\/div>\n\n\n\n<div class=\"wp-block-column is-layout-flow wp-block-column-is-layout-flow\">\n<h4 class=\"wp-block-heading\">Care Boxes for our troops<\/h4>\n\n\n\n<p>Residents and team members\u00a0from <a href=\"https:\/\/experienceparkland.com\/en\/locations\/parkland-cape-breton\/\">Parkland Cape Breton<\/a>,\u00a0NS, shipped out five care boxes\u00a0for troops who spent the\u00a0holidays in Latvia.<br><br><\/p>\n\n\n\n<figure class=\"wp-block-image size-large\"><img decoding=\"async\" width=\"1512\" height=\"1512\" src=\"https:\/\/shannex.com\/wp-content\/uploads\/2024\/02\/PCB-5-Care-boxes-edited.jpg\" alt=\"\" class=\"wp-image-22601\" srcset=\"https:\/\/shannex.com\/wp-content\/uploads\/2024\/02\/PCB-5-Care-boxes-edited.jpg 1512w, https:\/\/shannex.com\/wp-content\/uploads\/2024\/02\/PCB-5-Care-boxes-edited-300x300.jpg 300w, https:\/\/shannex.com\/wp-content\/uploads\/2024\/02\/PCB-5-Care-boxes-edited-1024x1024.jpg 1024w, https:\/\/shannex.com\/wp-content\/uploads\/2024\/02\/PCB-5-Care-boxes-edited-150x150.jpg 150w, https:\/\/shannex.com\/wp-content\/uploads\/2024\/02\/PCB-5-Care-boxes-edited-768x768.jpg 768w\" sizes=\"(max-width: 1512px) 100vw, 1512px\" \/><\/figure>\n<\/div>\n\n\n\n<div class=\"wp-block-column is-layout-flow wp-block-column-is-layout-flow\">\n<h4 class=\"wp-block-heading\">Ugly Sweater Day<\/h4>\n\n\n\n<p>Team members at Home Office&nbsp;celebrated the holidays with an&nbsp;ugly sweater day in December.<\/p>\n\n\n\n<p>  <br><\/p>\n\n\n\n<p><\/p>\n\n\n\n<figure class=\"wp-block-image size-large\"><img decoding=\"async\" width=\"2183\" height=\"2183\" src=\"https:\/\/shannex.com\/wp-content\/uploads\/2024\/02\/christmas-sweater-home-office-1-edited.jpeg\" alt=\"\" class=\"wp-image-22606\" srcset=\"https:\/\/shannex.com\/wp-content\/uploads\/2024\/02\/christmas-sweater-home-office-1-edited.jpeg 2183w, https:\/\/shannex.com\/wp-content\/uploads\/2024\/02\/christmas-sweater-home-office-1-edited-300x300.jpeg 300w, https:\/\/shannex.com\/wp-content\/uploads\/2024\/02\/christmas-sweater-home-office-1-edited-1024x1024.jpeg 1024w, https:\/\/shannex.com\/wp-content\/uploads\/2024\/02\/christmas-sweater-home-office-1-edited-150x150.jpeg 150w, https:\/\/shannex.com\/wp-content\/uploads\/2024\/02\/christmas-sweater-home-office-1-edited-768x768.jpeg 768w, https:\/\/shannex.com\/wp-content\/uploads\/2024\/02\/christmas-sweater-home-office-1-edited-1536x1536.jpeg 1536w, https:\/\/shannex.com\/wp-content\/uploads\/2024\/02\/christmas-sweater-home-office-1-edited-2048x2048.jpeg 2048w\" sizes=\"(max-width: 2183px) 100vw, 2183px\" \/><\/figure>\n<\/div>\n<\/div>\n\n\n\n<div style=\"height:50px\" aria-hidden=\"true\" class=\"wp-block-spacer\"><\/div>\n\n\n\n<div class=\"wp-block-columns is-layout-flex wp-container-core-columns-is-layout-28f84493 wp-block-columns-is-layout-flex\">\n<div class=\"wp-block-column is-layout-flow wp-block-column-is-layout-flow\">\n<h4 class=\"wp-block-heading\">A Nova Scotia Kitchen Party<\/h4>\n\n\n\n<p>There is nothing like a true\u00a0Nova Scotia kitchen party!\u00a0There were smiles for miles as\u00a0residents from <a href=\"https:\/\/experienceparkland.com\/en\/locations\/parkland-truro\/\">Parkland Truro<\/a>,\u00a0NS, enjoyed live\u00a0entertainment, fish cakes and\u00a0dancing.<\/p>\n\n\n\n<figure class=\"wp-block-image size-large\"><img decoding=\"async\" width=\"1024\" height=\"1024\" src=\"https:\/\/shannex.com\/wp-content\/uploads\/2024\/02\/NS-Kitchen-Party-1024x1024.jpg\" alt=\"\" class=\"wp-image-22341\" srcset=\"https:\/\/shannex.com\/wp-content\/uploads\/2024\/02\/NS-Kitchen-Party-1024x1024.jpg 1024w, https:\/\/shannex.com\/wp-content\/uploads\/2024\/02\/NS-Kitchen-Party-300x300.jpg 300w, https:\/\/shannex.com\/wp-content\/uploads\/2024\/02\/NS-Kitchen-Party-150x150.jpg 150w, https:\/\/shannex.com\/wp-content\/uploads\/2024\/02\/NS-Kitchen-Party-768x768.jpg 768w, https:\/\/shannex.com\/wp-content\/uploads\/2024\/02\/NS-Kitchen-Party-1536x1536.jpg 1536w, https:\/\/shannex.com\/wp-content\/uploads\/2024\/02\/NS-Kitchen-Party-2048x2048.jpg 2048w\" sizes=\"(max-width: 1024px) 100vw, 1024px\" \/><\/figure>\n\n\n\n<p>   <br><br><\/p>\n<\/div>\n\n\n\n<div class=\"wp-block-column is-layout-flow wp-block-column-is-layout-flow\">\n<h4 class=\"wp-block-heading\">Sharing Songs and Stories<\/h4>\n\n\n\n<p>Lakewood Heights students\u00a0and residents from <a href=\"https:\/\/shannex.com\/location\/tucker-hall\/\">Tucker Hall<\/a>,\u00a0NB, gathered to share stories\u00a0and songs.<br><br><\/p>\n\n\n\n<figure class=\"wp-block-image size-full\"><img decoding=\"async\" width=\"626\" height=\"626\" src=\"https:\/\/shannex.com\/wp-content\/uploads\/2024\/02\/Tucker-Hall-NB-songs-and-story-telling-edited.jpg\" alt=\"\" class=\"wp-image-22623\" srcset=\"https:\/\/shannex.com\/wp-content\/uploads\/2024\/02\/Tucker-Hall-NB-songs-and-story-telling-edited.jpg 626w, https:\/\/shannex.com\/wp-content\/uploads\/2024\/02\/Tucker-Hall-NB-songs-and-story-telling-edited-300x300.jpg 300w, https:\/\/shannex.com\/wp-content\/uploads\/2024\/02\/Tucker-Hall-NB-songs-and-story-telling-edited-150x150.jpg 150w\" sizes=\"(max-width: 626px) 100vw, 626px\" \/><\/figure>\n<\/div>\n\n\n\n<div class=\"wp-block-column is-layout-flow wp-block-column-is-layout-flow\">\n<h4 class=\"wp-block-heading\"><strong>Spreading Christmas Joy<\/strong><\/h4>\n\n\n\n<p><a href=\"https:\/\/shannex.com\/location\/debert-court\/\">Debert Court<\/a>, NS, joined the\u00a0Debert and Area Community\u00a0Association Christmas Parade\u00a0on December 10th. The team\u2019s\u00a0float won the 2023 Christmas\u00a0Spirit Award.<\/p>\n\n\n\n<figure class=\"wp-block-image size-large\"><img decoding=\"async\" width=\"960\" height=\"960\" src=\"https:\/\/shannex.com\/wp-content\/uploads\/2024\/02\/Debert-Court-Parade-edited.jpg\" alt=\"\" class=\"wp-image-22621\" srcset=\"https:\/\/shannex.com\/wp-content\/uploads\/2024\/02\/Debert-Court-Parade-edited.jpg 960w, https:\/\/shannex.com\/wp-content\/uploads\/2024\/02\/Debert-Court-Parade-edited-300x300.jpg 300w, https:\/\/shannex.com\/wp-content\/uploads\/2024\/02\/Debert-Court-Parade-edited-150x150.jpg 150w, https:\/\/shannex.com\/wp-content\/uploads\/2024\/02\/Debert-Court-Parade-edited-768x768.jpg 768w\" sizes=\"(max-width: 960px) 100vw, 960px\" \/><\/figure>\n\n\n\n<h4 class=\"wp-block-heading\"><br><\/h4>\n<\/div>\n<\/div>\n\n\n\n<div class=\"wp-block-columns is-layout-flex wp-container-core-columns-is-layout-28f84493 wp-block-columns-is-layout-flex\">\n<div class=\"wp-block-column is-layout-flow wp-block-column-is-layout-flow\">\n<h4 class=\"wp-block-heading\">A big Yeehaw on Country&nbsp;Western Night<\/h4>\n\n\n\n<p>The dance floor was alive with\u00a0cowboy boots and hats during\u00a0Country Western Night at\u00a0<a href=\"https:\/\/experienceparkland.com\/en\/locations\/parkland-ajax\/\">Parkland Ajax<\/a>, ON.<br><br><\/p>\n\n\n\n<figure class=\"wp-block-image size-large\"><img decoding=\"async\" width=\"2448\" height=\"2448\" src=\"https:\/\/shannex.com\/wp-content\/uploads\/2024\/02\/cowboy-edited.jpeg\" alt=\"\" class=\"wp-image-22629\" srcset=\"https:\/\/shannex.com\/wp-content\/uploads\/2024\/02\/cowboy-edited.jpeg 2448w, https:\/\/shannex.com\/wp-content\/uploads\/2024\/02\/cowboy-edited-300x300.jpeg 300w, https:\/\/shannex.com\/wp-content\/uploads\/2024\/02\/cowboy-edited-1024x1024.jpeg 1024w, https:\/\/shannex.com\/wp-content\/uploads\/2024\/02\/cowboy-edited-150x150.jpeg 150w, https:\/\/shannex.com\/wp-content\/uploads\/2024\/02\/cowboy-edited-768x768.jpeg 768w, https:\/\/shannex.com\/wp-content\/uploads\/2024\/02\/cowboy-edited-1536x1536.jpeg 1536w, https:\/\/shannex.com\/wp-content\/uploads\/2024\/02\/cowboy-edited-2048x2048.jpeg 2048w\" sizes=\"(max-width: 2448px) 100vw, 2448px\" \/><\/figure>\n\n\n\n<div style=\"height:50px\" aria-hidden=\"true\" class=\"wp-block-spacer\"><\/div>\n<\/div>\n\n\n\n<div class=\"wp-block-column is-layout-flow wp-block-column-is-layout-flow\">\n<h4 class=\"wp-block-heading\">Cruising around Pavillon&nbsp;Richard<\/h4>\n\n\n\n<p>Resident Brian Martin enjoying\u00a0a ride around <a href=\"https:\/\/shannex.com\/location\/pavillon-richard\/\">Pavillon Richard<\/a>\u00a0in Moncton, NB.<br><br><br><\/p>\n\n\n\n<figure class=\"wp-block-image size-full\"><img decoding=\"async\" width=\"646\" height=\"646\" src=\"https:\/\/shannex.com\/wp-content\/uploads\/2024\/02\/Brain-Martin-edited.png\" alt=\"\" class=\"wp-image-22627\" srcset=\"https:\/\/shannex.com\/wp-content\/uploads\/2024\/02\/Brain-Martin-edited.png 646w, https:\/\/shannex.com\/wp-content\/uploads\/2024\/02\/Brain-Martin-edited-300x300.png 300w, https:\/\/shannex.com\/wp-content\/uploads\/2024\/02\/Brain-Martin-edited-150x150.png 150w\" sizes=\"(max-width: 646px) 100vw, 646px\" \/><\/figure>\n<\/div>\n\n\n\n<div class=\"wp-block-column is-layout-flow wp-block-column-is-layout-flow\">\n<h4 class=\"wp-block-heading\">Spreading Christmas Joy<\/h4>\n\n\n\n<p><a href=\"https:\/\/shannex.com\/location\/debert-court\/\">Debert Court<\/a>, NS, joined the\u00a0Debert and Area Community\u00a0Association Christmas Parade\u00a0on December 10th. The team\u2019s\u00a0float won the 2023 Christmas\u00a0Spirit Award.<\/p>\n\n\n\n<figure class=\"wp-block-image size-large\"><img decoding=\"async\" width=\"2560\" height=\"2560\" src=\"https:\/\/shannex.com\/wp-content\/uploads\/2024\/02\/New-Years-24-edited-scaled.jpg\" alt=\"\" class=\"wp-image-22625\" srcset=\"https:\/\/shannex.com\/wp-content\/uploads\/2024\/02\/New-Years-24-edited-scaled.jpg 2560w, https:\/\/shannex.com\/wp-content\/uploads\/2024\/02\/New-Years-24-edited-300x300.jpg 300w, https:\/\/shannex.com\/wp-content\/uploads\/2024\/02\/New-Years-24-edited-1024x1024.jpg 1024w, https:\/\/shannex.com\/wp-content\/uploads\/2024\/02\/New-Years-24-edited-150x150.jpg 150w, https:\/\/shannex.com\/wp-content\/uploads\/2024\/02\/New-Years-24-edited-768x768.jpg 768w, https:\/\/shannex.com\/wp-content\/uploads\/2024\/02\/New-Years-24-edited-1536x1536.jpg 1536w, https:\/\/shannex.com\/wp-content\/uploads\/2024\/02\/New-Years-24-edited-2048x2048.jpg 2048w\" sizes=\"(max-width: 2560px) 100vw, 2560px\" \/><\/figure>\n<\/div>\n<\/div>\n\n\n\n<div style=\"height:37px\" aria-hidden=\"true\" class=\"wp-block-spacer\"><\/div>\n \n                            <\/div>\n                        <\/div>\n                    <\/article>\n                <\/div>\n                    <\/div>\n    <\/div>\n\n    <div class=\"slider-nav-posts\">\n        <button type=\"button\" class=\"slick-prev\"><span class=\"sr-only\">Pr\u00e9c\u00e9dent<\/span><i class=\"fas fa-chevron-left\"><\/i><\/button>\n        <div class=\"slider-dots\"><\/div>\n        <button type=\"button\" class=\"slick-next\"><span class=\"sr-only\">Suivant<\/span><i class=\"fas fa-chevron-right\"><\/i><\/button>\n    <\/div>\n<\/div>","protected":false},"excerpt":{"rendered":"","protected":false},"author":24,"featured_media":22845,"parent":15657,"menu_order":0,"comment_status":"closed","ping_status":"closed","template":"","meta":{"_acf_changed":false,"inline_featured_image":false,"footnotes":""},"class_list":["post-22477","page","type-page","status-publish","has-post-thumbnail","hentry"],"acf":[],"yoast_head":"<!-- This site is optimized with the Yoast SEO plugin v27.3 - https:\/\/yoast.com\/product\/yoast-seo-wordpress\/ -->\n<title>Shannex - Connections Magazine<\/title>\n<meta name=\"description\" content=\"View all the issues of Connections, the Shannex community magazine.\" \/>\n<meta name=\"robots\" content=\"index, follow, max-snippet:-1, max-image-preview:large, max-video-preview:-1\" \/>\n<link rel=\"canonical\" href=\"https:\/\/shannex.com\/fr\/news\/connections-magazine\/connections-magazine\/connections-magazine-2024\/\" \/>\n<meta property=\"og:locale\" content=\"fr_FR\" \/>\n<meta property=\"og:type\" content=\"article\" \/>\n<meta property=\"og:title\" content=\"Shannex - Connections Magazine\" \/>\n<meta property=\"og:description\" content=\"View all the issues of Connections, the Shannex community magazine.\" \/>\n<meta property=\"og:url\" content=\"https:\/\/shannex.com\/fr\/news\/connections-magazine\/connections-magazine\/connections-magazine-2024\/\" \/>\n<meta property=\"og:site_name\" content=\"Shannex\" \/>\n<meta property=\"article:modified_time\" content=\"2024-02-29T13:27:29+00:00\" \/>\n<meta property=\"og:image\" content=\"https:\/\/shannex.com\/wp-content\/uploads\/2024\/02\/Connections-Cover-232x300-1-1.jpg\" \/>\n\t<meta property=\"og:image:width\" content=\"232\" \/>\n\t<meta property=\"og:image:height\" content=\"300\" \/>\n\t<meta property=\"og:image:type\" content=\"image\/jpeg\" \/>\n<meta name=\"twitter:card\" content=\"summary_large_image\" \/>\n<meta name=\"twitter:label1\" content=\"Dur\u00e9e de lecture estim\u00e9e\" \/>\n\t<meta name=\"twitter:data1\" content=\"1 minute\" \/>\n<script type=\"application\/ld+json\" class=\"yoast-schema-graph\">{\"@context\":\"https:\\\/\\\/schema.org\",\"@graph\":[{\"@type\":\"WebPage\",\"@id\":\"https:\\\/\\\/shannex.com\\\/fr\\\/news\\\/connections-magazine\\\/connections-magazine\\\/connections-magazine-2024\\\/\",\"url\":\"https:\\\/\\\/shannex.com\\\/fr\\\/news\\\/connections-magazine\\\/connections-magazine\\\/connections-magazine-2024\\\/\",\"name\":\"Shannex - Connections Magazine\",\"isPartOf\":{\"@id\":\"https:\\\/\\\/shannex.com\\\/fr\\\/#website\"},\"primaryImageOfPage\":{\"@id\":\"https:\\\/\\\/shannex.com\\\/fr\\\/news\\\/connections-magazine\\\/connections-magazine\\\/connections-magazine-2024\\\/#primaryimage\"},\"image\":{\"@id\":\"https:\\\/\\\/shannex.com\\\/fr\\\/news\\\/connections-magazine\\\/connections-magazine\\\/connections-magazine-2024\\\/#primaryimage\"},\"thumbnailUrl\":\"https:\\\/\\\/shannex.com\\\/wp-content\\\/uploads\\\/2024\\\/02\\\/Connections-Cover-232x300-1-1.jpg\",\"datePublished\":\"2024-02-29T13:08:45+00:00\",\"dateModified\":\"2024-02-29T13:27:29+00:00\",\"description\":\"View all the issues of Connections, the Shannex community magazine.\",\"breadcrumb\":{\"@id\":\"https:\\\/\\\/shannex.com\\\/fr\\\/news\\\/connections-magazine\\\/connections-magazine\\\/connections-magazine-2024\\\/#breadcrumb\"},\"inLanguage\":\"fr-FR\",\"potentialAction\":[{\"@type\":\"ReadAction\",\"target\":[\"https:\\\/\\\/shannex.com\\\/fr\\\/news\\\/connections-magazine\\\/connections-magazine\\\/connections-magazine-2024\\\/\"]}]},{\"@type\":\"ImageObject\",\"inLanguage\":\"fr-FR\",\"@id\":\"https:\\\/\\\/shannex.com\\\/fr\\\/news\\\/connections-magazine\\\/connections-magazine\\\/connections-magazine-2024\\\/#primaryimage\",\"url\":\"https:\\\/\\\/shannex.com\\\/wp-content\\\/uploads\\\/2024\\\/02\\\/Connections-Cover-232x300-1-1.jpg\",\"contentUrl\":\"https:\\\/\\\/shannex.com\\\/wp-content\\\/uploads\\\/2024\\\/02\\\/Connections-Cover-232x300-1-1.jpg\",\"width\":232,\"height\":300},{\"@type\":\"BreadcrumbList\",\"@id\":\"https:\\\/\\\/shannex.com\\\/fr\\\/news\\\/connections-magazine\\\/connections-magazine\\\/connections-magazine-2024\\\/#breadcrumb\",\"itemListElement\":[{\"@type\":\"ListItem\",\"position\":1,\"name\":\"News\",\"item\":\"https:\\\/\\\/shannex.com\\\/fr\\\/news\\\/\"},{\"@type\":\"ListItem\",\"position\":2,\"name\":\"Connections Magazine\",\"item\":\"https:\\\/\\\/shannex.com\\\/fr\\\/news\\\/connections-magazine\\\/\"},{\"@type\":\"ListItem\",\"position\":3,\"name\":\"Connections Magazine\",\"item\":\"https:\\\/\\\/shannex.com\\\/fr\\\/news\\\/connections-magazine\\\/connections-magazine\\\/\"},{\"@type\":\"ListItem\",\"position\":4,\"name\":\"Connections Magazine\"}]},{\"@type\":\"WebSite\",\"@id\":\"https:\\\/\\\/shannex.com\\\/fr\\\/#website\",\"url\":\"https:\\\/\\\/shannex.com\\\/fr\\\/\",\"name\":\"Shannex\",\"description\":\"\",\"publisher\":{\"@id\":\"https:\\\/\\\/shannex.com\\\/fr\\\/#organization\"},\"potentialAction\":[{\"@type\":\"SearchAction\",\"target\":{\"@type\":\"EntryPoint\",\"urlTemplate\":\"https:\\\/\\\/shannex.com\\\/fr\\\/?s={search_term_string}\"},\"query-input\":{\"@type\":\"PropertyValueSpecification\",\"valueRequired\":true,\"valueName\":\"search_term_string\"}}],\"inLanguage\":\"fr-FR\"},{\"@type\":\"Organization\",\"@id\":\"https:\\\/\\\/shannex.com\\\/fr\\\/#organization\",\"name\":\"Shannex\",\"url\":\"https:\\\/\\\/shannex.com\\\/fr\\\/\",\"logo\":{\"@type\":\"ImageObject\",\"inLanguage\":\"fr-FR\",\"@id\":\"https:\\\/\\\/shannex.com\\\/fr\\\/#\\\/schema\\\/logo\\\/image\\\/\",\"url\":\"https:\\\/\\\/shannex.com\\\/wp-content\\\/uploads\\\/2022\\\/01\\\/shannex-logo.svg\",\"contentUrl\":\"https:\\\/\\\/shannex.com\\\/wp-content\\\/uploads\\\/2022\\\/01\\\/shannex-logo.svg\",\"width\":486,\"height\":91,\"caption\":\"Shannex\"},\"image\":{\"@id\":\"https:\\\/\\\/shannex.com\\\/fr\\\/#\\\/schema\\\/logo\\\/image\\\/\"}}]}<\/script>\n<!-- \/ Yoast SEO plugin. -->","yoast_head_json":{"title":"Shannex - Connections Magazine","description":"View all the issues of Connections, the Shannex community magazine.","robots":{"index":"index","follow":"follow","max-snippet":"max-snippet:-1","max-image-preview":"max-image-preview:large","max-video-preview":"max-video-preview:-1"},"canonical":"https:\/\/shannex.com\/fr\/news\/connections-magazine\/connections-magazine\/connections-magazine-2024\/","og_locale":"fr_FR","og_type":"article","og_title":"Shannex - Connections Magazine","og_description":"View all the issues of Connections, the Shannex community magazine.","og_url":"https:\/\/shannex.com\/fr\/news\/connections-magazine\/connections-magazine\/connections-magazine-2024\/","og_site_name":"Shannex","article_modified_time":"2024-02-29T13:27:29+00:00","og_image":[{"width":232,"height":300,"url":"https:\/\/shannex.com\/wp-content\/uploads\/2024\/02\/Connections-Cover-232x300-1-1.jpg","type":"image\/jpeg"}],"twitter_card":"summary_large_image","twitter_misc":{"Dur\u00e9e de lecture estim\u00e9e":"1 minute"},"schema":{"@context":"https:\/\/schema.org","@graph":[{"@type":"WebPage","@id":"https:\/\/shannex.com\/fr\/news\/connections-magazine\/connections-magazine\/connections-magazine-2024\/","url":"https:\/\/shannex.com\/fr\/news\/connections-magazine\/connections-magazine\/connections-magazine-2024\/","name":"Shannex - Connections Magazine","isPartOf":{"@id":"https:\/\/shannex.com\/fr\/#website"},"primaryImageOfPage":{"@id":"https:\/\/shannex.com\/fr\/news\/connections-magazine\/connections-magazine\/connections-magazine-2024\/#primaryimage"},"image":{"@id":"https:\/\/shannex.com\/fr\/news\/connections-magazine\/connections-magazine\/connections-magazine-2024\/#primaryimage"},"thumbnailUrl":"https:\/\/shannex.com\/wp-content\/uploads\/2024\/02\/Connections-Cover-232x300-1-1.jpg","datePublished":"2024-02-29T13:08:45+00:00","dateModified":"2024-02-29T13:27:29+00:00","description":"View all the issues of Connections, the Shannex community magazine.","breadcrumb":{"@id":"https:\/\/shannex.com\/fr\/news\/connections-magazine\/connections-magazine\/connections-magazine-2024\/#breadcrumb"},"inLanguage":"fr-FR","potentialAction":[{"@type":"ReadAction","target":["https:\/\/shannex.com\/fr\/news\/connections-magazine\/connections-magazine\/connections-magazine-2024\/"]}]},{"@type":"ImageObject","inLanguage":"fr-FR","@id":"https:\/\/shannex.com\/fr\/news\/connections-magazine\/connections-magazine\/connections-magazine-2024\/#primaryimage","url":"https:\/\/shannex.com\/wp-content\/uploads\/2024\/02\/Connections-Cover-232x300-1-1.jpg","contentUrl":"https:\/\/shannex.com\/wp-content\/uploads\/2024\/02\/Connections-Cover-232x300-1-1.jpg","width":232,"height":300},{"@type":"BreadcrumbList","@id":"https:\/\/shannex.com\/fr\/news\/connections-magazine\/connections-magazine\/connections-magazine-2024\/#breadcrumb","itemListElement":[{"@type":"ListItem","position":1,"name":"News","item":"https:\/\/shannex.com\/fr\/news\/"},{"@type":"ListItem","position":2,"name":"Connections Magazine","item":"https:\/\/shannex.com\/fr\/news\/connections-magazine\/"},{"@type":"ListItem","position":3,"name":"Connections Magazine","item":"https:\/\/shannex.com\/fr\/news\/connections-magazine\/connections-magazine\/"},{"@type":"ListItem","position":4,"name":"Connections Magazine"}]},{"@type":"WebSite","@id":"https:\/\/shannex.com\/fr\/#website","url":"https:\/\/shannex.com\/fr\/","name":"Shannex","description":"","publisher":{"@id":"https:\/\/shannex.com\/fr\/#organization"},"potentialAction":[{"@type":"SearchAction","target":{"@type":"EntryPoint","urlTemplate":"https:\/\/shannex.com\/fr\/?s={search_term_string}"},"query-input":{"@type":"PropertyValueSpecification","valueRequired":true,"valueName":"search_term_string"}}],"inLanguage":"fr-FR"},{"@type":"Organization","@id":"https:\/\/shannex.com\/fr\/#organization","name":"Shannex","url":"https:\/\/shannex.com\/fr\/","logo":{"@type":"ImageObject","inLanguage":"fr-FR","@id":"https:\/\/shannex.com\/fr\/#\/schema\/logo\/image\/","url":"https:\/\/shannex.com\/wp-content\/uploads\/2022\/01\/shannex-logo.svg","contentUrl":"https:\/\/shannex.com\/wp-content\/uploads\/2022\/01\/shannex-logo.svg","width":486,"height":91,"caption":"Shannex"},"image":{"@id":"https:\/\/shannex.com\/fr\/#\/schema\/logo\/image\/"}}]}},"_links":{"self":[{"href":"https:\/\/shannex.com\/fr\/wp-json\/wp\/v2\/pages\/22477","targetHints":{"allow":["GET"]}}],"collection":[{"href":"https:\/\/shannex.com\/fr\/wp-json\/wp\/v2\/pages"}],"about":[{"href":"https:\/\/shannex.com\/fr\/wp-json\/wp\/v2\/types\/page"}],"author":[{"embeddable":true,"href":"https:\/\/shannex.com\/fr\/wp-json\/wp\/v2\/users\/24"}],"replies":[{"embeddable":true,"href":"https:\/\/shannex.com\/fr\/wp-json\/wp\/v2\/comments?post=22477"}],"version-history":[{"count":0,"href":"https:\/\/shannex.com\/fr\/wp-json\/wp\/v2\/pages\/22477\/revisions"}],"up":[{"embeddable":true,"href":"https:\/\/shannex.com\/fr\/wp-json\/wp\/v2\/pages\/15657"}],"wp:featuredmedia":[{"embeddable":true,"href":"https:\/\/shannex.com\/fr\/wp-json\/wp\/v2\/media\/22845"}],"wp:attachment":[{"href":"https:\/\/shannex.com\/fr\/wp-json\/wp\/v2\/media?parent=22477"}],"curies":[{"name":"wp","href":"https:\/\/api.w.org\/{rel}","templated":true}]}}